{"id":461,"date":"2021-11-05T11:58:24","date_gmt":"2021-11-05T10:58:24","guid":{"rendered":"https:\/\/www.prixdeshivernales.be\/?page_id=461"},"modified":"2026-03-11T10:31:04","modified_gmt":"2026-03-11T09:31:04","slug":"partners","status":"publish","type":"page","link":"https:\/\/www.prixdeshivernales.be\/en\/partners\/","title":{"rendered":"Partners"},"content":{"rendered":"\n<p>Guidance, sharing, caring, education, excellence\u2026&nbsp;<strong>Prix des Hivernales<\/strong>&nbsp;primary mission is to support young talents in their training and enable them to realize their dream by offering them the best opportunities possible. This is only possible with the support of our generous partners, benefactors and sponsors.&nbsp;<\/p>\n\n\n\n<p>If you share our values, our vision, our project, if you would like to get involved in culture, education and youth, by offering a prize, a training course or even a scholarship, please contact us: <a href=\"mailto:info@prixdeshivernales.be\">info@prixdeshivernales.be<\/a>&nbsp;or +32 479 42 99 13<\/p>\n\n\n\n<div class=\"wp-block-group\"><div class=\"wp-block-group__inner-container is-layout-constrained wp-block-group-is-layout-constrained\">\n<h2 class=\"wp-block-heading\">2026<\/h2>\n\n\n\n<div class=\"wp-block-columns is-layout-flex wp-container-core-columns-is-layout-9d6595d7 wp-block-columns-is-layout-flex\">\n<div class=\"wp-block-column is-layout-flow wp-block-column-is-layout-flow\" style=\"flex-basis:33.33%\"><div class=\"wp-block-image\">\n<figure class=\"alignright size-full is-resized\"><a href=\"https:\/\/www.opinionpublic.be\/\" target=\"_blank\" rel=\"noopener\"><img loading=\"lazy\" decoding=\"async\" width=\"800\" height=\"385\" src=\"https:\/\/www.prixdeshivernales.be\/wp-content\/uploads\/sites\/2\/2024\/11\/Junior-Ballet-Project.jpg\" alt=\"\" class=\"wp-image-2205\" style=\"width:150px\" srcset=\"https:\/\/www.prixdeshivernales.be\/wp-content\/uploads\/sites\/2\/2024\/11\/Junior-Ballet-Project.jpg 800w, https:\/\/www.prixdeshivernales.be\/wp-content\/uploads\/sites\/2\/2024\/11\/Junior-Ballet-Project-500x241.jpg 500w, https:\/\/www.prixdeshivernales.be\/wp-content\/uploads\/sites\/2\/2024\/11\/Junior-Ballet-Project-768x370.jpg 768w\" sizes=\"auto, (max-width: 800px) 100vw, 800px\" \/><\/a><\/figure>\n<\/div><\/div>\n\n\n\n<div class=\"wp-block-column is-layout-flow wp-block-column-is-layout-flow\" style=\"flex-basis:66.66%\">\n<p>Sidonie Foss\u00e9, Artistic Director of&nbsp;<strong><a href=\"https:\/\/www.opinionpublic.be\/\" target=\"_blank\" rel=\"noreferrer noopener\">Compagnie Opinion Public<\/a><\/strong>, <br>will be pleased to offer a one-year scholarship with the <strong><a href=\"https:\/\/www.opinionpublic.be\/junior-ballet-project\" target=\"_blank\" rel=\"noreferrer noopener\">Junior Ballet Project<\/a><\/strong> for the year 2026-2027,&nbsp;and a one-week immersion internship.&nbsp;<\/p>\n<\/div>\n<\/div>\n\n\n\n<div class=\"wp-block-columns is-layout-flex wp-container-core-columns-is-layout-9d6595d7 wp-block-columns-is-layout-flex\">\n<div class=\"wp-block-column is-layout-flow wp-block-column-is-layout-flow\" style=\"flex-basis:33.33%\"><div class=\"wp-block-image\">\n<figure class=\"alignright size-full is-resized\"><a href=\"https:\/\/acostadancefoundation.org.uk\/\" target=\"_blank\" rel=\"noreferrer noopener\"><img loading=\"lazy\" decoding=\"async\" width=\"868\" height=\"329\" src=\"https:\/\/www.prixdeshivernales.be\/wp-content\/uploads\/sites\/2\/2024\/12\/Acosta_DanceFoundation-new.png\" alt=\"\" class=\"wp-image-2243\" style=\"width:150px\" srcset=\"https:\/\/www.prixdeshivernales.be\/wp-content\/uploads\/sites\/2\/2024\/12\/Acosta_DanceFoundation-new.png 868w, https:\/\/www.prixdeshivernales.be\/wp-content\/uploads\/sites\/2\/2024\/12\/Acosta_DanceFoundation-new-500x190.png 500w, https:\/\/www.prixdeshivernales.be\/wp-content\/uploads\/sites\/2\/2024\/12\/Acosta_DanceFoundation-new-768x291.png 768w\" sizes=\"auto, (max-width: 868px) 100vw, 868px\" \/><\/a><\/figure>\n<\/div><\/div>\n\n\n\n<div class=\"wp-block-column is-layout-flow wp-block-column-is-layout-flow\" style=\"flex-basis:66.66%\">\n<p>The <strong><a href=\"https:\/\/acostadancefoundation.org.uk\/\" target=\"_blank\" rel=\"noreferrer noopener\">Acosta Dance Foundation<\/a><\/strong>&nbsp;will be pleased to offer a placement in the Acosta Advanced Training Hub (AATH) Program for the 2026\/27 season. The prizewinner will have the chance to experience this prestigious year-long pre-professional dance program.<\/p>\n<\/div>\n<\/div>\n\n\n\n<div class=\"wp-block-columns is-layout-flex wp-container-core-columns-is-layout-9d6595d7 wp-block-columns-is-layout-flex\">\n<div class=\"wp-block-column is-layout-flow wp-block-column-is-layout-flow\" style=\"flex-basis:33.33%\"><div class=\"wp-block-image\">\n<figure class=\"alignright size-full is-resized\"><a href=\"https:\/\/www.bostonballet.org\/education\/\" target=\"_blank\" rel=\"noopener\"><img loading=\"lazy\" decoding=\"async\" width=\"800\" height=\"618\" src=\"https:\/\/www.prixdeshivernales.be\/wp-content\/uploads\/sites\/2\/2024\/11\/boston-ballet-school.png\" alt=\"\" class=\"wp-image-2194\" style=\"width:150px\" srcset=\"https:\/\/www.prixdeshivernales.be\/wp-content\/uploads\/sites\/2\/2024\/11\/boston-ballet-school.png 800w, https:\/\/www.prixdeshivernales.be\/wp-content\/uploads\/sites\/2\/2024\/11\/boston-ballet-school-500x386.png 500w, https:\/\/www.prixdeshivernales.be\/wp-content\/uploads\/sites\/2\/2024\/11\/boston-ballet-school-768x593.png 768w\" sizes=\"auto, (max-width: 800px) 100vw, 800px\" \/><\/a><\/figure>\n<\/div><\/div>\n\n\n\n<div class=\"wp-block-column is-layout-flow wp-block-column-is-layout-flow\" style=\"flex-basis:66.66%\">\n<p>The prestigious&nbsp;<a href=\"https:\/\/www.bostonballet.org\/education\/\"><strong>Boston Ballet School<\/strong><\/a>&nbsp;will be delighted to offer a 4-week immersion course during their Summer Dance Program, from 28 June to 25 July 2026 (accommodation included).&nbsp;<\/p>\n<\/div>\n<\/div>\n\n\n\n<div class=\"wp-block-columns is-layout-flex wp-container-core-columns-is-layout-9d6595d7 wp-block-columns-is-layout-flex\">\n<div class=\"wp-block-column is-layout-flow wp-block-column-is-layout-flow\" style=\"flex-basis:33.33%\"><div class=\"wp-block-image\">\n<figure class=\"alignright size-full is-resized\"><a href=\"https:\/\/www.bejart.ch\/\" target=\"_blank\" rel=\"noreferrer noopener\"><img loading=\"lazy\" decoding=\"async\" width=\"512\" height=\"342\" src=\"https:\/\/www.prixdeshivernales.be\/wp-content\/uploads\/sites\/2\/2024\/09\/bejart-ballet-lausanne.jpg\" alt=\"\" class=\"wp-image-2070\" style=\"width:150px\" srcset=\"https:\/\/www.prixdeshivernales.be\/wp-content\/uploads\/sites\/2\/2024\/09\/bejart-ballet-lausanne.jpg 512w, https:\/\/www.prixdeshivernales.be\/wp-content\/uploads\/sites\/2\/2024\/09\/bejart-ballet-lausanne-500x334.jpg 500w\" sizes=\"auto, (max-width: 512px) 100vw, 512px\" \/><\/a><\/figure>\n<\/div><\/div>\n\n\n\n<div class=\"wp-block-column is-layout-flow wp-block-column-is-layout-flow\" style=\"flex-basis:66.66%\">\n<p>The <strong><a href=\"https:\/\/www.bejart.ch\/\" target=\"_blank\" rel=\"noreferrer noopener\">B\u00e9jart Ballet Lausanne<\/a><\/strong> will offer a three-days immersion into the company. The winner will have the exclusive opportunity to participate in the daily class, and to observe and\/or take part in various rehearsals with the company (dates to be determined with the winner \u2013 excluding travel and accommodation).<\/p>\n<\/div>\n<\/div>\n\n\n\n<div class=\"wp-block-columns is-layout-flex wp-container-core-columns-is-layout-9d6595d7 wp-block-columns-is-layout-flex\">\n<div class=\"wp-block-column is-layout-flow wp-block-column-is-layout-flow\" style=\"flex-basis:33.33%\"><div class=\"wp-block-image\">\n<figure class=\"alignright size-full is-resized\"><a href=\"https:\/\/www.balletsdemontecarlo.com\/fr\" target=\"_blank\" rel=\"noopener\"><img loading=\"lazy\" decoding=\"async\" width=\"595\" height=\"842\" src=\"https:\/\/www.prixdeshivernales.be\/wp-content\/uploads\/sites\/2\/2023\/11\/logo-BMC-NOIR.png\" alt=\"\" class=\"wp-image-1522\" style=\"width:150px\" srcset=\"https:\/\/www.prixdeshivernales.be\/wp-content\/uploads\/sites\/2\/2023\/11\/logo-BMC-NOIR.png 595w, https:\/\/www.prixdeshivernales.be\/wp-content\/uploads\/sites\/2\/2023\/11\/logo-BMC-NOIR-353x500.png 353w\" sizes=\"auto, (max-width: 595px) 100vw, 595px\" \/><\/a><\/figure>\n<\/div><\/div>\n\n\n\n<div class=\"wp-block-column is-layout-flow wp-block-column-is-layout-flow\" style=\"flex-basis:66.66%\">\n<p>Mr Jean-Christophe Maillot, Choreographer and Director of&nbsp;<a href=\"https:\/\/www.balletsdemontecarlo.com\/fr\"><strong>Les Ballets de Monte-Carlo<\/strong><\/a>, will have the pleasure of welcoming a winner for a one-week immersion into the company. The winner will have the exclusive opportunity to participate in the daily class, and to observe and take part in various rehearsals with the company (dates to be determined with the winner \u2013 excluding travel and accommodation).<\/p>\n<\/div>\n<\/div>\n\n\n\n<div class=\"wp-block-columns is-layout-flex wp-container-core-columns-is-layout-9d6595d7 wp-block-columns-is-layout-flex\">\n<div class=\"wp-block-column is-layout-flow wp-block-column-is-layout-flow\" style=\"flex-basis:33.33%\"><div class=\"wp-block-image\">\n<figure class=\"alignright size-full is-resized\"><a href=\"https:\/\/malandainballet.com\/ballet\/ccn\" target=\"_blank\" rel=\"noopener\"><img loading=\"lazy\" decoding=\"async\" width=\"1200\" height=\"458\" src=\"https:\/\/www.prixdeshivernales.be\/wp-content\/uploads\/sites\/2\/2021\/11\/Malandain-ballet-Biarritz-1.png\" alt=\"\" class=\"wp-image-562\" style=\"width:150px\" srcset=\"https:\/\/www.prixdeshivernales.be\/wp-content\/uploads\/sites\/2\/2021\/11\/Malandain-ballet-Biarritz-1.png 1200w, https:\/\/www.prixdeshivernales.be\/wp-content\/uploads\/sites\/2\/2021\/11\/Malandain-ballet-Biarritz-1-500x191.png 500w, https:\/\/www.prixdeshivernales.be\/wp-content\/uploads\/sites\/2\/2021\/11\/Malandain-ballet-Biarritz-1-768x293.png 768w\" sizes=\"auto, (max-width: 1200px) 100vw, 1200px\" \/><\/a><\/figure>\n<\/div><\/div>\n\n\n\n<div class=\"wp-block-column is-layout-flow wp-block-column-is-layout-flow\" style=\"flex-basis:66.66%\">\n<p>The&nbsp;<a href=\"https:\/\/malandainballet.com\/ballet\/ccn\"><strong>CCN Malandain Ballet Biarritz<\/strong><\/a>&nbsp;will offer a one-week immersion in the company. The winner will have the exclusive opportunity to participate in the dancers\u2019 daily class and to observe or take part in various rehearsals with the company (dates to be confirmed according to the winner).&nbsp;<\/p>\n<\/div>\n<\/div>\n\n\n\n<div class=\"wp-block-columns is-layout-flex wp-container-core-columns-is-layout-9d6595d7 wp-block-columns-is-layout-flex\">\n<div class=\"wp-block-column is-layout-flow wp-block-column-is-layout-flow\" style=\"flex-basis:33.33%\"><div class=\"wp-block-image\">\n<figure class=\"alignright size-full is-resized\"><a href=\"https:\/\/juniorballetantwerp.be\/\" target=\"_blank\" rel=\"noopener\"><img loading=\"lazy\" decoding=\"async\" width=\"4296\" height=\"1896\" src=\"https:\/\/www.prixdeshivernales.be\/wp-content\/uploads\/sites\/2\/2023\/12\/LOGO_JBA_zwart.png\" alt=\"\" class=\"wp-image-1595\" style=\"width:150px\" srcset=\"https:\/\/www.prixdeshivernales.be\/wp-content\/uploads\/sites\/2\/2023\/12\/LOGO_JBA_zwart.png 4296w, https:\/\/www.prixdeshivernales.be\/wp-content\/uploads\/sites\/2\/2023\/12\/LOGO_JBA_zwart-500x221.png 500w, https:\/\/www.prixdeshivernales.be\/wp-content\/uploads\/sites\/2\/2023\/12\/LOGO_JBA_zwart-1200x530.png 1200w, https:\/\/www.prixdeshivernales.be\/wp-content\/uploads\/sites\/2\/2023\/12\/LOGO_JBA_zwart-768x339.png 768w, https:\/\/www.prixdeshivernales.be\/wp-content\/uploads\/sites\/2\/2023\/12\/LOGO_JBA_zwart-1536x678.png 1536w, https:\/\/www.prixdeshivernales.be\/wp-content\/uploads\/sites\/2\/2023\/12\/LOGO_JBA_zwart-2048x904.png 2048w\" sizes=\"auto, (max-width: 4296px) 100vw, 4296px\" \/><\/a><\/figure>\n<\/div><\/div>\n\n\n\n<div class=\"wp-block-column is-layout-flow wp-block-column-is-layout-flow\" style=\"flex-basis:66.66%\">\n<p>Alain Honorez, Artistic Director of the&nbsp;<a href=\"https:\/\/juniorballetantwerp.be\/\"><strong>Junior Ballet Antwerp<\/strong><\/a>, will have the pleasure of offering 2 one-week intensive internships with the company (dates to be determined with the winners).<\/p>\n<\/div>\n<\/div>\n\n\n\n<div class=\"wp-block-columns is-layout-flex wp-container-core-columns-is-layout-9d6595d7 wp-block-columns-is-layout-flex\">\n<div class=\"wp-block-column is-layout-flow wp-block-column-is-layout-flow\" style=\"flex-basis:33.33%\"><div class=\"wp-block-image\">\n<figure class=\"alignright size-full is-resized\"><a href=\"https:\/\/www.operaballet.be\" target=\"_blank\" rel=\"noreferrer noopener\"><img loading=\"lazy\" decoding=\"async\" width=\"800\" height=\"766\" src=\"https:\/\/www.prixdeshivernales.be\/wp-content\/uploads\/sites\/2\/2022\/03\/opera-ballet-vlanderen.jpg\" alt=\"\" class=\"wp-image-804\" style=\"width:150px;height:undefinedpx\" srcset=\"https:\/\/www.prixdeshivernales.be\/wp-content\/uploads\/sites\/2\/2022\/03\/opera-ballet-vlanderen.jpg 800w, https:\/\/www.prixdeshivernales.be\/wp-content\/uploads\/sites\/2\/2022\/03\/opera-ballet-vlanderen-500x479.jpg 500w, https:\/\/www.prixdeshivernales.be\/wp-content\/uploads\/sites\/2\/2022\/03\/opera-ballet-vlanderen-768x735.jpg 768w\" sizes=\"auto, (max-width: 800px) 100vw, 800px\" \/><\/a><\/figure>\n<\/div><\/div>\n\n\n\n<div class=\"wp-block-column is-layout-flow wp-block-column-is-layout-flow\" style=\"flex-basis:66.66%\">\n<p><a href=\"https:\/\/www.operaballet.be\"><strong>Opera Ballet Vlaanderen<\/strong><\/a>&nbsp;and its Artistic Director, Jan Vandenhouwe, will offer a one-week introduction into the company. The winner will have the exclusive opportunity to participate in the daily class and to observe and take part in various rehearsals with the company.<\/p>\n<\/div>\n<\/div>\n\n\n\n<div class=\"wp-block-columns is-layout-flex wp-container-core-columns-is-layout-9d6595d7 wp-block-columns-is-layout-flex\">\n<div class=\"wp-block-column is-layout-flow wp-block-column-is-layout-flow\" style=\"flex-basis:33.33%\"><div class=\"wp-block-image\">\n<figure class=\"alignright size-full is-resized\"><a href=\"https:\/\/sites.google.com\/view\/brussels-city-ballet\/home\" target=\"_blank\" rel=\"noopener\"><img loading=\"lazy\" decoding=\"async\" width=\"600\" height=\"249\" src=\"https:\/\/www.prixdeshivernales.be\/wp-content\/uploads\/sites\/2\/2023\/11\/logo_brusselscityballet-02-3.png\" alt=\"\" class=\"wp-image-1538\" style=\"width:150px\" srcset=\"https:\/\/www.prixdeshivernales.be\/wp-content\/uploads\/sites\/2\/2023\/11\/logo_brusselscityballet-02-3.png 600w, https:\/\/www.prixdeshivernales.be\/wp-content\/uploads\/sites\/2\/2023\/11\/logo_brusselscityballet-02-3-500x208.png 500w\" sizes=\"auto, (max-width: 600px) 100vw, 600px\" \/><\/a><\/figure>\n<\/div><\/div>\n\n\n\n<div class=\"wp-block-column is-layout-flow wp-block-column-is-layout-flow\" style=\"flex-basis:66.66%\">\n<p>The&nbsp;<a href=\"https:\/\/sites.google.com\/view\/brussels-city-ballet\/home\"><strong>Brussels City Ballet<\/strong><\/a>&nbsp;and its founder Aki Nishio will offer a one-week immersion into the company. The winner will have the exclusive opportunity to participate in the daily class and to observe and take part in various rehearsals with the company&nbsp;(dates to be determined with the winner)<\/p>\n<\/div>\n<\/div>\n\n\n\n<div class=\"wp-block-columns is-layout-flex wp-container-core-columns-is-layout-9d6595d7 wp-block-columns-is-layout-flex\">\n<div class=\"wp-block-column is-layout-flow wp-block-column-is-layout-flow\" style=\"flex-basis:33.33%\"><div class=\"wp-block-image\">\n<figure class=\"alignright size-full is-resized\"><a href=\"https:\/\/fondationdancearea.ch\/\" target=\"_blank\" rel=\"noopener\"><img loading=\"lazy\" decoding=\"async\" width=\"800\" height=\"564\" src=\"https:\/\/www.prixdeshivernales.be\/wp-content\/uploads\/sites\/2\/2025\/01\/DANCE-AREA-geneva-1.png\" alt=\"\" class=\"wp-image-2467\" style=\"width:150px\" srcset=\"https:\/\/www.prixdeshivernales.be\/wp-content\/uploads\/sites\/2\/2025\/01\/DANCE-AREA-geneva-1.png 800w, https:\/\/www.prixdeshivernales.be\/wp-content\/uploads\/sites\/2\/2025\/01\/DANCE-AREA-geneva-1-500x353.png 500w, https:\/\/www.prixdeshivernales.be\/wp-content\/uploads\/sites\/2\/2025\/01\/DANCE-AREA-geneva-1-768x541.png 768w\" sizes=\"auto, (max-width: 800px) 100vw, 800px\" \/><\/a><\/figure>\n<\/div>\n\n<div class=\"wp-block-image\">\n<figure class=\"alignright size-full is-resized\"><a href=\"https:\/\/areajeuneballet.ch\/\" target=\"_blank\" rel=\"noopener\"><img loading=\"lazy\" decoding=\"async\" width=\"800\" height=\"800\" src=\"https:\/\/www.prixdeshivernales.be\/wp-content\/uploads\/sites\/2\/2025\/01\/AreaJeuneBallet-logo.png\" alt=\"\" class=\"wp-image-2469\" style=\"width:150px\" srcset=\"https:\/\/www.prixdeshivernales.be\/wp-content\/uploads\/sites\/2\/2025\/01\/AreaJeuneBallet-logo.png 800w, https:\/\/www.prixdeshivernales.be\/wp-content\/uploads\/sites\/2\/2025\/01\/AreaJeuneBallet-logo-500x500.png 500w, https:\/\/www.prixdeshivernales.be\/wp-content\/uploads\/sites\/2\/2025\/01\/AreaJeuneBallet-logo-200x200.png 200w, https:\/\/www.prixdeshivernales.be\/wp-content\/uploads\/sites\/2\/2025\/01\/AreaJeuneBallet-logo-768x768.png 768w\" sizes=\"auto, (max-width: 800px) 100vw, 800px\" \/><\/a><\/figure>\n<\/div><\/div>\n\n\n\n<div class=\"wp-block-column is-layout-flow wp-block-column-is-layout-flow\" style=\"flex-basis:66.66%\">\n<p><a href=\"https:\/\/fondationdancearea.ch\/\"><strong>Dance Area<\/strong><\/a>&nbsp;will be pleased to offer a one-week training&nbsp;immersion within the&nbsp;Professional Dance Program&nbsp;and&nbsp;<a href=\"https:\/\/areajeuneballet.ch\/\"><strong>Area Jeune Ballet<\/strong><\/a>, as well as a full scholarship for the Summer Intensive program. They will also offer admissions to the second round of auditions for the Program and Junior Ballet.&nbsp;<\/p>\n<\/div>\n<\/div>\n\n\n\n<div class=\"wp-block-columns is-layout-flex wp-container-core-columns-is-layout-9d6595d7 wp-block-columns-is-layout-flex\">\n<div class=\"wp-block-column is-layout-flow wp-block-column-is-layout-flow\" style=\"flex-basis:33.33%\"><div class=\"wp-block-image\">\n<figure class=\"alignright size-full is-resized\"><a href=\"https:\/\/rcpdmariemma.com\" target=\"_blank\" rel=\"noopener\"><img loading=\"lazy\" decoding=\"async\" width=\"2560\" height=\"543\" src=\"https:\/\/www.prixdeshivernales.be\/wp-content\/uploads\/sites\/2\/2025\/12\/Mariemma-Madrid-scaled.png\" alt=\"Conservatoire Madrid\" class=\"wp-image-2839\" style=\"width:150px\" srcset=\"https:\/\/www.prixdeshivernales.be\/wp-content\/uploads\/sites\/2\/2025\/12\/Mariemma-Madrid-scaled.png 2560w, https:\/\/www.prixdeshivernales.be\/wp-content\/uploads\/sites\/2\/2025\/12\/Mariemma-Madrid-500x106.png 500w, https:\/\/www.prixdeshivernales.be\/wp-content\/uploads\/sites\/2\/2025\/12\/Mariemma-Madrid-1200x255.png 1200w, https:\/\/www.prixdeshivernales.be\/wp-content\/uploads\/sites\/2\/2025\/12\/Mariemma-Madrid-768x163.png 768w, https:\/\/www.prixdeshivernales.be\/wp-content\/uploads\/sites\/2\/2025\/12\/Mariemma-Madrid-1536x326.png 1536w, https:\/\/www.prixdeshivernales.be\/wp-content\/uploads\/sites\/2\/2025\/12\/Mariemma-Madrid-2048x434.png 2048w\" sizes=\"auto, (max-width: 2560px) 100vw, 2560px\" \/><\/a><\/figure>\n<\/div><\/div>\n\n\n\n<div class=\"wp-block-column is-layout-flow wp-block-column-is-layout-flow\" style=\"flex-basis:66.66%\">\n<p>The <strong><a href=\"https:\/\/rcpdmariemma.com\" target=\"_blank\" rel=\"noreferrer noopener\">Mariemma Royal Professional Dance Conservatory<\/a><\/strong> is happy to offer a one-week of educational immersion.&nbsp;<\/p>\n<\/div>\n<\/div>\n\n\n\n<div class=\"wp-block-columns is-layout-flex wp-container-core-columns-is-layout-9d6595d7 wp-block-columns-is-layout-flex\">\n<div class=\"wp-block-column is-layout-flow wp-block-column-is-layout-flow\" style=\"flex-basis:33.33%\"><div class=\"wp-block-image\">\n<figure class=\"alignright size-full is-resized\"><a href=\"https:\/\/www.operaroma.it\" target=\"_blank\" rel=\"noreferrer noopener\"><img loading=\"lazy\" decoding=\"async\" width=\"371\" height=\"130\" src=\"https:\/\/www.prixdeshivernales.be\/wp-content\/uploads\/sites\/2\/2026\/02\/Opera-Rome.png\" alt=\"Opera Di Roma\" class=\"wp-image-2947\" style=\"width:150px\"\/><\/a><\/figure>\n<\/div><\/div>\n\n\n\n<div class=\"wp-block-column is-layout-flow wp-block-column-is-layout-flow\" style=\"flex-basis:66.66%\">\n<p><strong><a href=\"https:\/\/www.operaroma.it\" target=\"_blank\" rel=\"noreferrer noopener\">The Ballet School of the Fondazione Teatro Dell\u2019Opera di Roma<\/a><\/strong> will be pleased to offer one of the winners a one-week trial period, with a view to possible enrollment at the School.&nbsp;<\/p>\n<\/div>\n<\/div>\n\n\n\n<div class=\"wp-block-columns is-layout-flex wp-container-core-columns-is-layout-9d6595d7 wp-block-columns-is-layout-flex\">\n<div class=\"wp-block-column is-layout-flow wp-block-column-is-layout-flow\" style=\"flex-basis:33.33%\"><div class=\"wp-block-image\">\n<figure class=\"alignright size-full is-resized\"><a href=\"https:\/\/www.sydneydancecompany.com\/performance\/sydney-subscriptions\/\" target=\"_blank\" rel=\"noreferrer noopener\"><img loading=\"lazy\" decoding=\"async\" width=\"1200\" height=\"391\" src=\"https:\/\/www.prixdeshivernales.be\/wp-content\/uploads\/sites\/2\/2026\/02\/Sydney-dance-company.jpg\" alt=\"Sydney Dance Company\" class=\"wp-image-3015\" style=\"width:150px\" srcset=\"https:\/\/www.prixdeshivernales.be\/wp-content\/uploads\/sites\/2\/2026\/02\/Sydney-dance-company.jpg 1200w, https:\/\/www.prixdeshivernales.be\/wp-content\/uploads\/sites\/2\/2026\/02\/Sydney-dance-company-500x163.jpg 500w, https:\/\/www.prixdeshivernales.be\/wp-content\/uploads\/sites\/2\/2026\/02\/Sydney-dance-company-768x250.jpg 768w\" sizes=\"auto, (max-width: 1200px) 100vw, 1200px\" \/><\/a><\/figure>\n<\/div><\/div>\n\n\n\n<div class=\"wp-block-column is-layout-flow wp-block-column-is-layout-flow\" style=\"flex-basis:66.66%\">\n<p>The <strong><a href=\"https:\/\/www.sydneydancecompany.com\/performance\/sydney-subscriptions\/\" target=\"_blank\" rel=\"noreferrer noopener\">Sydney Dance Company<\/a><\/strong>&nbsp;will offer a professional immersion into the company.&nbsp;<\/p>\n<\/div>\n<\/div>\n\n\n\n<div class=\"wp-block-columns is-layout-flex wp-container-core-columns-is-layout-9d6595d7 wp-block-columns-is-layout-flex\">\n<div class=\"wp-block-column is-layout-flow wp-block-column-is-layout-flow\" style=\"flex-basis:33.33%\"><div class=\"wp-block-image\">\n<figure class=\"alignright size-full is-resized\"><a href=\"https:\/\/edgeneve.ch\/ballet-junior-de-geneve-2\/\" target=\"_blank\" rel=\"noopener\"><img loading=\"lazy\" decoding=\"async\" width=\"512\" height=\"362\" src=\"https:\/\/www.prixdeshivernales.be\/wp-content\/uploads\/sites\/2\/2024\/09\/ballet-junior-geneve.jpg\" alt=\"\" class=\"wp-image-2074\" style=\"width:150px\" srcset=\"https:\/\/www.prixdeshivernales.be\/wp-content\/uploads\/sites\/2\/2024\/09\/ballet-junior-geneve.jpg 512w, https:\/\/www.prixdeshivernales.be\/wp-content\/uploads\/sites\/2\/2024\/09\/ballet-junior-geneve-500x354.jpg 500w\" sizes=\"auto, (max-width: 512px) 100vw, 512px\" \/><\/a><\/figure>\n<\/div><\/div>\n\n\n\n<div class=\"wp-block-column is-layout-flow wp-block-column-is-layout-flow\" style=\"flex-basis:66.66%\">\n<p>The <strong><a href=\"https:\/\/edgeneve.ch\/ballet-junior-de-geneve-2\/\" target=\"_blank\" rel=\"noreferrer noopener\">Ballet Junior de Gen\u00e8ve<\/a><\/strong> will offer a one-week immersion into the company. The winner will have the exclusive opportunity to participate in the daily class, and to observe and\/or take part in various rehearsals with the company (dates to be determined with the winner \u2013 excluding travel and accommodation).&nbsp;<\/p>\n<\/div>\n<\/div>\n\n\n\n<div class=\"wp-block-columns is-layout-flex wp-container-core-columns-is-layout-9d6595d7 wp-block-columns-is-layout-flex\">\n<div class=\"wp-block-column is-layout-flow wp-block-column-is-layout-flow\" style=\"flex-basis:33.33%\"><div class=\"wp-block-image\">\n<figure class=\"alignright size-full is-resized\"><a href=\"https:\/\/www.koninklijkeballetschool.be\/fr\" target=\"_blank\" rel=\"noreferrer noopener\"><img loading=\"lazy\" decoding=\"async\" width=\"512\" height=\"366\" src=\"https:\/\/www.prixdeshivernales.be\/wp-content\/uploads\/sites\/2\/2024\/01\/KBA-logo-EN-wide.png\" alt=\"\" class=\"wp-image-1646\" style=\"width:150px\" srcset=\"https:\/\/www.prixdeshivernales.be\/wp-content\/uploads\/sites\/2\/2024\/01\/KBA-logo-EN-wide.png 512w, https:\/\/www.prixdeshivernales.be\/wp-content\/uploads\/sites\/2\/2024\/01\/KBA-logo-EN-wide-500x357.png 500w\" sizes=\"auto, (max-width: 512px) 100vw, 512px\" \/><\/a><\/figure>\n<\/div><\/div>\n\n\n\n<div class=\"wp-block-column is-layout-flow wp-block-column-is-layout-flow\" style=\"flex-basis:66.66%\">\n<p>Kevin Durwael, Artistic Director of the <a href=\"https:\/\/www.koninklijkeballetschool.be\/\" target=\"_blank\" rel=\"noreferrer noopener\"><strong>Royal Ballet School of Antwerp<\/strong><\/a>, will have the pleasure of offering 2 one-week short-term scholarships in the school (dates to be determined \u2013 excluding accommodation).<\/p>\n<\/div>\n<\/div>\n\n\n\n<div class=\"wp-block-columns is-layout-flex wp-container-core-columns-is-layout-9d6595d7 wp-block-columns-is-layout-flex\">\n<div class=\"wp-block-column is-layout-flow wp-block-column-is-layout-flow\" style=\"flex-basis:33.33%\"><div class=\"wp-block-image\">\n<figure class=\"alignright size-full is-resized\"><a href=\"https:\/\/www.atd.ahk.nl\/opleidingen-dans\/nationale-balletacademie\/\" target=\"_blank\" rel=\"noopener\"><img loading=\"lazy\" decoding=\"async\" width=\"1138\" height=\"399\" src=\"https:\/\/www.prixdeshivernales.be\/wp-content\/uploads\/sites\/2\/2022\/01\/ENG_Logo_PNG-black.png\" alt=\"\" class=\"wp-image-619\" style=\"width:150px;height:53px\" srcset=\"https:\/\/www.prixdeshivernales.be\/wp-content\/uploads\/sites\/2\/2022\/01\/ENG_Logo_PNG-black.png 1138w, https:\/\/www.prixdeshivernales.be\/wp-content\/uploads\/sites\/2\/2022\/01\/ENG_Logo_PNG-black-500x175.png 500w, https:\/\/www.prixdeshivernales.be\/wp-content\/uploads\/sites\/2\/2022\/01\/ENG_Logo_PNG-black-768x269.png 768w\" sizes=\"auto, (max-width: 1138px) 100vw, 1138px\" \/><\/a><\/figure>\n<\/div><\/div>\n\n\n\n<div class=\"wp-block-column is-layout-flow wp-block-column-is-layout-flow\" style=\"flex-basis:66.66%\">\n<p>The prestigious&nbsp;<a href=\"https:\/\/www.atd.ahk.nl\/opleidingen-dans\/nationale-balletacademie\/\"><strong>Dutch National Ballet Academy<\/strong><\/a>&nbsp;in Amsterdam will be delighted to reward a talented student by offering an&nbsp;<a href=\"https:\/\/www.atd.ahk.nl\/opleidingen-dans\/nationale-balletacademie\/summer-school\/\"><strong>International Summer Training Course<\/strong><\/a>&nbsp;(dates depending on the age of the winner \u2013 excluding travel and accommodation)<\/p>\n<\/div>\n<\/div>\n\n\n\n<div class=\"wp-block-columns is-layout-flex wp-container-core-columns-is-layout-9d6595d7 wp-block-columns-is-layout-flex\">\n<div class=\"wp-block-column is-layout-flow wp-block-column-is-layout-flow\" style=\"flex-basis:33.33%\"><div class=\"wp-block-image\">\n<figure class=\"alignright size-full is-resized\"><a href=\"https:\/\/bballetmasterclasses.com\/#:~:text=JULY%2022%20%2D%20AUGUST%203%2C%202024&amp;text=We%20focus%20intensely%20on%20the,come%20and%20discover%20what's%20beyond\" target=\"_blank\" rel=\"noopener\"><img loading=\"lazy\" decoding=\"async\" width=\"1200\" height=\"507\" src=\"https:\/\/www.prixdeshivernales.be\/wp-content\/uploads\/sites\/2\/2025\/12\/BBM-2026-with-artboards_krivkyNEW.jpg\" alt=\"\" class=\"wp-image-2837\" style=\"width:150px\" srcset=\"https:\/\/www.prixdeshivernales.be\/wp-content\/uploads\/sites\/2\/2025\/12\/BBM-2026-with-artboards_krivkyNEW.jpg 1200w, https:\/\/www.prixdeshivernales.be\/wp-content\/uploads\/sites\/2\/2025\/12\/BBM-2026-with-artboards_krivkyNEW-500x211.jpg 500w, https:\/\/www.prixdeshivernales.be\/wp-content\/uploads\/sites\/2\/2025\/12\/BBM-2026-with-artboards_krivkyNEW-768x324.jpg 768w\" sizes=\"auto, (max-width: 1200px) 100vw, 1200px\" \/><\/a><\/figure>\n<\/div><\/div>\n\n\n\n<div class=\"wp-block-column is-layout-flow wp-block-column-is-layout-flow\" style=\"flex-basis:66.66%\">\n<p>Ji\u0159\u00ed Buben\u00ed\u010dek,&nbsp;artistic director&nbsp;of&nbsp;<strong><a href=\"https:\/\/bballetmasterclasses.com\/#:~:text=JULY%2022%20%2D%20AUGUST%203%2C%202024&amp;text=We%20focus%20intensely%20on%20the,come%20and%20discover%20what's%20beyond\" target=\"_blank\" rel=\"noreferrer noopener\">Buben\u00ed\u010dek&nbsp;Ballet Masterclasses<\/a><\/strong>, will be pleased to offer several full scholarships for the 4<sup>th<\/sup> edition in summer 2026.<\/p>\n<\/div>\n<\/div>\n\n\n\n<div class=\"wp-block-columns is-layout-flex wp-container-core-columns-is-layout-9d6595d7 wp-block-columns-is-layout-flex\">\n<div class=\"wp-block-column is-layout-flow wp-block-column-is-layout-flow\" style=\"flex-basis:33.33%\"><div class=\"wp-block-image\">\n<figure class=\"alignright size-full is-resized\"><a href=\"https:\/\/theplace.org.uk\/study\" target=\"_blank\" rel=\"noopener\"><img loading=\"lazy\" decoding=\"async\" width=\"1200\" height=\"600\" src=\"https:\/\/www.prixdeshivernales.be\/wp-content\/uploads\/sites\/2\/2025\/12\/The-Place-London.jpg\" alt=\"\" class=\"wp-image-2838\" style=\"width:150px\" srcset=\"https:\/\/www.prixdeshivernales.be\/wp-content\/uploads\/sites\/2\/2025\/12\/The-Place-London.jpg 1200w, https:\/\/www.prixdeshivernales.be\/wp-content\/uploads\/sites\/2\/2025\/12\/The-Place-London-500x250.jpg 500w, https:\/\/www.prixdeshivernales.be\/wp-content\/uploads\/sites\/2\/2025\/12\/The-Place-London-768x384.jpg 768w\" sizes=\"auto, (max-width: 1200px) 100vw, 1200px\" \/><\/a><\/figure>\n<\/div><\/div>\n\n\n\n<div class=\"wp-block-column is-layout-flow wp-block-column-is-layout-flow\" style=\"flex-basis:66.66%\">\n<p>The <strong><a href=\"https:\/\/theplace.org.uk\/study\" target=\"_blank\" rel=\"noreferrer noopener\">London Contemporary Dance School \u2013 The Place<\/a><\/strong> will be pleased to offer two full scholarships to their One Week International 2026 Summer School.&nbsp;<\/p>\n<\/div>\n<\/div>\n\n\n\n<div class=\"wp-block-columns is-layout-flex wp-container-core-columns-is-layout-9d6595d7 wp-block-columns-is-layout-flex\">\n<div class=\"wp-block-column is-layout-flow wp-block-column-is-layout-flow\" style=\"flex-basis:33.33%\"><div class=\"wp-block-image\">\n<figure class=\"alignright size-large is-resized\"><a href=\"https:\/\/worlddancemovement.com\/\" target=\"_blank\" rel=\"noopener\"><img loading=\"lazy\" decoding=\"async\" width=\"1200\" height=\"1200\" src=\"https:\/\/www.prixdeshivernales.be\/wp-content\/uploads\/sites\/2\/2023\/09\/BLACK-DANCE-COMP_SQUARE-copie-1200x1200.png\" alt=\"\" class=\"wp-image-1463\" style=\"width:150px;height:150px\" srcset=\"https:\/\/www.prixdeshivernales.be\/wp-content\/uploads\/sites\/2\/2023\/09\/BLACK-DANCE-COMP_SQUARE-copie-1200x1200.png 1200w, https:\/\/www.prixdeshivernales.be\/wp-content\/uploads\/sites\/2\/2023\/09\/BLACK-DANCE-COMP_SQUARE-copie-500x500.png 500w, https:\/\/www.prixdeshivernales.be\/wp-content\/uploads\/sites\/2\/2023\/09\/BLACK-DANCE-COMP_SQUARE-copie-200x200.png 200w, https:\/\/www.prixdeshivernales.be\/wp-content\/uploads\/sites\/2\/2023\/09\/BLACK-DANCE-COMP_SQUARE-copie-768x768.png 768w, https:\/\/www.prixdeshivernales.be\/wp-content\/uploads\/sites\/2\/2023\/09\/BLACK-DANCE-COMP_SQUARE-copie-1536x1536.png 1536w, https:\/\/www.prixdeshivernales.be\/wp-content\/uploads\/sites\/2\/2023\/09\/BLACK-DANCE-COMP_SQUARE-copie-2048x2048.png 2048w\" sizes=\"auto, (max-width: 1200px) 100vw, 1200px\" \/><\/a><\/figure>\n<\/div>\n\n<div class=\"wp-block-image\">\n<figure class=\"alignright size-large is-resized\"><a href=\"https:\/\/worlddancemovement.com\/\" target=\"_blank\" rel=\"noopener\"><img loading=\"lazy\" decoding=\"async\" width=\"1200\" height=\"1200\" src=\"https:\/\/www.prixdeshivernales.be\/wp-content\/uploads\/sites\/2\/2023\/09\/BLACK-FESTIVAL_SQUARE-copie-1200x1200.png\" alt=\"\" class=\"wp-image-1460\" style=\"width:150px;height:150px\" srcset=\"https:\/\/www.prixdeshivernales.be\/wp-content\/uploads\/sites\/2\/2023\/09\/BLACK-FESTIVAL_SQUARE-copie-1200x1200.png 1200w, https:\/\/www.prixdeshivernales.be\/wp-content\/uploads\/sites\/2\/2023\/09\/BLACK-FESTIVAL_SQUARE-copie-500x500.png 500w, https:\/\/www.prixdeshivernales.be\/wp-content\/uploads\/sites\/2\/2023\/09\/BLACK-FESTIVAL_SQUARE-copie-200x200.png 200w, https:\/\/www.prixdeshivernales.be\/wp-content\/uploads\/sites\/2\/2023\/09\/BLACK-FESTIVAL_SQUARE-copie-768x768.png 768w, https:\/\/www.prixdeshivernales.be\/wp-content\/uploads\/sites\/2\/2023\/09\/BLACK-FESTIVAL_SQUARE-copie-1536x1536.png 1536w, https:\/\/www.prixdeshivernales.be\/wp-content\/uploads\/sites\/2\/2023\/09\/BLACK-FESTIVAL_SQUARE-copie-2048x2048.png 2048w\" sizes=\"auto, (max-width: 1200px) 100vw, 1200px\" \/><\/a><\/figure>\n<\/div><\/div>\n\n\n\n<div class=\"wp-block-column is-layout-flow wp-block-column-is-layout-flow\" style=\"flex-basis:66.66%\">\n<p>The&nbsp;<a href=\"https:\/\/worlddancemovement.com\/\"><strong>World Dance Movement-International Festival<\/strong><\/a>&nbsp;and its artistic director &amp; co-producer, Mich\u00e8le Assaf, will be pleased to offer two one-week scholarship for the WDM Dance Festival in&nbsp;Italy.&nbsp;<\/p>\n<\/div>\n<\/div>\n\n\n\n<div class=\"wp-block-columns is-layout-flex wp-container-core-columns-is-layout-9d6595d7 wp-block-columns-is-layout-flex\">\n<div class=\"wp-block-column is-layout-flow wp-block-column-is-layout-flow\" style=\"flex-basis:33.33%\"><div class=\"wp-block-image\">\n<figure class=\"alignright size-full is-resized\"><a href=\"https:\/\/revolvedance.ro\/en\/\"><img loading=\"lazy\" decoding=\"async\" width=\"2104\" height=\"692\" src=\"https:\/\/www.prixdeshivernales.be\/wp-content\/uploads\/sites\/2\/2023\/11\/logo-Revolve.png\" alt=\"\" class=\"wp-image-1528\" style=\"width:150px\" srcset=\"https:\/\/www.prixdeshivernales.be\/wp-content\/uploads\/sites\/2\/2023\/11\/logo-Revolve.png 2104w, https:\/\/www.prixdeshivernales.be\/wp-content\/uploads\/sites\/2\/2023\/11\/logo-Revolve-500x164.png 500w, https:\/\/www.prixdeshivernales.be\/wp-content\/uploads\/sites\/2\/2023\/11\/logo-Revolve-1200x395.png 1200w, https:\/\/www.prixdeshivernales.be\/wp-content\/uploads\/sites\/2\/2023\/11\/logo-Revolve-768x253.png 768w, https:\/\/www.prixdeshivernales.be\/wp-content\/uploads\/sites\/2\/2023\/11\/logo-Revolve-1536x505.png 1536w, https:\/\/www.prixdeshivernales.be\/wp-content\/uploads\/sites\/2\/2023\/11\/logo-Revolve-2048x674.png 2048w\" sizes=\"auto, (max-width: 2104px) 100vw, 2104px\" \/><\/a><\/figure>\n<\/div><\/div>\n\n\n\n<div class=\"wp-block-column is-layout-flow wp-block-column-is-layout-flow\" style=\"flex-basis:66.66%\">\n<p><a href=\"https:\/\/revolvedance.ro\/en\/\" target=\"_blank\" rel=\"noreferrer noopener\"><strong>Revolve Dance Festival<\/strong><\/a>&nbsp;will be pleased to offer two full scholarships to its 2026 Summer Workshops (excluding travel and accommodation).<\/p>\n<\/div>\n<\/div>\n\n\n\n<div class=\"wp-block-columns is-layout-flex wp-container-core-columns-is-layout-9d6595d7 wp-block-columns-is-layout-flex\">\n<div class=\"wp-block-column is-layout-flow wp-block-column-is-layout-flow\" style=\"flex-basis:33.33%\"><div class=\"wp-block-image\">\n<figure class=\"alignright size-full is-resized\"><a href=\"https:\/\/www.biarritz-academie-danse.com\/\" target=\"_blank\" rel=\"noopener\"><img loading=\"lazy\" decoding=\"async\" width=\"2099\" height=\"591\" src=\"https:\/\/www.prixdeshivernales.be\/wp-content\/uploads\/sites\/2\/2023\/11\/MBB_LOGO_ACADEMIE.jpg\" alt=\"\" class=\"wp-image-1560\" style=\"width:150px\" srcset=\"https:\/\/www.prixdeshivernales.be\/wp-content\/uploads\/sites\/2\/2023\/11\/MBB_LOGO_ACADEMIE.jpg 2099w, https:\/\/www.prixdeshivernales.be\/wp-content\/uploads\/sites\/2\/2023\/11\/MBB_LOGO_ACADEMIE-500x141.jpg 500w, https:\/\/www.prixdeshivernales.be\/wp-content\/uploads\/sites\/2\/2023\/11\/MBB_LOGO_ACADEMIE-1200x338.jpg 1200w, https:\/\/www.prixdeshivernales.be\/wp-content\/uploads\/sites\/2\/2023\/11\/MBB_LOGO_ACADEMIE-768x216.jpg 768w, https:\/\/www.prixdeshivernales.be\/wp-content\/uploads\/sites\/2\/2023\/11\/MBB_LOGO_ACADEMIE-1536x432.jpg 1536w, https:\/\/www.prixdeshivernales.be\/wp-content\/uploads\/sites\/2\/2023\/11\/MBB_LOGO_ACADEMIE-2048x577.jpg 2048w\" sizes=\"auto, (max-width: 2099px) 100vw, 2099px\" \/><\/a><\/figure>\n<\/div><\/div>\n\n\n\n<div class=\"wp-block-column is-layout-flow wp-block-column-is-layout-flow\" style=\"flex-basis:66.66%\">\n<p>The&nbsp;<a href=\"https:\/\/www.biarritz-academie-danse.com\/\"><strong>Biarritz International Dance Academy<\/strong><\/a>&nbsp;will offer a one-week access with unlimited classes, accompanied by access to the Malandain Ballet Biarritz performances company.&nbsp;<\/p>\n<\/div>\n<\/div>\n\n\n\n<div class=\"wp-block-columns is-layout-flex wp-container-core-columns-is-layout-9d6595d7 wp-block-columns-is-layout-flex\">\n<div class=\"wp-block-column is-layout-flow wp-block-column-is-layout-flow\" style=\"flex-basis:33.33%\"><div class=\"wp-block-image\">\n<figure class=\"alignright size-full is-resized\"><a href=\"https:\/\/www.facebook.com\/theavraams\/\" target=\"_blank\" rel=\"noopener\"><img loading=\"lazy\" decoding=\"async\" width=\"1273\" height=\"1165\" src=\"https:\/\/www.prixdeshivernales.be\/wp-content\/uploads\/sites\/2\/2025\/01\/SWTA-LOGO-black-.png\" alt=\"\" class=\"wp-image-2353\" style=\"width:150px\" srcset=\"https:\/\/www.prixdeshivernales.be\/wp-content\/uploads\/sites\/2\/2025\/01\/SWTA-LOGO-black-.png 1273w, https:\/\/www.prixdeshivernales.be\/wp-content\/uploads\/sites\/2\/2025\/01\/SWTA-LOGO-black--500x458.png 500w, https:\/\/www.prixdeshivernales.be\/wp-content\/uploads\/sites\/2\/2025\/01\/SWTA-LOGO-black--1200x1098.png 1200w, https:\/\/www.prixdeshivernales.be\/wp-content\/uploads\/sites\/2\/2025\/01\/SWTA-LOGO-black--768x703.png 768w\" sizes=\"auto, (max-width: 1273px) 100vw, 1273px\" \/><\/a><\/figure>\n<\/div><\/div>\n\n\n\n<div class=\"wp-block-column is-layout-flow wp-block-column-is-layout-flow\" style=\"flex-basis:66.66%\">\n<p>Louiza and Ioanna Avraam, Founders of&nbsp;<a href=\"https:\/\/www.facebook.com\/theavraams\/\"><strong>The Avraams Summer Intensive<\/strong><\/a>,&nbsp;will be pleased to offer two scholarships to attend the 2026 summer edition.&nbsp;<br>The&nbsp;Avraams Summer Intensive offers top level classes in both classical and contemporary field. Participants will train with renowned principal dancers, rising choreographers, and world-class teachers, to refine their skills and explore the beauty of dance in a global context. An opportunity to build meaningful connections, while experiencing the inspiring setting of Cyprus.<\/p>\n<\/div>\n<\/div>\n\n\n\n<div class=\"wp-block-columns is-layout-flex wp-container-core-columns-is-layout-9d6595d7 wp-block-columns-is-layout-flex\">\n<div class=\"wp-block-column is-layout-flow wp-block-column-is-layout-flow\" style=\"flex-basis:33.33%\"><div class=\"wp-block-image\">\n<figure class=\"alignright size-full is-resized\"><a href=\"https:\/\/www.sada.dance\/\" target=\"_blank\" rel=\"noopener\"><img loading=\"lazy\" decoding=\"async\" width=\"1200\" height=\"871\" src=\"https:\/\/www.prixdeshivernales.be\/wp-content\/uploads\/sites\/2\/2025\/01\/Logo_Dance-Vision_-Salzburg-Academy-for-Dance-Arts.jpg\" alt=\"\" class=\"wp-image-2368\" style=\"width:150px\" srcset=\"https:\/\/www.prixdeshivernales.be\/wp-content\/uploads\/sites\/2\/2025\/01\/Logo_Dance-Vision_-Salzburg-Academy-for-Dance-Arts.jpg 1200w, https:\/\/www.prixdeshivernales.be\/wp-content\/uploads\/sites\/2\/2025\/01\/Logo_Dance-Vision_-Salzburg-Academy-for-Dance-Arts-500x363.jpg 500w, https:\/\/www.prixdeshivernales.be\/wp-content\/uploads\/sites\/2\/2025\/01\/Logo_Dance-Vision_-Salzburg-Academy-for-Dance-Arts-768x557.jpg 768w\" sizes=\"auto, (max-width: 1200px) 100vw, 1200px\" \/><\/a><\/figure>\n<\/div><\/div>\n\n\n\n<div class=\"wp-block-column is-layout-flow wp-block-column-is-layout-flow\" style=\"flex-basis:66.66%\">\n<p><strong><a href=\"https:\/\/www.sada.dance\/\" target=\"_blank\" rel=\"noreferrer noopener\">Dance Vision<\/a><\/strong> &#8211; Salzburg Academy for Dance Arts \u2013 will be pleased to offer a full access to its&nbsp;SummerDance Intensive \u201cPhoenix 2026\u201d.&nbsp;<\/p>\n<\/div>\n<\/div>\n\n\n\n<div class=\"wp-block-columns is-layout-flex wp-container-core-columns-is-layout-9d6595d7 wp-block-columns-is-layout-flex\">\n<div class=\"wp-block-column is-layout-flow wp-block-column-is-layout-flow\" style=\"flex-basis:33.33%\"><div class=\"wp-block-image\">\n<figure class=\"alignright size-full is-resized\"><a href=\"https:\/\/wsballetvalencia.com\/\" target=\"_blank\" rel=\"noopener\"><img loading=\"lazy\" decoding=\"async\" width=\"2560\" height=\"654\" src=\"https:\/\/www.prixdeshivernales.be\/wp-content\/uploads\/sites\/2\/2026\/03\/redisenI\u0083o-adam-01-1-scaled.png\" alt=\"ADAM\" class=\"wp-image-3076\" style=\"width:150px\" srcset=\"https:\/\/www.prixdeshivernales.be\/wp-content\/uploads\/sites\/2\/2026\/03\/redisenI\u0083o-adam-01-1-scaled.png 2560w, https:\/\/www.prixdeshivernales.be\/wp-content\/uploads\/sites\/2\/2026\/03\/redisenI\u0083o-adam-01-1-500x128.png 500w, https:\/\/www.prixdeshivernales.be\/wp-content\/uploads\/sites\/2\/2026\/03\/redisenI\u0083o-adam-01-1-1200x307.png 1200w, https:\/\/www.prixdeshivernales.be\/wp-content\/uploads\/sites\/2\/2026\/03\/redisenI\u0083o-adam-01-1-768x196.png 768w, https:\/\/www.prixdeshivernales.be\/wp-content\/uploads\/sites\/2\/2026\/03\/redisenI\u0083o-adam-01-1-1536x393.png 1536w, https:\/\/www.prixdeshivernales.be\/wp-content\/uploads\/sites\/2\/2026\/03\/redisenI\u0083o-adam-01-1-2048x523.png 2048w\" sizes=\"auto, (max-width: 2560px) 100vw, 2560px\" \/><\/a><\/figure>\n<\/div><\/div>\n\n\n\n<div class=\"wp-block-column is-layout-flow wp-block-column-is-layout-flow\" style=\"flex-basis:66.66%\">\n<p><a href=\"https:\/\/wsballetvalencia.com\/\" target=\"_blank\" rel=\"noreferrer noopener\"><strong>ADAM<\/strong>, Asociaci\u00f3n de Danza y Arte del Mediterr\u00e1neo<\/a>, will be pleased to offer a full scholarship for the next International Dance Campus in Valencia (excluding travel and accommodation).<\/p>\n<\/div>\n<\/div>\n\n\n\n<div class=\"wp-block-columns is-layout-flex wp-container-core-columns-is-layout-9d6595d7 wp-block-columns-is-layout-flex\">\n<div class=\"wp-block-column is-layout-flow wp-block-column-is-layout-flow\" style=\"flex-basis:33.33%\"><div class=\"wp-block-image\">\n<figure class=\"alignright size-full is-resized\"><a href=\"https:\/\/www.brusselsintballet.org\" target=\"_blank\" rel=\" noreferrer noopener\"><img loading=\"lazy\" decoding=\"async\" width=\"400\" height=\"400\" src=\"https:\/\/www.prixdeshivernales.be\/wp-content\/uploads\/sites\/2\/2026\/02\/BIBS.png\" alt=\"\" class=\"wp-image-2948\" style=\"width:150px;height:undefinedpx\" srcset=\"https:\/\/www.prixdeshivernales.be\/wp-content\/uploads\/sites\/2\/2026\/02\/BIBS.png 400w, https:\/\/www.prixdeshivernales.be\/wp-content\/uploads\/sites\/2\/2026\/02\/BIBS-200x200.png 200w\" sizes=\"auto, (max-width: 400px) 100vw, 400px\" \/><\/a><\/figure>\n<\/div><\/div>\n\n\n\n<div class=\"wp-block-column is-layout-flow wp-block-column-is-layout-flow\" style=\"flex-basis:66.66%\">\n<p>The <strong><a href=\"https:\/\/www.brusselsintballet.org\" target=\"_blank\" rel=\"noreferrer noopener\">Brussels International Ballet School<\/a><\/strong> and its Artistic Director, Mr Anderson Santana, will be pleased to offer scholarships for its Summer Intensive Program, and its Professional Training Program.&nbsp;<\/p>\n<\/div>\n<\/div>\n\n\n\n<div class=\"wp-block-columns is-layout-flex wp-container-core-columns-is-layout-9d6595d7 wp-block-columns-is-layout-flex\">\n<div class=\"wp-block-column is-layout-flow wp-block-column-is-layout-flow\" style=\"flex-basis:33.33%\"><div class=\"wp-block-image\">\n<figure class=\"alignright size-full is-resized\"><a href=\"https:\/\/conservatorioannarella.com\/site\/sobre-nos\/?lang=fr\" target=\"_blank\" rel=\" noreferrer noopener\"><img loading=\"lazy\" decoding=\"async\" width=\"800\" height=\"671\" src=\"https:\/\/www.prixdeshivernales.be\/wp-content\/uploads\/sites\/2\/2026\/02\/Annarella-Sanchez.jpg\" alt=\"Annarella Sanchez\" class=\"wp-image-2949\" style=\"width:150px;height:undefinedpx\" srcset=\"https:\/\/www.prixdeshivernales.be\/wp-content\/uploads\/sites\/2\/2026\/02\/Annarella-Sanchez.jpg 800w, https:\/\/www.prixdeshivernales.be\/wp-content\/uploads\/sites\/2\/2026\/02\/Annarella-Sanchez-500x419.jpg 500w, https:\/\/www.prixdeshivernales.be\/wp-content\/uploads\/sites\/2\/2026\/02\/Annarella-Sanchez-768x644.jpg 768w\" sizes=\"auto, (max-width: 800px) 100vw, 800px\" \/><\/a><\/figure>\n<\/div><\/div>\n\n\n\n<div class=\"wp-block-column is-layout-flow wp-block-column-is-layout-flow\" style=\"flex-basis:66.66%\">\n<p><strong><a href=\"https:\/\/conservatorioannarella.com\/site\/sobre-nos\/?lang=fr\" target=\"_blank\" rel=\"noreferrer noopener\">The International Conservatory of Ballet Annarella Sanchez<\/a><\/strong> will be pleased to offer scholarships for a week-long internship at CIBDAS, as well as for the 2026 Intensive Summer Course.<\/p>\n<\/div>\n<\/div>\n\n\n\n<div class=\"wp-block-columns is-layout-flex wp-container-core-columns-is-layout-9d6595d7 wp-block-columns-is-layout-flex\">\n<div class=\"wp-block-column is-layout-flow wp-block-column-is-layout-flow\" style=\"flex-basis:33.33%\"><div class=\"wp-block-image\">\n<figure class=\"alignright size-large is-resized\"><a href=\"https:\/\/ecoleduballetstanlowa.paris\/\" target=\"_blank\" rel=\"noreferrer noopener\"><img loading=\"lazy\" decoding=\"async\" width=\"1200\" height=\"800\" src=\"https:\/\/www.prixdeshivernales.be\/wp-content\/uploads\/sites\/2\/2023\/03\/EBPS-1200x800.jpg\" alt=\"\" class=\"wp-image-1342\" style=\"width:150px;height:100px\" srcset=\"https:\/\/www.prixdeshivernales.be\/wp-content\/uploads\/sites\/2\/2023\/03\/EBPS-1200x800.jpg 1200w, https:\/\/www.prixdeshivernales.be\/wp-content\/uploads\/sites\/2\/2023\/03\/EBPS-500x333.jpg 500w, https:\/\/www.prixdeshivernales.be\/wp-content\/uploads\/sites\/2\/2023\/03\/EBPS-768x512.jpg 768w, https:\/\/www.prixdeshivernales.be\/wp-content\/uploads\/sites\/2\/2023\/03\/EBPS-1536x1024.jpg 1536w, https:\/\/www.prixdeshivernales.be\/wp-content\/uploads\/sites\/2\/2023\/03\/EBPS.jpg 1701w\" sizes=\"auto, (max-width: 1200px) 100vw, 1200px\" \/><\/a><\/figure>\n<\/div><\/div>\n\n\n\n<div class=\"wp-block-column is-layout-flow wp-block-column-is-layout-flow\" style=\"flex-basis:66.66%\">\n<p><a href=\"https:\/\/ecoleduballetstanlowa.paris\/\" target=\"_blank\" rel=\"noreferrer noopener\"><strong>Paris Stanlowa Ballet School<\/strong><\/a>&nbsp;will offer a pre-professional training course in its institute during summer to one the winners. A great opportunity to progress in classical, pointe, barre au sol, \u2026 with the teachers of the Paris Opera Ballet School and Stanlowa.<\/p>\n<\/div>\n<\/div>\n\n\n\n<div class=\"wp-block-columns is-layout-flex wp-container-core-columns-is-layout-9d6595d7 wp-block-columns-is-layout-flex\">\n<div class=\"wp-block-column is-layout-flow wp-block-column-is-layout-flow\" style=\"flex-basis:33.33%\"><div class=\"wp-block-image\">\n<figure class=\"alignright size-full is-resized\"><a href=\"https:\/\/www.academiedansecarolemassoutie.com\" target=\"_blank\" rel=\" noreferrer noopener\"><img loading=\"lazy\" decoding=\"async\" width=\"1200\" height=\"825\" src=\"https:\/\/www.prixdeshivernales.be\/wp-content\/uploads\/sites\/2\/2026\/02\/Carole-Massoutie.jpg\" alt=\"Carole Massouti\u00e9\" class=\"wp-image-3016\" style=\"width:150px;height:undefinedpx\" srcset=\"https:\/\/www.prixdeshivernales.be\/wp-content\/uploads\/sites\/2\/2026\/02\/Carole-Massoutie.jpg 1200w, https:\/\/www.prixdeshivernales.be\/wp-content\/uploads\/sites\/2\/2026\/02\/Carole-Massoutie-500x344.jpg 500w, https:\/\/www.prixdeshivernales.be\/wp-content\/uploads\/sites\/2\/2026\/02\/Carole-Massoutie-768x528.jpg 768w\" sizes=\"auto, (max-width: 1200px) 100vw, 1200px\" \/><\/a><\/figure>\n<\/div><\/div>\n\n\n\n<div class=\"wp-block-column is-layout-flow wp-block-column-is-layout-flow\" style=\"flex-basis:66.66%\">\n<p><strong><a href=\"https:\/\/www.academiedansecarolemassoutie.com\" target=\"_blank\" rel=\"noreferrer noopener\">Carole Massouti\u00e9 Dance Academy<\/a><\/strong> will be pleased to offer an full access to the summer courses of the Academy, as well as 2 one-week immersions into the Academy.<\/p>\n<\/div>\n<\/div>\n\n\n\n<div class=\"wp-block-columns is-layout-flex wp-container-core-columns-is-layout-9d6595d7 wp-block-columns-is-layout-flex\">\n<div class=\"wp-block-column is-layout-flow wp-block-column-is-layout-flow\" style=\"flex-basis:33.33%\"><div class=\"wp-block-image\">\n<figure class=\"alignright size-large is-resized\"><a href=\"https:\/\/www.proballetschool.ch\" target=\"_blank\" rel=\" noreferrer noopener\"><img loading=\"lazy\" decoding=\"async\" width=\"1200\" height=\"375\" src=\"https:\/\/www.prixdeshivernales.be\/wp-content\/uploads\/sites\/2\/2023\/09\/PBS-Logo_Mesa-de-trabajo-2-1200x375.png\" alt=\"\" class=\"wp-image-1414\" style=\"width:150px;height:undefinedpx\" srcset=\"https:\/\/www.prixdeshivernales.be\/wp-content\/uploads\/sites\/2\/2023\/09\/PBS-Logo_Mesa-de-trabajo-2-1200x375.png 1200w, https:\/\/www.prixdeshivernales.be\/wp-content\/uploads\/sites\/2\/2023\/09\/PBS-Logo_Mesa-de-trabajo-2-500x156.png 500w, https:\/\/www.prixdeshivernales.be\/wp-content\/uploads\/sites\/2\/2023\/09\/PBS-Logo_Mesa-de-trabajo-2-768x240.png 768w, https:\/\/www.prixdeshivernales.be\/wp-content\/uploads\/sites\/2\/2023\/09\/PBS-Logo_Mesa-de-trabajo-2.png 1280w\" sizes=\"auto, (max-width: 1200px) 100vw, 1200px\" \/><\/a><\/figure>\n<\/div><\/div>\n\n\n\n<div class=\"wp-block-column is-layout-flow wp-block-column-is-layout-flow\" style=\"flex-basis:66.66%\">\n<p>Mrs Cinthia Labaronne, founder and artistic director of&nbsp;<a href=\"https:\/\/www.proballetschool.ch\"><strong>Pro Ballet School<\/strong><\/a>&nbsp;in Switzerland, will be pleased to offer a one-week immersion into the school.<\/p>\n<\/div>\n<\/div>\n\n\n\n<div class=\"wp-block-columns is-layout-flex wp-container-core-columns-is-layout-9d6595d7 wp-block-columns-is-layout-flex\">\n<div class=\"wp-block-column is-layout-flow wp-block-column-is-layout-flow\" style=\"flex-basis:33.33%\"><div class=\"wp-block-image\">\n<figure class=\"alignright size-full is-resized\"><a href=\"https:\/\/www.mosaballetschool.eu\/\" target=\"_blank\" rel=\"noopener\"><img loading=\"lazy\" decoding=\"async\" width=\"151\" height=\"197\" src=\"https:\/\/www.prixdeshivernales.be\/wp-content\/uploads\/sites\/2\/2021\/10\/mosa-ballet-school.png\" alt=\"\" class=\"wp-image-222\" style=\"width:150px\"\/><\/a><\/figure>\n<\/div><\/div>\n\n\n\n<div class=\"wp-block-column is-layout-flow wp-block-column-is-layout-flow\" style=\"flex-basis:66.66%\">\n<p>The&nbsp;<a href=\"https:\/\/www.mosaballetschool.eu\/\"><strong>Mosa Ballet School<\/strong><\/a>&nbsp;will have the pleasure of offering 2 one-week&nbsp;scholarships to the 2026 \u201cSummer Intensive Courses\u201d. These scholarships give unlimited access to all the Intensive&nbsp;classes. Olivier Patey, the school\u2019s Artistic Director, will attend the final to select the 2 winners.&nbsp;<\/p>\n<\/div>\n<\/div>\n\n\n\n<div class=\"wp-block-columns is-layout-flex wp-container-core-columns-is-layout-9d6595d7 wp-block-columns-is-layout-flex\">\n<div class=\"wp-block-column is-layout-flow wp-block-column-is-layout-flow\" style=\"flex-basis:33.33%\"><div class=\"wp-block-image\">\n<figure class=\"alignright size-full is-resized\"><a href=\"https:\/\/www.brotoproject.com\" target=\"_blank\" rel=\"noopener\"><img loading=\"lazy\" decoding=\"async\" width=\"800\" height=\"800\" src=\"https:\/\/www.prixdeshivernales.be\/wp-content\/uploads\/sites\/2\/2025\/11\/BROTO_logo-01.jpg\" alt=\"Broto\" class=\"wp-image-2771\" style=\"width:150px\" srcset=\"https:\/\/www.prixdeshivernales.be\/wp-content\/uploads\/sites\/2\/2025\/11\/BROTO_logo-01.jpg 800w, https:\/\/www.prixdeshivernales.be\/wp-content\/uploads\/sites\/2\/2025\/11\/BROTO_logo-01-500x500.jpg 500w, https:\/\/www.prixdeshivernales.be\/wp-content\/uploads\/sites\/2\/2025\/11\/BROTO_logo-01-200x200.jpg 200w, https:\/\/www.prixdeshivernales.be\/wp-content\/uploads\/sites\/2\/2025\/11\/BROTO_logo-01-768x768.jpg 768w\" sizes=\"auto, (max-width: 800px) 100vw, 800px\" \/><\/a><\/figure>\n<\/div><\/div>\n\n\n\n<div class=\"wp-block-column is-layout-flow wp-block-column-is-layout-flow\" style=\"flex-basis:66.66%\">\n<p><br>The <strong><a href=\"https:\/\/www.brotoproject.com\" target=\"_blank\" rel=\"noreferrer noopener\">Broto Project<\/a><\/strong> will offer two full scholarships for the Summer Event VITAMIN D\u201926.&nbsp;<\/p>\n<\/div>\n<\/div>\n\n\n\n<div class=\"wp-block-columns is-layout-flex wp-container-core-columns-is-layout-9d6595d7 wp-block-columns-is-layout-flex\">\n<div class=\"wp-block-column is-layout-flow wp-block-column-is-layout-flow\" style=\"flex-basis:33.33%\"><div class=\"wp-block-image\">\n<figure class=\"alignright size-full is-resized\"><a href=\"https:\/\/www.castlesummerintensive.com\" target=\"_blank\" rel=\"noreferrer noopener\"><img loading=\"lazy\" decoding=\"async\" width=\"1043\" height=\"618\" src=\"https:\/\/www.prixdeshivernales.be\/wp-content\/uploads\/sites\/2\/2023\/09\/Logo-CSI.png\" alt=\"\" class=\"wp-image-1424\" style=\"width:150px;height:100px\" srcset=\"https:\/\/www.prixdeshivernales.be\/wp-content\/uploads\/sites\/2\/2023\/09\/Logo-CSI.png 1043w, https:\/\/www.prixdeshivernales.be\/wp-content\/uploads\/sites\/2\/2023\/09\/Logo-CSI-500x296.png 500w, https:\/\/www.prixdeshivernales.be\/wp-content\/uploads\/sites\/2\/2023\/09\/Logo-CSI-768x455.png 768w\" sizes=\"auto, (max-width: 1043px) 100vw, 1043px\" \/><\/a><\/figure>\n<\/div><\/div>\n\n\n\n<div class=\"wp-block-column is-layout-flow wp-block-column-is-layout-flow\" style=\"flex-basis:66.66%\">\n<p>Damiano Artale, founder and artistic director of the <strong>Castle Summer Intensive<\/strong> in Italy, will be delighted to offer two full accesses to the 7<sup>th<\/sup> edition in Summer 2026.&nbsp;<\/p>\n<\/div>\n<\/div>\n\n\n\n<div class=\"wp-block-columns is-layout-flex wp-container-core-columns-is-layout-9d6595d7 wp-block-columns-is-layout-flex\">\n<div class=\"wp-block-column is-layout-flow wp-block-column-is-layout-flow\" style=\"flex-basis:33.33%\"><div class=\"wp-block-image\">\n<figure class=\"alignright size-full is-resized\"><a href=\"https:\/\/cubanballetprogram.com\/\" target=\"_blank\" rel=\"noreferrer noopener\"><img loading=\"lazy\" decoding=\"async\" width=\"512\" height=\"546\" src=\"https:\/\/www.prixdeshivernales.be\/wp-content\/uploads\/sites\/2\/2024\/01\/logo_black.jpg\" alt=\"\" class=\"wp-image-1656\" style=\"width:150px\" srcset=\"https:\/\/www.prixdeshivernales.be\/wp-content\/uploads\/sites\/2\/2024\/01\/logo_black.jpg 512w, https:\/\/www.prixdeshivernales.be\/wp-content\/uploads\/sites\/2\/2024\/01\/logo_black-469x500.jpg 469w\" sizes=\"auto, (max-width: 512px) 100vw, 512px\" \/><\/a><\/figure>\n<\/div><\/div>\n\n\n\n<div class=\"wp-block-column is-layout-flow wp-block-column-is-layout-flow\" style=\"flex-basis:66.66%\">\n<p>Howard Quintero and Marlen Moreno, Directors and Founders of the <strong><a href=\"https:\/\/cubanballetprogram.com\/\" target=\"_blank\" rel=\"noreferrer noopener\">Cuban Ballet Program<\/a><\/strong>, will be pleased to&nbsp;offer a full access to the Cuban Ballet Program\u2019s professional summer courses.<\/p>\n<\/div>\n<\/div>\n\n\n\n<div class=\"wp-block-columns is-layout-flex wp-container-core-columns-is-layout-9d6595d7 wp-block-columns-is-layout-flex\">\n<div class=\"wp-block-column is-layout-flow wp-block-column-is-layout-flow\" style=\"flex-basis:33.33%\"><div class=\"wp-block-image\">\n<figure class=\"alignright size-full is-resized\"><a href=\"http:\/\/www.danses-darc.com\" target=\"_blank\" rel=\"noopener\"><img loading=\"lazy\" decoding=\"async\" width=\"600\" height=\"600\" src=\"https:\/\/www.prixdeshivernales.be\/wp-content\/uploads\/sites\/2\/2023\/11\/LOGO-DARC.png\" alt=\"\" class=\"wp-image-1542\" style=\"width:150px\" srcset=\"https:\/\/www.prixdeshivernales.be\/wp-content\/uploads\/sites\/2\/2023\/11\/LOGO-DARC.png 600w, https:\/\/www.prixdeshivernales.be\/wp-content\/uploads\/sites\/2\/2023\/11\/LOGO-DARC-500x500.png 500w, https:\/\/www.prixdeshivernales.be\/wp-content\/uploads\/sites\/2\/2023\/11\/LOGO-DARC-200x200.png 200w\" sizes=\"auto, (max-width: 600px) 100vw, 600px\" \/><\/a><\/figure>\n<\/div><\/div>\n\n\n\n<div class=\"wp-block-column is-layout-flow wp-block-column-is-layout-flow\" style=\"flex-basis:66.66%\">\n<p>\u00c9ric Bellet, director of the&nbsp;<a href=\"http:\/\/www.danses-darc.com\/\" target=\"_blank\" rel=\"noreferrer noopener\"><strong>Stage-Festival Ch\u00e2teauroux \u2013 DARC<\/strong><\/a>, will be pleased to offer an unlimited access to the 51st Stage International de Ch\u00e2teauroux from 9 to 21 August 2026.<\/p>\n<\/div>\n<\/div>\n\n\n\n<div class=\"wp-block-columns is-layout-flex wp-container-core-columns-is-layout-9d6595d7 wp-block-columns-is-layout-flex\">\n<div class=\"wp-block-column is-layout-flow wp-block-column-is-layout-flow\" style=\"flex-basis:33.33%\"><div class=\"wp-block-image\">\n<figure class=\"alignright size-full is-resized\"><a href=\"https:\/\/vmballet.com\" target=\"_blank\" rel=\"noreferrer noopener\"><img loading=\"lazy\" decoding=\"async\" width=\"624\" height=\"696\" src=\"https:\/\/www.prixdeshivernales.be\/wp-content\/uploads\/sites\/2\/2023\/09\/LLOGO.jpg\" alt=\"\" class=\"wp-image-1437\" style=\"width:150px;height:undefinedpx\" srcset=\"https:\/\/www.prixdeshivernales.be\/wp-content\/uploads\/sites\/2\/2023\/09\/LLOGO.jpg 624w, https:\/\/www.prixdeshivernales.be\/wp-content\/uploads\/sites\/2\/2023\/09\/LLOGO-448x500.jpg 448w\" sizes=\"auto, (max-width: 624px) 100vw, 624px\" \/><\/a><\/figure>\n<\/div><\/div>\n\n\n\n<div class=\"wp-block-column is-layout-flow wp-block-column-is-layout-flow\" style=\"flex-basis:66.66%\">\n<p>The&nbsp;<a href=\"https:\/\/vmballet.com\/\" target=\"_blank\" rel=\"noreferrer noopener\"><strong>VM Ballet<\/strong><\/a>&nbsp;will be happy to offer two scholarships to experience a week of Professional Training at the VMBALLET International Ballet School Toulouse France (dates to be determined with the winners).<\/p>\n<\/div>\n<\/div>\n\n\n\n<div class=\"wp-block-columns is-layout-flex wp-container-core-columns-is-layout-9d6595d7 wp-block-columns-is-layout-flex\">\n<div class=\"wp-block-column is-layout-flow wp-block-column-is-layout-flow\" style=\"flex-basis:33.33%\"><div class=\"wp-block-image\">\n<figure class=\"alignright size-full is-resized\"><a href=\"https:\/\/balance.cherevychko.com\" target=\"_blank\" rel=\"noopener\"><img loading=\"lazy\" decoding=\"async\" width=\"800\" height=\"800\" src=\"https:\/\/www.prixdeshivernales.be\/wp-content\/uploads\/sites\/2\/2025\/11\/Balance-Logo-Black-Transparent-BG.jpg\" alt=\"Balance by Cherevychko\" class=\"wp-image-2770\" style=\"width:150px\" srcset=\"https:\/\/www.prixdeshivernales.be\/wp-content\/uploads\/sites\/2\/2025\/11\/Balance-Logo-Black-Transparent-BG.jpg 800w, https:\/\/www.prixdeshivernales.be\/wp-content\/uploads\/sites\/2\/2025\/11\/Balance-Logo-Black-Transparent-BG-500x500.jpg 500w, https:\/\/www.prixdeshivernales.be\/wp-content\/uploads\/sites\/2\/2025\/11\/Balance-Logo-Black-Transparent-BG-200x200.jpg 200w, https:\/\/www.prixdeshivernales.be\/wp-content\/uploads\/sites\/2\/2025\/11\/Balance-Logo-Black-Transparent-BG-768x768.jpg 768w\" sizes=\"auto, (max-width: 800px) 100vw, 800px\" \/><\/a><\/figure>\n<\/div><\/div>\n\n\n\n<div class=\"wp-block-column is-layout-flow wp-block-column-is-layout-flow\" style=\"flex-basis:66.66%\">\n<p>The Principal Denys Cherevychko is happy to offer a Training Kit of his brand <strong><a href=\"https:\/\/balance.cherevychko.com\" target=\"_blank\" rel=\"noreferrer noopener\">Balance by Cherevychko<\/a><\/strong> to a promising male dancer.&nbsp;<\/p>\n<\/div>\n<\/div>\n\n\n\n<div class=\"wp-block-columns is-layout-flex wp-container-core-columns-is-layout-9d6595d7 wp-block-columns-is-layout-flex\">\n<div class=\"wp-block-column is-layout-flow wp-block-column-is-layout-flow\" style=\"flex-basis:33.33%\"><div class=\"wp-block-image\">\n<figure class=\"alignright size-full is-resized\"><a href=\"https:\/\/www.stagededanse.be\/stages-de-danse\/liege-summer-danse-intensive-2026-en\/\" target=\"_blank\" rel=\"noopener\"><img loading=\"lazy\" decoding=\"async\" width=\"2000\" height=\"1125\" src=\"https:\/\/www.prixdeshivernales.be\/wp-content\/uploads\/sites\/2\/2026\/03\/Liege-Summer-Intensive.png\" alt=\"Li\u00e8ge Summer Intensive\" class=\"wp-image-3064\" style=\"width:150px;height:undefinedpx\" srcset=\"https:\/\/www.prixdeshivernales.be\/wp-content\/uploads\/sites\/2\/2026\/03\/Liege-Summer-Intensive.png 2000w, https:\/\/www.prixdeshivernales.be\/wp-content\/uploads\/sites\/2\/2026\/03\/Liege-Summer-Intensive-500x281.png 500w, https:\/\/www.prixdeshivernales.be\/wp-content\/uploads\/sites\/2\/2026\/03\/Liege-Summer-Intensive-1200x675.png 1200w, https:\/\/www.prixdeshivernales.be\/wp-content\/uploads\/sites\/2\/2026\/03\/Liege-Summer-Intensive-768x432.png 768w, https:\/\/www.prixdeshivernales.be\/wp-content\/uploads\/sites\/2\/2026\/03\/Liege-Summer-Intensive-1536x864.png 1536w\" sizes=\"auto, (max-width: 2000px) 100vw, 2000px\" \/><\/a><\/figure>\n<\/div><\/div>\n\n\n\n<div class=\"wp-block-column is-layout-flow wp-block-column-is-layout-flow\" style=\"flex-basis:66.66%\">\n<p><strong><a href=\"https:\/\/www.stagededanse.be\/\" target=\"_blank\" rel=\"noreferrer noopener\">Stage de Danse asbl<\/a><\/strong> will offer unlimited access to the <a href=\"https:\/\/www.stagededanse.be\/stages-de-danse\/liege-summer-danse-intensive-2026-en\/\" target=\"_blank\" rel=\"noreferrer noopener\">22nd&nbsp;<strong>Li\u00e8ge Summer Dance Intensive<\/strong><\/a>.<\/p>\n<\/div>\n<\/div>\n\n\n\n<div class=\"wp-block-columns is-layout-flex wp-container-core-columns-is-layout-9d6595d7 wp-block-columns-is-layout-flex\">\n<div class=\"wp-block-column is-layout-flow wp-block-column-is-layout-flow\" style=\"flex-basis:33.33%\"><div class=\"wp-block-image\">\n<figure class=\"alignright size-full is-resized\"><a href=\"https:\/\/www.stagededanse.be\/stages-de-danse\/brussels-summer-dance-intensive-2026-en\/\" target=\"_blank\" rel=\"noopener\"><img loading=\"lazy\" decoding=\"async\" width=\"2000\" height=\"1125\" src=\"https:\/\/www.prixdeshivernales.be\/wp-content\/uploads\/sites\/2\/2026\/03\/Brussels-Summer-Intensive.png\" alt=\"Brussels Summer Intensive\" class=\"wp-image-3063\" style=\"width:150px;height:undefinedpx\" srcset=\"https:\/\/www.prixdeshivernales.be\/wp-content\/uploads\/sites\/2\/2026\/03\/Brussels-Summer-Intensive.png 2000w, https:\/\/www.prixdeshivernales.be\/wp-content\/uploads\/sites\/2\/2026\/03\/Brussels-Summer-Intensive-500x281.png 500w, https:\/\/www.prixdeshivernales.be\/wp-content\/uploads\/sites\/2\/2026\/03\/Brussels-Summer-Intensive-1200x675.png 1200w, https:\/\/www.prixdeshivernales.be\/wp-content\/uploads\/sites\/2\/2026\/03\/Brussels-Summer-Intensive-768x432.png 768w, https:\/\/www.prixdeshivernales.be\/wp-content\/uploads\/sites\/2\/2026\/03\/Brussels-Summer-Intensive-1536x864.png 1536w\" sizes=\"auto, (max-width: 2000px) 100vw, 2000px\" \/><\/a><\/figure>\n<\/div><\/div>\n\n\n\n<div class=\"wp-block-column is-layout-flow wp-block-column-is-layout-flow\" style=\"flex-basis:66.66%\">\n<p><strong><a href=\"https:\/\/www.stagededanse.be\/\" target=\"_blank\" rel=\"noreferrer noopener\">Stage de Danse asbl<\/a><\/strong> will offer an unlimited access to <strong><a href=\"https:\/\/www.stagededanse.be\/stages-de-danse\/brussels-summer-dance-intensive-2026-en\/\" target=\"_blank\" rel=\"noreferrer noopener\">Brussels Summer Dance Intensive<\/a><\/strong>.<\/p>\n<\/div>\n<\/div>\n<\/div><\/div>\n\n\n\n<div class=\"wp-block-columns is-layout-flex wp-container-core-columns-is-layout-9d6595d7 wp-block-columns-is-layout-flex\">\n<div class=\"wp-block-column is-layout-flow wp-block-column-is-layout-flow\" style=\"flex-basis:33.33%\"><div class=\"wp-block-image\">\n<figure class=\"alignright size-full is-resized\"><a href=\"https:\/\/eu.blochworld.com\/fr?srsltid=AfmBOorSLh4I-1WN24-l1jEK2lfj-WJOGyVQVKYaoEE0_7DKfROIAkqx\" target=\"_blank\" rel=\"noopener\"><img loading=\"lazy\" decoding=\"async\" width=\"2487\" height=\"1555\" src=\"https:\/\/www.prixdeshivernales.be\/wp-content\/uploads\/sites\/2\/2026\/03\/Bloch.png\" alt=\"Bloch\" class=\"wp-image-3054\" style=\"width:150px;height:undefinedpx\" srcset=\"https:\/\/www.prixdeshivernales.be\/wp-content\/uploads\/sites\/2\/2026\/03\/Bloch.png 2487w, https:\/\/www.prixdeshivernales.be\/wp-content\/uploads\/sites\/2\/2026\/03\/Bloch-500x313.png 500w, https:\/\/www.prixdeshivernales.be\/wp-content\/uploads\/sites\/2\/2026\/03\/Bloch-1200x750.png 1200w, https:\/\/www.prixdeshivernales.be\/wp-content\/uploads\/sites\/2\/2026\/03\/Bloch-768x480.png 768w, https:\/\/www.prixdeshivernales.be\/wp-content\/uploads\/sites\/2\/2026\/03\/Bloch-1536x960.png 1536w, https:\/\/www.prixdeshivernales.be\/wp-content\/uploads\/sites\/2\/2026\/03\/Bloch-2048x1281.png 2048w\" sizes=\"auto, (max-width: 2487px) 100vw, 2487px\" \/><\/a><\/figure>\n<\/div><\/div>\n\n\n\n<div class=\"wp-block-column is-layout-flow wp-block-column-is-layout-flow\" style=\"flex-basis:66.66%\">\n<p><strong><a href=\"https:\/\/eu.blochworld.com\/fr?srsltid=AfmBOorSLh4I-1WN24-l1jEK2lfj-WJOGyVQVKYaoEE0_7DKfROIAkqx\" target=\"_blank\" rel=\"noreferrer noopener\">Bloch<\/a><\/strong>, partner of the Prix des Hivernales, will offer gifts to our winners, as well as goodie bags to all our finalists.<\/p>\n<\/div>\n<\/div>\n\n\n\n<h2 class=\"wp-block-heading\">2025<\/h2>\n\n\n\n<div class=\"wp-block-columns is-layout-flex wp-container-core-columns-is-layout-9d6595d7 wp-block-columns-is-layout-flex\">\n<div class=\"wp-block-column is-layout-flow wp-block-column-is-layout-flow\" style=\"flex-basis:33.33%\"><div class=\"wp-block-image\">\n<figure class=\"alignright size-full is-resized\"><a href=\"https:\/\/www.loterie-nationale.be\/bien-plus-que-jouer\/bonnes-causes\" target=\"_blank\" rel=\"noreferrer noopener\"><img loading=\"lazy\" decoding=\"async\" width=\"3354\" height=\"1396\" src=\"https:\/\/www.prixdeshivernales.be\/wp-content\/uploads\/sites\/2\/2023\/12\/Logo_Loterie_Horizontal_SAFEZONE_BASELINE_FR_BLACK.png\" alt=\"The National Lottery subsidizes the 12th edition of Les Hivernales de la Danse as part of the organization of its Ballet and Contemporary Dance Festival.\" class=\"wp-image-1602\" style=\"width:150px\" srcset=\"https:\/\/www.prixdeshivernales.be\/wp-content\/uploads\/sites\/2\/2023\/12\/Logo_Loterie_Horizontal_SAFEZONE_BASELINE_FR_BLACK.png 3354w, https:\/\/www.prixdeshivernales.be\/wp-content\/uploads\/sites\/2\/2023\/12\/Logo_Loterie_Horizontal_SAFEZONE_BASELINE_FR_BLACK-500x208.png 500w, https:\/\/www.prixdeshivernales.be\/wp-content\/uploads\/sites\/2\/2023\/12\/Logo_Loterie_Horizontal_SAFEZONE_BASELINE_FR_BLACK-1200x499.png 1200w, https:\/\/www.prixdeshivernales.be\/wp-content\/uploads\/sites\/2\/2023\/12\/Logo_Loterie_Horizontal_SAFEZONE_BASELINE_FR_BLACK-768x320.png 768w, https:\/\/www.prixdeshivernales.be\/wp-content\/uploads\/sites\/2\/2023\/12\/Logo_Loterie_Horizontal_SAFEZONE_BASELINE_FR_BLACK-1536x639.png 1536w, https:\/\/www.prixdeshivernales.be\/wp-content\/uploads\/sites\/2\/2023\/12\/Logo_Loterie_Horizontal_SAFEZONE_BASELINE_FR_BLACK-2048x852.png 2048w\" sizes=\"auto, (max-width: 3354px) 100vw, 3354px\" \/><\/a><\/figure>\n<\/div><\/div>\n\n\n\n<div class=\"wp-block-column is-layout-flow wp-block-column-is-layout-flow\" style=\"flex-basis:66.66%\">\n<p><meta charset=\"utf-8\">With the support of the <strong><a href=\"https:\/\/www.loterie-nationale.be\/bien-plus-que-jouer\/bonnes-causes\" target=\"_blank\" rel=\"noreferrer noopener\">National Lottery<\/a><\/strong> and its players.<\/p>\n<\/div>\n<\/div>\n\n\n\n<div class=\"wp-block-columns is-layout-flex wp-container-core-columns-is-layout-9d6595d7 wp-block-columns-is-layout-flex\">\n<div class=\"wp-block-column is-layout-flow wp-block-column-is-layout-flow\" style=\"flex-basis:33.33%\"><div class=\"wp-block-image\">\n<figure class=\"alignright size-full is-resized\"><a href=\"https:\/\/boutiquedansetavie.be\/\" target=\"_blank\" rel=\"noreferrer noopener\"><img loading=\"lazy\" decoding=\"async\" width=\"805\" height=\"294\" src=\"https:\/\/www.prixdeshivernales.be\/wp-content\/uploads\/sites\/2\/2023\/01\/logo-Danse-ta-vie.png\" alt=\"\" class=\"wp-image-1155\" style=\"width:150px\" srcset=\"https:\/\/www.prixdeshivernales.be\/wp-content\/uploads\/sites\/2\/2023\/01\/logo-Danse-ta-vie.png 805w, https:\/\/www.prixdeshivernales.be\/wp-content\/uploads\/sites\/2\/2023\/01\/logo-Danse-ta-vie-500x183.png 500w, https:\/\/www.prixdeshivernales.be\/wp-content\/uploads\/sites\/2\/2023\/01\/logo-Danse-ta-vie-768x280.png 768w\" sizes=\"auto, (max-width: 805px) 100vw, 805px\" \/><\/a><\/figure>\n<\/div><\/div>\n\n\n\n<div class=\"wp-block-column is-layout-flow wp-block-column-is-layout-flow\" style=\"flex-basis:66.66%\">\n<p>With the support of Boutique Danse ta vie.<\/p>\n<\/div>\n<\/div>\n\n\n\n<div class=\"wp-block-columns is-layout-flex wp-container-core-columns-is-layout-9d6595d7 wp-block-columns-is-layout-flex\">\n<div class=\"wp-block-column is-layout-flow wp-block-column-is-layout-flow\" style=\"flex-basis:33.33%\"><div class=\"wp-block-image\">\n<figure class=\"alignright size-full is-resized\"><a href=\"https:\/\/www.belfius.be\/common\/FR\/fw\/language.html\" target=\"_blank\" rel=\"noreferrer noopener\"><img loading=\"lazy\" decoding=\"async\" width=\"512\" height=\"427\" src=\"https:\/\/www.prixdeshivernales.be\/wp-content\/uploads\/sites\/2\/2024\/01\/LOGO-BELFIUS-CITE-ARDENTE_CARRE-POSITIF-A.jpg\" alt=\"\" class=\"wp-image-1773\" style=\"width:150px\" srcset=\"https:\/\/www.prixdeshivernales.be\/wp-content\/uploads\/sites\/2\/2024\/01\/LOGO-BELFIUS-CITE-ARDENTE_CARRE-POSITIF-A.jpg 512w, https:\/\/www.prixdeshivernales.be\/wp-content\/uploads\/sites\/2\/2024\/01\/LOGO-BELFIUS-CITE-ARDENTE_CARRE-POSITIF-A-500x417.jpg 500w\" sizes=\"auto, (max-width: 512px) 100vw, 512px\" \/><\/a><\/figure>\n<\/div><\/div>\n\n\n\n<div class=\"wp-block-column is-layout-flow wp-block-column-is-layout-flow\" style=\"flex-basis:66.66%\">\n<p>With the support of <strong><a href=\"https:\/\/www.belfius.be\/common\/FR\/fw\/language.html\" target=\"_blank\" rel=\"noreferrer noopener\">Belfius Li\u00e8ge Cit\u00e9 Ardente<\/a><\/strong>.<\/p>\n<\/div>\n<\/div>\n\n\n\n<div class=\"wp-block-columns is-layout-flex wp-container-core-columns-is-layout-9d6595d7 wp-block-columns-is-layout-flex\">\n<div class=\"wp-block-column is-layout-flow wp-block-column-is-layout-flow\" style=\"flex-basis:33.33%\"><div class=\"wp-block-image\">\n<figure class=\"alignright size-full is-resized\"><a href=\"https:\/\/europadansecompany.be\/\" target=\"_blank\" rel=\"noreferrer noopener\"><img loading=\"lazy\" decoding=\"async\" width=\"585\" height=\"330\" src=\"https:\/\/www.prixdeshivernales.be\/wp-content\/uploads\/sites\/2\/2023\/12\/B77926A8-F68D-415B-9D1F-754F12F636E1.jpg\" alt=\"\" class=\"wp-image-1593\" style=\"width:150px\" srcset=\"https:\/\/www.prixdeshivernales.be\/wp-content\/uploads\/sites\/2\/2023\/12\/B77926A8-F68D-415B-9D1F-754F12F636E1.jpg 585w, https:\/\/www.prixdeshivernales.be\/wp-content\/uploads\/sites\/2\/2023\/12\/B77926A8-F68D-415B-9D1F-754F12F636E1-500x282.jpg 500w\" sizes=\"auto, (max-width: 585px) 100vw, 585px\" \/><\/a><\/figure>\n<\/div><\/div>\n\n\n\n<div class=\"wp-block-column is-layout-flow wp-block-column-is-layout-flow\" style=\"flex-basis:66.66%\">\n<p><meta charset=\"utf-8\">Laurent Drousie, Artistic Director of <strong><a href=\"https:\/\/europadansecompany.be\/\" target=\"_blank\" rel=\"noreferrer noopener\">Europa Danse Company<\/a><\/strong>, will be pleased to offer a one-year scholarship with the company for the year 2025-2026.<\/p>\n<\/div>\n<\/div>\n\n\n\n<div class=\"wp-block-columns is-layout-flex wp-container-core-columns-is-layout-9d6595d7 wp-block-columns-is-layout-flex\">\n<div class=\"wp-block-column is-layout-flow wp-block-column-is-layout-flow\" style=\"flex-basis:33.33%\"><div class=\"wp-block-image\">\n<figure class=\"alignright size-full is-resized\"><a href=\"https:\/\/www.opinionpublic.be\/\" target=\"_blank\" rel=\"noreferrer noopener\"><img loading=\"lazy\" decoding=\"async\" width=\"800\" height=\"385\" src=\"https:\/\/www.prixdeshivernales.be\/wp-content\/uploads\/sites\/2\/2024\/11\/Junior-Ballet-Project.jpg\" alt=\"\" class=\"wp-image-2206\" style=\"width:150px\" srcset=\"https:\/\/www.prixdeshivernales.be\/wp-content\/uploads\/sites\/2\/2024\/11\/Junior-Ballet-Project.jpg 800w, https:\/\/www.prixdeshivernales.be\/wp-content\/uploads\/sites\/2\/2024\/11\/Junior-Ballet-Project-500x241.jpg 500w, https:\/\/www.prixdeshivernales.be\/wp-content\/uploads\/sites\/2\/2024\/11\/Junior-Ballet-Project-768x370.jpg 768w\" sizes=\"auto, (max-width: 800px) 100vw, 800px\" \/><\/a><\/figure>\n<\/div><\/div>\n\n\n\n<div class=\"wp-block-column is-layout-flow wp-block-column-is-layout-flow\" style=\"flex-basis:66.66%\">\n<p>Sidonie Foss\u00e9, Artistic Director of Compagnie Opinion Public, will be pleased to offer a one-year scholarship with the <strong><a href=\"https:\/\/www.opinionpublic.be\/\" target=\"_blank\" rel=\"noreferrer noopener\">Junior Ballet Project <\/a><\/strong>for the year 2025-2026,&nbsp;and a one-week immersion.<\/p>\n<\/div>\n<\/div>\n\n\n\n<div class=\"wp-block-columns is-layout-flex wp-container-core-columns-is-layout-9d6595d7 wp-block-columns-is-layout-flex\">\n<div class=\"wp-block-column is-layout-flow wp-block-column-is-layout-flow\" style=\"flex-basis:33.33%\"><div class=\"wp-block-image\">\n<figure class=\"alignright size-full is-resized\"><a href=\"https:\/\/acostadancefoundation.org.uk\/\" target=\"_blank\" rel=\"noreferrer noopener\"><img loading=\"lazy\" decoding=\"async\" width=\"868\" height=\"329\" src=\"https:\/\/www.prixdeshivernales.be\/wp-content\/uploads\/sites\/2\/2024\/12\/Acosta_DanceFoundation-new.png\" alt=\"\" class=\"wp-image-2243\" style=\"width:150px\" srcset=\"https:\/\/www.prixdeshivernales.be\/wp-content\/uploads\/sites\/2\/2024\/12\/Acosta_DanceFoundation-new.png 868w, https:\/\/www.prixdeshivernales.be\/wp-content\/uploads\/sites\/2\/2024\/12\/Acosta_DanceFoundation-new-500x190.png 500w, https:\/\/www.prixdeshivernales.be\/wp-content\/uploads\/sites\/2\/2024\/12\/Acosta_DanceFoundation-new-768x291.png 768w\" sizes=\"auto, (max-width: 868px) 100vw, 868px\" \/><\/a><\/figure>\n<\/div><\/div>\n\n\n\n<div class=\"wp-block-column is-layout-flow wp-block-column-is-layout-flow\" style=\"flex-basis:66.66%\">\n<p>The <strong><a href=\"https:\/\/acostadancefoundation.org.uk\/\" target=\"_blank\" rel=\"noreferrer noopener\">Acosta Dance Foundation<\/a><\/strong>&nbsp;will be pleased to&nbsp;offer a placement in the Acosta Advanced Training Hub (AATH) Program for the 2025\/26 season.&nbsp;The prizewinner will have the chance to&nbsp;experience this prestigious year-long pre-professional dance program.<\/p>\n<\/div>\n<\/div>\n\n\n\n<div class=\"wp-block-columns is-layout-flex wp-container-core-columns-is-layout-9d6595d7 wp-block-columns-is-layout-flex\">\n<div class=\"wp-block-column is-layout-flow wp-block-column-is-layout-flow\" style=\"flex-basis:33.33%\"><div class=\"wp-block-image\">\n<figure class=\"alignright size-large is-resized\"><a href=\"https:\/\/www.operanationaldurhin.eu\/fr\/l-opera-national-du-rhin\/le-ccn-ballet-de-l-opera-national-du-rhin\" target=\"_blank\" rel=\"noopener\"><img loading=\"lazy\" decoding=\"async\" width=\"1200\" height=\"516\" src=\"https:\/\/www.prixdeshivernales.be\/wp-content\/uploads\/sites\/2\/2023\/11\/logo-ballet-CCN-noir-vecto-transparent-1200x516.png\" alt=\"\" class=\"wp-image-1517\" style=\"width:150px\" srcset=\"https:\/\/www.prixdeshivernales.be\/wp-content\/uploads\/sites\/2\/2023\/11\/logo-ballet-CCN-noir-vecto-transparent-1200x516.png 1200w, https:\/\/www.prixdeshivernales.be\/wp-content\/uploads\/sites\/2\/2023\/11\/logo-ballet-CCN-noir-vecto-transparent-500x215.png 500w, https:\/\/www.prixdeshivernales.be\/wp-content\/uploads\/sites\/2\/2023\/11\/logo-ballet-CCN-noir-vecto-transparent-768x330.png 768w, https:\/\/www.prixdeshivernales.be\/wp-content\/uploads\/sites\/2\/2023\/11\/logo-ballet-CCN-noir-vecto-transparent-1536x660.png 1536w, https:\/\/www.prixdeshivernales.be\/wp-content\/uploads\/sites\/2\/2023\/11\/logo-ballet-CCN-noir-vecto-transparent.png 1713w\" sizes=\"auto, (max-width: 1200px) 100vw, 1200px\" \/><\/a><\/figure>\n<\/div><\/div>\n\n\n\n<div class=\"wp-block-column is-layout-flow wp-block-column-is-layout-flow\" style=\"flex-basis:66.66%\">\n<p><a href=\"https:\/\/www.operanationaldurhin.eu\/fr\/l-opera-national-du-rhin\/le-ccn-ballet-de-l-opera-national-du-rhin\" target=\"_blank\" rel=\"noreferrer noopener\"><strong>CCN&nbsp;Ballet de l\u2019Op\u00e9ra national du Rhin<\/strong><\/a>&nbsp;and its Artistic Director, Bruno Bouch\u00e9, will offer a one-week immersion into the company. The winner will have the exclusive opportunity to participate in the daily class, and to observe and take part in various rehearsals with the company (dates to be determined with the winner \u2013 excluding travel and accommodation).<\/p>\n<\/div>\n<\/div>\n\n\n\n<div class=\"wp-block-columns is-layout-flex wp-container-core-columns-is-layout-9d6595d7 wp-block-columns-is-layout-flex\">\n<div class=\"wp-block-column is-layout-flow wp-block-column-is-layout-flow\" style=\"flex-basis:33.33%\"><div class=\"wp-block-image\">\n<figure class=\"alignright size-full is-resized\"><a href=\"https:\/\/www.bejart.ch\/\" target=\"_blank\" rel=\"noreferrer noopener\"><img loading=\"lazy\" decoding=\"async\" width=\"512\" height=\"342\" src=\"https:\/\/www.prixdeshivernales.be\/wp-content\/uploads\/sites\/2\/2024\/09\/bejart-ballet-lausanne.jpg\" alt=\"\" class=\"wp-image-2070\" style=\"width:150px\" srcset=\"https:\/\/www.prixdeshivernales.be\/wp-content\/uploads\/sites\/2\/2024\/09\/bejart-ballet-lausanne.jpg 512w, https:\/\/www.prixdeshivernales.be\/wp-content\/uploads\/sites\/2\/2024\/09\/bejart-ballet-lausanne-500x334.jpg 500w\" sizes=\"auto, (max-width: 512px) 100vw, 512px\" \/><\/a><\/figure>\n<\/div><\/div>\n\n\n\n<div class=\"wp-block-column is-layout-flow wp-block-column-is-layout-flow\" style=\"flex-basis:66.66%\">\n<p>The <strong><a href=\"https:\/\/www.bejart.ch\/\" target=\"_blank\" rel=\"noreferrer noopener\">B\u00e9jart Ballet Lausanne<\/a><\/strong> will offer a one-week immersion into the company.&nbsp;The winner will have the exclusive opportunity to participate in the daily class, and to observe and\/or take part in various rehearsals with the company (dates to be determined with the winner &#8211; excluding travel and accommodation).&nbsp;<\/p>\n<\/div>\n<\/div>\n\n\n\n<div class=\"wp-block-columns is-layout-flex wp-container-core-columns-is-layout-9d6595d7 wp-block-columns-is-layout-flex\">\n<div class=\"wp-block-column is-layout-flow wp-block-column-is-layout-flow\" style=\"flex-basis:33.33%\"><div class=\"wp-block-image\">\n<figure class=\"alignright size-full is-resized\"><a href=\"https:\/\/www.balletsdemontecarlo.com\/fr\"><img loading=\"lazy\" decoding=\"async\" width=\"595\" height=\"842\" src=\"https:\/\/www.prixdeshivernales.be\/wp-content\/uploads\/sites\/2\/2023\/11\/logo-BMC-NOIR.png\" alt=\"\" class=\"wp-image-1523\" style=\"width:150px\" srcset=\"https:\/\/www.prixdeshivernales.be\/wp-content\/uploads\/sites\/2\/2023\/11\/logo-BMC-NOIR.png 595w, https:\/\/www.prixdeshivernales.be\/wp-content\/uploads\/sites\/2\/2023\/11\/logo-BMC-NOIR-353x500.png 353w\" sizes=\"auto, (max-width: 595px) 100vw, 595px\" \/><\/a><\/figure>\n<\/div><\/div>\n\n\n\n<div class=\"wp-block-column is-layout-flow wp-block-column-is-layout-flow\" style=\"flex-basis:66.66%\">\n<p><meta charset=\"utf-8\">Mr Jean-Christophe Maillot, Choreographer and Director of <strong><a href=\"https:\/\/www.balletsdemontecarlo.com\/fr\" target=\"_blank\" rel=\"noreferrer noopener\">Les Ballets de Monte-Carlo<\/a><\/strong>, will have the pleasure of welcoming a winner for a one-week immersion into the company. The winner will have the exclusive opportunity to participate in the daily class, and to observe and take part in various rehearsals with the company (dates to be determined with the winner &#8211; excluding travel and accommodation).<\/p>\n<\/div>\n<\/div>\n\n\n\n<div class=\"wp-block-columns is-layout-flex wp-container-core-columns-is-layout-9d6595d7 wp-block-columns-is-layout-flex\">\n<div class=\"wp-block-column is-layout-flow wp-block-column-is-layout-flow\" style=\"flex-basis:33.33%\"><div class=\"wp-block-image\">\n<figure class=\"alignright size-full is-resized\"><a href=\"https:\/\/malandainballet.com\/ballet\/ccn\" target=\"_blank\" rel=\"noopener\"><img loading=\"lazy\" decoding=\"async\" width=\"1200\" height=\"458\" src=\"https:\/\/www.prixdeshivernales.be\/wp-content\/uploads\/sites\/2\/2021\/11\/Malandain-ballet-Biarritz-1.png\" alt=\"\" class=\"wp-image-562\" style=\"width:150px\" srcset=\"https:\/\/www.prixdeshivernales.be\/wp-content\/uploads\/sites\/2\/2021\/11\/Malandain-ballet-Biarritz-1.png 1200w, https:\/\/www.prixdeshivernales.be\/wp-content\/uploads\/sites\/2\/2021\/11\/Malandain-ballet-Biarritz-1-500x191.png 500w, https:\/\/www.prixdeshivernales.be\/wp-content\/uploads\/sites\/2\/2021\/11\/Malandain-ballet-Biarritz-1-768x293.png 768w\" sizes=\"auto, (max-width: 1200px) 100vw, 1200px\" \/><\/a><\/figure>\n<\/div><\/div>\n\n\n\n<div class=\"wp-block-column is-layout-flow wp-block-column-is-layout-flow\" style=\"flex-basis:66.66%\">\n<p>The <strong><a href=\"https:\/\/malandainballet.com\/ballet\/ccn\" target=\"_blank\" rel=\"noreferrer noopener\">CCN Malandain Ballet Biarritz<\/a><\/strong> will offer a one-week immersion in the company. The winner will have the exclusive opportunity to participate in the dancers\u2019 daily class and to observe or take part in various rehearsals with the company (including accommodation, excluding travel \u2013 dates to be confirmed according to the winner).<\/p>\n<\/div>\n<\/div>\n\n\n\n<div class=\"wp-block-columns is-layout-flex wp-container-core-columns-is-layout-9d6595d7 wp-block-columns-is-layout-flex\">\n<div class=\"wp-block-column is-layout-flow wp-block-column-is-layout-flow\" style=\"flex-basis:33.33%\"><div class=\"wp-block-image\">\n<figure class=\"alignright size-full is-resized\"><a href=\"https:\/\/edgeneve.ch\/ballet-junior-de-geneve-2\/\" target=\"_blank\" rel=\"noopener\"><img loading=\"lazy\" decoding=\"async\" width=\"512\" height=\"362\" src=\"https:\/\/www.prixdeshivernales.be\/wp-content\/uploads\/sites\/2\/2024\/09\/ballet-junior-geneve.jpg\" alt=\"\" class=\"wp-image-2074\" style=\"width:150px\" srcset=\"https:\/\/www.prixdeshivernales.be\/wp-content\/uploads\/sites\/2\/2024\/09\/ballet-junior-geneve.jpg 512w, https:\/\/www.prixdeshivernales.be\/wp-content\/uploads\/sites\/2\/2024\/09\/ballet-junior-geneve-500x354.jpg 500w\" sizes=\"auto, (max-width: 512px) 100vw, 512px\" \/><\/a><\/figure>\n<\/div><\/div>\n\n\n\n<div class=\"wp-block-column is-layout-flow wp-block-column-is-layout-flow\" style=\"flex-basis:66.66%\">\n<p>The <strong><a href=\"https:\/\/edgeneve.ch\/ballet-junior-de-geneve-2\/\" target=\"_blank\" rel=\"noreferrer noopener\">Ballet Junior de Gen\u00e8ve<\/a><\/strong> will offer a one-week immersion into the company. The winner will have the exclusive opportunity to participate in the daily class, and to observe and\/or take part in various rehearsals with the company (dates to be determined with the winner &#8211; excluding travel and accommodation).&nbsp;<\/p>\n<\/div>\n<\/div>\n\n\n\n<div class=\"wp-block-columns is-layout-flex wp-container-core-columns-is-layout-9d6595d7 wp-block-columns-is-layout-flex\">\n<div class=\"wp-block-column is-layout-flow wp-block-column-is-layout-flow\" style=\"flex-basis:33.33%\"><div class=\"wp-block-image\">\n<figure class=\"alignright size-full is-resized\"><a href=\"https:\/\/juniorballetantwerp.be\/\" target=\"_blank\" rel=\"noreferrer noopener\"><img loading=\"lazy\" decoding=\"async\" width=\"4296\" height=\"1896\" src=\"https:\/\/www.prixdeshivernales.be\/wp-content\/uploads\/sites\/2\/2023\/12\/LOGO_JBA_zwart.png\" alt=\"\" class=\"wp-image-1596\" style=\"width:150px\" srcset=\"https:\/\/www.prixdeshivernales.be\/wp-content\/uploads\/sites\/2\/2023\/12\/LOGO_JBA_zwart.png 4296w, https:\/\/www.prixdeshivernales.be\/wp-content\/uploads\/sites\/2\/2023\/12\/LOGO_JBA_zwart-500x221.png 500w, https:\/\/www.prixdeshivernales.be\/wp-content\/uploads\/sites\/2\/2023\/12\/LOGO_JBA_zwart-1200x530.png 1200w, https:\/\/www.prixdeshivernales.be\/wp-content\/uploads\/sites\/2\/2023\/12\/LOGO_JBA_zwart-768x339.png 768w, https:\/\/www.prixdeshivernales.be\/wp-content\/uploads\/sites\/2\/2023\/12\/LOGO_JBA_zwart-1536x678.png 1536w, https:\/\/www.prixdeshivernales.be\/wp-content\/uploads\/sites\/2\/2023\/12\/LOGO_JBA_zwart-2048x904.png 2048w\" sizes=\"auto, (max-width: 4296px) 100vw, 4296px\" \/><\/a><\/figure>\n<\/div><\/div>\n\n\n\n<div class=\"wp-block-column is-layout-flow wp-block-column-is-layout-flow\" style=\"flex-basis:66.66%\">\n<p><meta charset=\"utf-8\">Alain Honorez, Artistic Director of the <strong><a href=\"https:\/\/juniorballetantwerp.be\/\" target=\"_blank\" rel=\"noreferrer noopener\">Junior Ballet Antwerp<\/a><\/strong>, will have the pleasure of offering 2 one-week intensive internships with the company (dates to be determined with the winners).<\/p>\n<\/div>\n<\/div>\n\n\n\n<div class=\"wp-block-columns is-layout-flex wp-container-core-columns-is-layout-9d6595d7 wp-block-columns-is-layout-flex\">\n<div class=\"wp-block-column is-layout-flow wp-block-column-is-layout-flow\" style=\"flex-basis:33.33%\"><div class=\"wp-block-image\">\n<figure class=\"alignright size-full is-resized\"><a href=\"https:\/\/www.operaballet.be\" target=\"_blank\" rel=\"noreferrer noopener\"><img loading=\"lazy\" decoding=\"async\" width=\"800\" height=\"766\" src=\"https:\/\/www.prixdeshivernales.be\/wp-content\/uploads\/sites\/2\/2022\/03\/opera-ballet-vlanderen.jpg\" alt=\"\" class=\"wp-image-805\" style=\"width:150px;height:144px\" srcset=\"https:\/\/www.prixdeshivernales.be\/wp-content\/uploads\/sites\/2\/2022\/03\/opera-ballet-vlanderen.jpg 800w, https:\/\/www.prixdeshivernales.be\/wp-content\/uploads\/sites\/2\/2022\/03\/opera-ballet-vlanderen-500x479.jpg 500w, https:\/\/www.prixdeshivernales.be\/wp-content\/uploads\/sites\/2\/2022\/03\/opera-ballet-vlanderen-768x735.jpg 768w\" sizes=\"auto, (max-width: 800px) 100vw, 800px\" \/><\/a><\/figure>\n<\/div><\/div>\n\n\n\n<div class=\"wp-block-column is-layout-flow wp-block-column-is-layout-flow\" style=\"flex-basis:66.66%\">\n<p><strong><a href=\"https:\/\/www.operaballet.be\" target=\"_blank\" rel=\"noreferrer noopener\">Opera Ballet Vlaanderen<\/a><\/strong> and its Artistic Director, Jan Vandenhouwe, will offer a one-week introduction into the company. The winner will have the exclusive opportunity to participate in the daily class and to observe and take part in various rehearsals with the company.<\/p>\n<\/div>\n<\/div>\n\n\n\n<div class=\"wp-block-columns is-layout-flex wp-container-core-columns-is-layout-9d6595d7 wp-block-columns-is-layout-flex\">\n<div class=\"wp-block-column is-layout-flow wp-block-column-is-layout-flow\" style=\"flex-basis:33.33%\"><div class=\"wp-block-image\">\n<figure class=\"alignright size-full is-resized\"><a href=\"https:\/\/sites.google.com\/view\/brussels-city-ballet\/home\"><img loading=\"lazy\" decoding=\"async\" width=\"600\" height=\"249\" src=\"https:\/\/www.prixdeshivernales.be\/wp-content\/uploads\/sites\/2\/2023\/11\/logo_brusselscityballet-02-3.png\" alt=\"\" class=\"wp-image-1539\" style=\"width:150px\" srcset=\"https:\/\/www.prixdeshivernales.be\/wp-content\/uploads\/sites\/2\/2023\/11\/logo_brusselscityballet-02-3.png 600w, https:\/\/www.prixdeshivernales.be\/wp-content\/uploads\/sites\/2\/2023\/11\/logo_brusselscityballet-02-3-500x208.png 500w\" sizes=\"auto, (max-width: 600px) 100vw, 600px\" \/><\/a><\/figure>\n<\/div><\/div>\n\n\n\n<div class=\"wp-block-column is-layout-flow wp-block-column-is-layout-flow\" style=\"flex-basis:66.66%\">\n<p>The&nbsp;<a href=\"https:\/\/sites.google.com\/view\/brussels-city-ballet\/home\" target=\"_blank\" rel=\"noreferrer noopener\"><strong>Brussels City Ballet<\/strong><\/a>&nbsp;and its founder Aki Nishio will offer a one-week immersion into the company. The winner will have the exclusive opportunity to participate in the daily class and to observe and take part in various rehearsals with the company&nbsp;(dates to be determined with the winner)<\/p>\n<\/div>\n<\/div>\n\n\n\n<div class=\"wp-block-columns is-layout-flex wp-container-core-columns-is-layout-9d6595d7 wp-block-columns-is-layout-flex\">\n<div class=\"wp-block-column is-layout-flow wp-block-column-is-layout-flow\" style=\"flex-basis:33.33%\"><div class=\"wp-block-image\">\n<figure class=\"alignright size-full is-resized\"><a href=\"https:\/\/www.arlesyouthballetcompany.com\/\"><img loading=\"lazy\" decoding=\"async\" width=\"512\" height=\"512\" src=\"https:\/\/www.prixdeshivernales.be\/wp-content\/uploads\/sites\/2\/2024\/09\/arles-youth-ballet-company.jpg\" alt=\"\" class=\"wp-image-2080\" style=\"width:150px\" srcset=\"https:\/\/www.prixdeshivernales.be\/wp-content\/uploads\/sites\/2\/2024\/09\/arles-youth-ballet-company.jpg 512w, https:\/\/www.prixdeshivernales.be\/wp-content\/uploads\/sites\/2\/2024\/09\/arles-youth-ballet-company-500x500.jpg 500w, https:\/\/www.prixdeshivernales.be\/wp-content\/uploads\/sites\/2\/2024\/09\/arles-youth-ballet-company-200x200.jpg 200w\" sizes=\"auto, (max-width: 512px) 100vw, 512px\" \/><\/a><\/figure>\n<\/div><\/div>\n\n\n\n<div class=\"wp-block-column is-layout-flow wp-block-column-is-layout-flow\" style=\"flex-basis:66.66%\">\n<p>The <strong><a href=\"https:\/\/www.arlesyouthballetcompany.com\/\" target=\"_blank\" rel=\"noreferrer noopener\">Arles Youth Ballet Company<\/a><\/strong> and its Artistic Director, Norton Ramos Fantinel, will offer a&nbsp;one-week immersion into the company. The winner will have the exclusive opportunity to participate in the daily class, and to observe and\/or take part in various rehearsals with the company (dates to be determined with the winner &#8211; excluding travel and accommodation). They will also offer 3 Gold Cards, giving access to the next company audition.&nbsp;<\/p>\n<\/div>\n<\/div>\n\n\n\n<div class=\"wp-block-columns is-layout-flex wp-container-core-columns-is-layout-9d6595d7 wp-block-columns-is-layout-flex\">\n<div class=\"wp-block-column is-layout-flow wp-block-column-is-layout-flow\" style=\"flex-basis:33.33%\"><div class=\"wp-block-image\">\n<figure class=\"alignright size-full is-resized\"><a href=\"https:\/\/ebbcompany.com\/ebb-junior\/\"><img loading=\"lazy\" decoding=\"async\" width=\"1503\" height=\"996\" src=\"https:\/\/www.prixdeshivernales.be\/wp-content\/uploads\/sites\/2\/2024\/12\/EBB-Company.jpg\" alt=\"\" class=\"wp-image-2256\" style=\"width:150px\" srcset=\"https:\/\/www.prixdeshivernales.be\/wp-content\/uploads\/sites\/2\/2024\/12\/EBB-Company.jpg 1503w, https:\/\/www.prixdeshivernales.be\/wp-content\/uploads\/sites\/2\/2024\/12\/EBB-Company-500x331.jpg 500w, https:\/\/www.prixdeshivernales.be\/wp-content\/uploads\/sites\/2\/2024\/12\/EBB-Company-1200x795.jpg 1200w, https:\/\/www.prixdeshivernales.be\/wp-content\/uploads\/sites\/2\/2024\/12\/EBB-Company-768x509.jpg 768w\" sizes=\"auto, (max-width: 1503px) 100vw, 1503px\" \/><\/a><\/figure>\n<\/div><\/div>\n\n\n\n<div class=\"wp-block-column is-layout-flow wp-block-column-is-layout-flow\" style=\"flex-basis:66.66%\">\n<p>The <strong><a href=\"https:\/\/ebbcompany.com\/ebb-junior\/\" target=\"_blank\" rel=\"noreferrer noopener\">Junior Ballet Europ\u00e9en<\/a><\/strong> &#8211; <strong><a href=\"https:\/\/ebbcompany.com\/ebb-company\/\" target=\"_blank\" rel=\"noreferrer noopener\">Elephant in the Black Box Dance Company<\/a><\/strong>&nbsp;and its Artistic Director, Jean-Philippe Dury, will offer two summer internships with the company, as well as two scholarships for the 2025-2026 season.&nbsp;&nbsp;<\/p>\n<\/div>\n<\/div>\n\n\n\n<div class=\"wp-block-columns is-layout-flex wp-container-core-columns-is-layout-9d6595d7 wp-block-columns-is-layout-flex\">\n<div class=\"wp-block-column is-layout-flow wp-block-column-is-layout-flow\" style=\"flex-basis:33.33%\"><div class=\"wp-block-image\">\n<figure class=\"alignright size-full is-resized\"><a href=\"https:\/\/www.pardansa.com\/en\/home\/\"><img loading=\"lazy\" decoding=\"async\" width=\"1000\" height=\"439\" src=\"https:\/\/www.prixdeshivernales.be\/wp-content\/uploads\/sites\/2\/2024\/12\/logo-par-en-dansa.png\" alt=\"\" class=\"wp-image-2246\" style=\"width:150px\" srcset=\"https:\/\/www.prixdeshivernales.be\/wp-content\/uploads\/sites\/2\/2024\/12\/logo-par-en-dansa.png 1000w, https:\/\/www.prixdeshivernales.be\/wp-content\/uploads\/sites\/2\/2024\/12\/logo-par-en-dansa-500x220.png 500w, https:\/\/www.prixdeshivernales.be\/wp-content\/uploads\/sites\/2\/2024\/12\/logo-par-en-dansa-768x337.png 768w\" sizes=\"auto, (max-width: 1000px) 100vw, 1000px\" \/><\/a><\/figure>\n<\/div><\/div>\n\n\n\n<div class=\"wp-block-column is-layout-flow wp-block-column-is-layout-flow\" style=\"flex-basis:66.66%\">\n<p><strong><a href=\"https:\/\/www.pardansa.com\/en\/home\/\" target=\"_blank\" rel=\"noreferrer noopener\">Pardansa<\/a><\/strong> and its Artistic Director,&nbsp;Rodolfo Castellanos, will offer a full&nbsp;scholarship for the 2025-2026 academic year of the&nbsp;Pardansa program,&nbsp;Programa d&#8217;Alt Rendiment en Dansa.&nbsp;<\/p>\n<\/div>\n<\/div>\n\n\n\n<div class=\"wp-block-columns is-layout-flex wp-container-core-columns-is-layout-9d6595d7 wp-block-columns-is-layout-flex\">\n<div class=\"wp-block-column is-layout-flow wp-block-column-is-layout-flow\" style=\"flex-basis:33.33%\"><div class=\"wp-block-image\">\n<figure class=\"alignright size-full is-resized\"><a href=\"https:\/\/fondationdancearea.ch\/\" target=\"_blank\" rel=\"noopener\"><img loading=\"lazy\" decoding=\"async\" width=\"800\" height=\"564\" src=\"https:\/\/www.prixdeshivernales.be\/wp-content\/uploads\/sites\/2\/2025\/01\/DANCE-AREA-geneva-1.png\" alt=\"\" class=\"wp-image-2467\" style=\"width:150px\" srcset=\"https:\/\/www.prixdeshivernales.be\/wp-content\/uploads\/sites\/2\/2025\/01\/DANCE-AREA-geneva-1.png 800w, https:\/\/www.prixdeshivernales.be\/wp-content\/uploads\/sites\/2\/2025\/01\/DANCE-AREA-geneva-1-500x353.png 500w, https:\/\/www.prixdeshivernales.be\/wp-content\/uploads\/sites\/2\/2025\/01\/DANCE-AREA-geneva-1-768x541.png 768w\" sizes=\"auto, (max-width: 800px) 100vw, 800px\" \/><\/a><\/figure>\n<\/div>\n\n<div class=\"wp-block-image\">\n<figure class=\"alignright size-full is-resized\"><a href=\"https:\/\/areajeuneballet.ch\/\" target=\"_blank\" rel=\"noopener\"><img loading=\"lazy\" decoding=\"async\" width=\"800\" height=\"800\" src=\"https:\/\/www.prixdeshivernales.be\/wp-content\/uploads\/sites\/2\/2025\/01\/AreaJeuneBallet-logo.png\" alt=\"\" class=\"wp-image-2469\" style=\"width:150px\" srcset=\"https:\/\/www.prixdeshivernales.be\/wp-content\/uploads\/sites\/2\/2025\/01\/AreaJeuneBallet-logo.png 800w, https:\/\/www.prixdeshivernales.be\/wp-content\/uploads\/sites\/2\/2025\/01\/AreaJeuneBallet-logo-500x500.png 500w, https:\/\/www.prixdeshivernales.be\/wp-content\/uploads\/sites\/2\/2025\/01\/AreaJeuneBallet-logo-200x200.png 200w, https:\/\/www.prixdeshivernales.be\/wp-content\/uploads\/sites\/2\/2025\/01\/AreaJeuneBallet-logo-768x768.png 768w\" sizes=\"auto, (max-width: 800px) 100vw, 800px\" \/><\/a><\/figure>\n<\/div><\/div>\n\n\n\n<div class=\"wp-block-column is-layout-flow wp-block-column-is-layout-flow\" style=\"flex-basis:66.66%\">\n<p><strong><a href=\"https:\/\/fondationdancearea.ch\/\" target=\"_blank\" rel=\"noreferrer noopener\">Dance Area<\/a><\/strong>&nbsp;will be pleased to offer a one-week training&nbsp;immersion within the&nbsp;Professional Dance Program&nbsp;and <strong><a href=\"https:\/\/areajeuneballet.ch\/\" target=\"_blank\" rel=\"noreferrer noopener\">Area Jeune Ballet<\/a><\/strong>, as well as two full scholarships for the Summer Intensive program. They will also offer admissions to the second round of auditions for the Program and Junior Ballet.<\/p>\n<\/div>\n<\/div>\n\n\n\n<div class=\"wp-block-columns is-layout-flex wp-container-core-columns-is-layout-9d6595d7 wp-block-columns-is-layout-flex\">\n<div class=\"wp-block-column is-layout-flow wp-block-column-is-layout-flow\" style=\"flex-basis:33.33%\"><div class=\"wp-block-image\">\n<figure class=\"alignright size-full is-resized\"><a href=\"https:\/\/www.bostonballet.org\/education\/\" target=\"_blank\" rel=\"noreferrer noopener\"><img loading=\"lazy\" decoding=\"async\" width=\"800\" height=\"618\" src=\"https:\/\/www.prixdeshivernales.be\/wp-content\/uploads\/sites\/2\/2024\/11\/boston-ballet-school.png\" alt=\"\" class=\"wp-image-2193\" style=\"width:150px\" srcset=\"https:\/\/www.prixdeshivernales.be\/wp-content\/uploads\/sites\/2\/2024\/11\/boston-ballet-school.png 800w, https:\/\/www.prixdeshivernales.be\/wp-content\/uploads\/sites\/2\/2024\/11\/boston-ballet-school-500x386.png 500w, https:\/\/www.prixdeshivernales.be\/wp-content\/uploads\/sites\/2\/2024\/11\/boston-ballet-school-768x593.png 768w\" sizes=\"auto, (max-width: 800px) 100vw, 800px\" \/><\/a><\/figure>\n<\/div><\/div>\n\n\n\n<div class=\"wp-block-column is-layout-flow wp-block-column-is-layout-flow\" style=\"flex-basis:66.66%\">\n<p>The prestigious <strong><a href=\"https:\/\/www.bostonballet.org\/education\/\" target=\"_blank\" rel=\"noreferrer noopener\">Boston Ballet School<\/a><\/strong>&nbsp;will be delighted to offer a 5-week immersion course during their Summer Dance Program, from 28 June to 1 August 2025 (accommodation included).&nbsp;<\/p>\n<\/div>\n<\/div>\n\n\n\n<div class=\"wp-block-columns is-layout-flex wp-container-core-columns-is-layout-9d6595d7 wp-block-columns-is-layout-flex\">\n<div class=\"wp-block-column is-layout-flow wp-block-column-is-layout-flow\" style=\"flex-basis:33.33%\"><div class=\"wp-block-image\">\n<figure class=\"alignright size-full is-resized\"><a href=\"https:\/\/www.atd.ahk.nl\/opleidingen-dans\/nationale-balletacademie\/\"><img loading=\"lazy\" decoding=\"async\" width=\"1138\" height=\"399\" src=\"https:\/\/www.prixdeshivernales.be\/wp-content\/uploads\/sites\/2\/2022\/01\/ENG_Logo_PNG-black.png\" alt=\"\" class=\"wp-image-620\" style=\"width:150px;height:53px\" srcset=\"https:\/\/www.prixdeshivernales.be\/wp-content\/uploads\/sites\/2\/2022\/01\/ENG_Logo_PNG-black.png 1138w, https:\/\/www.prixdeshivernales.be\/wp-content\/uploads\/sites\/2\/2022\/01\/ENG_Logo_PNG-black-500x175.png 500w, https:\/\/www.prixdeshivernales.be\/wp-content\/uploads\/sites\/2\/2022\/01\/ENG_Logo_PNG-black-768x269.png 768w\" sizes=\"auto, (max-width: 1138px) 100vw, 1138px\" \/><\/a><\/figure>\n<\/div><\/div>\n\n\n\n<div class=\"wp-block-column is-layout-flow wp-block-column-is-layout-flow\" style=\"flex-basis:66.66%\">\n<p>The prestigious <a title=\"Dutch National Ballet Academy\" href=\"https:\/\/www.atd.ahk.nl\/opleidingen-dans\/nationale-balletacademie\/\" target=\"_blank\" rel=\"noopener\"><strong>Dutch National Ballet Academy<\/strong><\/a>&nbsp;in Amsterdam will be delighted to reward a talented student by offering an <a title=\"Stage International d'\u00e9t\u00e9\" href=\"https:\/\/www.atd.ahk.nl\/opleidingen-dans\/nationale-balletacademie\/summer-school\/\" target=\"_blank\" rel=\"noopener\"><strong>International Summer Training Course<\/strong><\/a> (dates depending on the age of the winner &#8211; excluding travel and accommodation)<\/p>\n<\/div>\n<\/div>\n\n\n\n<div class=\"wp-block-columns is-layout-flex wp-container-core-columns-is-layout-9d6595d7 wp-block-columns-is-layout-flex\">\n<div class=\"wp-block-column is-layout-flow wp-block-column-is-layout-flow\" style=\"flex-basis:33.33%\"><div class=\"wp-block-image\">\n<figure class=\"alignright size-full is-resized\"><a href=\"https:\/\/yagp.org\/\"><img loading=\"lazy\" decoding=\"async\" width=\"512\" height=\"511\" src=\"https:\/\/www.prixdeshivernales.be\/wp-content\/uploads\/sites\/2\/2024\/01\/YAGP_25-anniversary-logo_black.jpg\" alt=\"\" class=\"wp-image-1650\" style=\"width:150px\" srcset=\"https:\/\/www.prixdeshivernales.be\/wp-content\/uploads\/sites\/2\/2024\/01\/YAGP_25-anniversary-logo_black.jpg 512w, https:\/\/www.prixdeshivernales.be\/wp-content\/uploads\/sites\/2\/2024\/01\/YAGP_25-anniversary-logo_black-500x500.jpg 500w, https:\/\/www.prixdeshivernales.be\/wp-content\/uploads\/sites\/2\/2024\/01\/YAGP_25-anniversary-logo_black-200x200.jpg 200w\" sizes=\"auto, (max-width: 512px) 100vw, 512px\" \/><\/a><\/figure>\n<\/div><\/div>\n\n\n\n<div class=\"wp-block-column is-layout-flow wp-block-column-is-layout-flow\" style=\"flex-basis:66.66%\">\n<p>The <strong><a href=\"https:\/\/yagp.org\/\" target=\"_blank\" rel=\"noreferrer noopener\">Youth America Grand Prix<\/a><\/strong>, the famous international dance competition, will be pleased to offer a full scholarship to its <strong><a href=\"https:\/\/nervimusicballetfestival.it\" target=\"_blank\" rel=\"noreferrer noopener\">Nervi Festival<\/a><\/strong> 2025, and a full scholarship to its International Contemporary Ensemble Festival 2025.<\/p>\n<\/div>\n<\/div>\n\n\n\n<div class=\"wp-block-columns is-layout-flex wp-container-core-columns-is-layout-9d6595d7 wp-block-columns-is-layout-flex\">\n<div class=\"wp-block-column is-layout-flow wp-block-column-is-layout-flow\" style=\"flex-basis:33.33%\"><div class=\"wp-block-image\">\n<figure class=\"alignright size-large is-resized\"><a href=\"https:\/\/worlddancemovement.com\/\" target=\"_blank\" rel=\"noreferrer noopener\"><img loading=\"lazy\" decoding=\"async\" width=\"1200\" height=\"1200\" src=\"https:\/\/www.prixdeshivernales.be\/wp-content\/uploads\/sites\/2\/2023\/09\/BLACK-DANCE-COMP_SQUARE-copie-1200x1200.png\" alt=\"\" class=\"wp-image-1464\" style=\"width:150px;height:undefinedpx\" srcset=\"https:\/\/www.prixdeshivernales.be\/wp-content\/uploads\/sites\/2\/2023\/09\/BLACK-DANCE-COMP_SQUARE-copie-1200x1200.png 1200w, https:\/\/www.prixdeshivernales.be\/wp-content\/uploads\/sites\/2\/2023\/09\/BLACK-DANCE-COMP_SQUARE-copie-500x500.png 500w, https:\/\/www.prixdeshivernales.be\/wp-content\/uploads\/sites\/2\/2023\/09\/BLACK-DANCE-COMP_SQUARE-copie-200x200.png 200w, https:\/\/www.prixdeshivernales.be\/wp-content\/uploads\/sites\/2\/2023\/09\/BLACK-DANCE-COMP_SQUARE-copie-768x768.png 768w, https:\/\/www.prixdeshivernales.be\/wp-content\/uploads\/sites\/2\/2023\/09\/BLACK-DANCE-COMP_SQUARE-copie-1536x1536.png 1536w, https:\/\/www.prixdeshivernales.be\/wp-content\/uploads\/sites\/2\/2023\/09\/BLACK-DANCE-COMP_SQUARE-copie-2048x2048.png 2048w\" sizes=\"auto, (max-width: 1200px) 100vw, 1200px\" \/><\/a><\/figure>\n<\/div>\n\n<div class=\"wp-block-image\">\n<figure class=\"alignright size-large is-resized\"><a href=\"https:\/\/worlddancemovement.com\/\" target=\"_blank\" rel=\"noreferrer noopener\"><img loading=\"lazy\" decoding=\"async\" width=\"1200\" height=\"1200\" src=\"https:\/\/www.prixdeshivernales.be\/wp-content\/uploads\/sites\/2\/2023\/09\/BLACK-FESTIVAL_SQUARE-copie-1200x1200.png\" alt=\"\" class=\"wp-image-1461\" style=\"width:150px;height:undefinedpx\" srcset=\"https:\/\/www.prixdeshivernales.be\/wp-content\/uploads\/sites\/2\/2023\/09\/BLACK-FESTIVAL_SQUARE-copie-1200x1200.png 1200w, https:\/\/www.prixdeshivernales.be\/wp-content\/uploads\/sites\/2\/2023\/09\/BLACK-FESTIVAL_SQUARE-copie-500x500.png 500w, https:\/\/www.prixdeshivernales.be\/wp-content\/uploads\/sites\/2\/2023\/09\/BLACK-FESTIVAL_SQUARE-copie-200x200.png 200w, https:\/\/www.prixdeshivernales.be\/wp-content\/uploads\/sites\/2\/2023\/09\/BLACK-FESTIVAL_SQUARE-copie-768x768.png 768w, https:\/\/www.prixdeshivernales.be\/wp-content\/uploads\/sites\/2\/2023\/09\/BLACK-FESTIVAL_SQUARE-copie-1536x1536.png 1536w, https:\/\/www.prixdeshivernales.be\/wp-content\/uploads\/sites\/2\/2023\/09\/BLACK-FESTIVAL_SQUARE-copie-2048x2048.png 2048w\" sizes=\"auto, (max-width: 1200px) 100vw, 1200px\" \/><\/a><\/figure>\n<\/div><\/div>\n\n\n\n<div class=\"wp-block-column is-layout-flow wp-block-column-is-layout-flow\" style=\"flex-basis:66.66%\">\n<p>The&nbsp;<a href=\"https:\/\/worlddancemovement.com\/\" target=\"_blank\" rel=\"noreferrer noopener\"><strong>World Dance Movement-International Festival<\/strong><\/a>&nbsp;and its artistic director &amp; co-producer, Mich\u00e8le Assaf, will be pleased to offer a one-week scholarship for the WDM Dance Festival in&nbsp;Italy. In addition, nominations for the&nbsp;<a href=\"https:\/\/worlddancemovement.com\/wdm-international-dance-competition-2024\/\" target=\"_blank\" rel=\"noreferrer noopener\"><strong>WDM International Competition<\/strong><\/a>&nbsp;and&nbsp;<a href=\"https:\/\/worlddancemovement.com\/wdm-events\/world-dancer-of-the-year\/\" target=\"_blank\" rel=\"noreferrer noopener\"><strong>World Dancer of the Year<\/strong><\/a>, will be awarded.<\/p>\n<\/div>\n<\/div>\n\n\n\n<div class=\"wp-block-columns is-layout-flex wp-container-core-columns-is-layout-9d6595d7 wp-block-columns-is-layout-flex\">\n<div class=\"wp-block-column is-layout-flow wp-block-column-is-layout-flow\" style=\"flex-basis:33.33%\"><div class=\"wp-block-image\">\n<figure class=\"alignright size-full is-resized\"><a href=\"https:\/\/revolvedance.ro\/en\/\"><img loading=\"lazy\" decoding=\"async\" width=\"2104\" height=\"692\" src=\"https:\/\/www.prixdeshivernales.be\/wp-content\/uploads\/sites\/2\/2023\/11\/logo-Revolve.png\" alt=\"\" class=\"wp-image-1528\" style=\"width:150px\" srcset=\"https:\/\/www.prixdeshivernales.be\/wp-content\/uploads\/sites\/2\/2023\/11\/logo-Revolve.png 2104w, https:\/\/www.prixdeshivernales.be\/wp-content\/uploads\/sites\/2\/2023\/11\/logo-Revolve-500x164.png 500w, https:\/\/www.prixdeshivernales.be\/wp-content\/uploads\/sites\/2\/2023\/11\/logo-Revolve-1200x395.png 1200w, https:\/\/www.prixdeshivernales.be\/wp-content\/uploads\/sites\/2\/2023\/11\/logo-Revolve-768x253.png 768w, https:\/\/www.prixdeshivernales.be\/wp-content\/uploads\/sites\/2\/2023\/11\/logo-Revolve-1536x505.png 1536w, https:\/\/www.prixdeshivernales.be\/wp-content\/uploads\/sites\/2\/2023\/11\/logo-Revolve-2048x674.png 2048w\" sizes=\"auto, (max-width: 2104px) 100vw, 2104px\" \/><\/a><\/figure>\n<\/div><\/div>\n\n\n\n<div class=\"wp-block-column is-layout-flow wp-block-column-is-layout-flow\" style=\"flex-basis:66.66%\">\n<p><a href=\"https:\/\/revolvedance.ro\/en\/\" target=\"_blank\" rel=\"noreferrer noopener\"><strong>Revolve Dance Festival<\/strong><\/a>&nbsp;will be pleased to offer two full scholarships to its 2025 Summer Workshops (<br>excluding travel and accommodation).<\/p>\n<\/div>\n<\/div>\n\n\n\n<div class=\"wp-block-columns is-layout-flex wp-container-core-columns-is-layout-9d6595d7 wp-block-columns-is-layout-flex\">\n<div class=\"wp-block-column is-layout-flow wp-block-column-is-layout-flow\" style=\"flex-basis:33.33%\"><div class=\"wp-block-image\">\n<figure class=\"alignright size-full is-resized\"><a href=\"https:\/\/www.koninklijkeballetschool.be\/fr\" target=\"_blank\" rel=\"noreferrer noopener\"><img loading=\"lazy\" decoding=\"async\" width=\"512\" height=\"366\" src=\"https:\/\/www.prixdeshivernales.be\/wp-content\/uploads\/sites\/2\/2024\/01\/KBA-logo-EN-wide.png\" alt=\"\" class=\"wp-image-1646\" style=\"width:150px\" srcset=\"https:\/\/www.prixdeshivernales.be\/wp-content\/uploads\/sites\/2\/2024\/01\/KBA-logo-EN-wide.png 512w, https:\/\/www.prixdeshivernales.be\/wp-content\/uploads\/sites\/2\/2024\/01\/KBA-logo-EN-wide-500x357.png 500w\" sizes=\"auto, (max-width: 512px) 100vw, 512px\" \/><\/a><\/figure>\n<\/div><\/div>\n\n\n\n<div class=\"wp-block-column is-layout-flow wp-block-column-is-layout-flow\" style=\"flex-basis:66.66%\">\n<p>Kevin Durwael, Artistic Director of the <a href=\"https:\/\/www.koninklijkeballetschool.be\/\" target=\"_blank\" rel=\"noreferrer noopener\"><strong>Royal Ballet School of Antwerp<\/strong><\/a>, will have the pleasure of offering 2 one-week short-term scholarships in the school, as well as 2 scholarships for the next KBA Summer Intensive (dates to be determined \u2013 excluding accommodation).<\/p>\n<\/div>\n<\/div>\n\n\n\n<div class=\"wp-block-columns is-layout-flex wp-container-core-columns-is-layout-9d6595d7 wp-block-columns-is-layout-flex\">\n<div class=\"wp-block-column is-layout-flow wp-block-column-is-layout-flow\" style=\"flex-basis:33.33%\"><div class=\"wp-block-image\">\n<figure class=\"alignright size-full is-resized\"><a href=\"https:\/\/www.koncon.nl\/koninklijk-conservatorium-dans\" target=\"_blank\" rel=\"noreferrer noopener\"><img loading=\"lazy\" decoding=\"async\" width=\"542\" height=\"799\" src=\"https:\/\/www.prixdeshivernales.be\/wp-content\/uploads\/sites\/2\/2024\/11\/Dance-Royal-Conservatoire-The-Hague.jpg\" alt=\"\" class=\"wp-image-2208\" style=\"width:150px\" srcset=\"https:\/\/www.prixdeshivernales.be\/wp-content\/uploads\/sites\/2\/2024\/11\/Dance-Royal-Conservatoire-The-Hague.jpg 542w, https:\/\/www.prixdeshivernales.be\/wp-content\/uploads\/sites\/2\/2024\/11\/Dance-Royal-Conservatoire-The-Hague-339x500.jpg 339w\" sizes=\"auto, (max-width: 542px) 100vw, 542px\" \/><\/a><\/figure>\n<\/div><\/div>\n\n\n\n<div class=\"wp-block-column is-layout-flow wp-block-column-is-layout-flow\" style=\"flex-basis:66.66%\">\n<p>The&nbsp;<strong><a href=\"https:\/\/www.koncon.nl\/koninklijk-conservatorium-dans\" target=\"_blank\" rel=\"noreferrer noopener\">Koninklijk Conservatorium Dans Den Haag<\/a><\/strong> and its Director, Jan Linkens, will be pleased to offer two full scholarships for the Summer Dance Intensive, from 25 to 30 August 2025.<\/p>\n<\/div>\n<\/div>\n\n\n\n<div class=\"wp-block-columns is-layout-flex wp-container-core-columns-is-layout-9d6595d7 wp-block-columns-is-layout-flex\">\n<div class=\"wp-block-column is-layout-flow wp-block-column-is-layout-flow\" style=\"flex-basis:33.33%\"><div class=\"wp-block-image\">\n<figure class=\"alignright size-full is-resized\"><a href=\"https:\/\/www.biarritz-academie-danse.com\/\" target=\"_blank\" rel=\"noopener\"><img loading=\"lazy\" decoding=\"async\" width=\"2099\" height=\"591\" src=\"https:\/\/www.prixdeshivernales.be\/wp-content\/uploads\/sites\/2\/2023\/11\/MBB_LOGO_ACADEMIE.jpg\" alt=\"\" class=\"wp-image-1559\" style=\"width:150px\" srcset=\"https:\/\/www.prixdeshivernales.be\/wp-content\/uploads\/sites\/2\/2023\/11\/MBB_LOGO_ACADEMIE.jpg 2099w, https:\/\/www.prixdeshivernales.be\/wp-content\/uploads\/sites\/2\/2023\/11\/MBB_LOGO_ACADEMIE-500x141.jpg 500w, https:\/\/www.prixdeshivernales.be\/wp-content\/uploads\/sites\/2\/2023\/11\/MBB_LOGO_ACADEMIE-1200x338.jpg 1200w, https:\/\/www.prixdeshivernales.be\/wp-content\/uploads\/sites\/2\/2023\/11\/MBB_LOGO_ACADEMIE-768x216.jpg 768w, https:\/\/www.prixdeshivernales.be\/wp-content\/uploads\/sites\/2\/2023\/11\/MBB_LOGO_ACADEMIE-1536x432.jpg 1536w, https:\/\/www.prixdeshivernales.be\/wp-content\/uploads\/sites\/2\/2023\/11\/MBB_LOGO_ACADEMIE-2048x577.jpg 2048w\" sizes=\"auto, (max-width: 2099px) 100vw, 2099px\" \/><\/a><\/figure>\n<\/div><\/div>\n\n\n\n<div class=\"wp-block-column is-layout-flow wp-block-column-is-layout-flow\" style=\"flex-basis:66.66%\">\n<p>The <strong><a href=\"https:\/\/www.biarritz-academie-danse.com\/\" target=\"_blank\" rel=\"noreferrer noopener\">Biarritz International Dance Academy<\/a><\/strong> will offer a one-week access with unlimited classes, accompanied by access to the Malandain Ballet Biarritz performances company (including accommodation, excluding travel \u2013 dates to be confirmed according to the winner).<\/p>\n<\/div>\n<\/div>\n\n\n\n<div class=\"wp-block-columns is-layout-flex wp-container-core-columns-is-layout-9d6595d7 wp-block-columns-is-layout-flex\">\n<div class=\"wp-block-column is-layout-flow wp-block-column-is-layout-flow\" style=\"flex-basis:33.33%\"><div class=\"wp-block-image\">\n<figure class=\"alignright size-full is-resized\"><a href=\"https:\/\/bballetmasterclasses.com\/#:~:text=JULY%2022%20%2D%20AUGUST%203%2C%202024&amp;text=We%20focus%20intensely%20on%20the,come%20and%20discover%20what's%20beyond\" target=\"_blank\" rel=\"noopener\"><img loading=\"lazy\" decoding=\"async\" width=\"4378\" height=\"2042\" src=\"https:\/\/www.prixdeshivernales.be\/wp-content\/uploads\/sites\/2\/2024\/10\/BBM-2025_without.png\" alt=\"\" class=\"wp-image-2136\" style=\"width:150px\" srcset=\"https:\/\/www.prixdeshivernales.be\/wp-content\/uploads\/sites\/2\/2024\/10\/BBM-2025_without.png 4378w, https:\/\/www.prixdeshivernales.be\/wp-content\/uploads\/sites\/2\/2024\/10\/BBM-2025_without-500x233.png 500w, https:\/\/www.prixdeshivernales.be\/wp-content\/uploads\/sites\/2\/2024\/10\/BBM-2025_without-1200x560.png 1200w, https:\/\/www.prixdeshivernales.be\/wp-content\/uploads\/sites\/2\/2024\/10\/BBM-2025_without-768x358.png 768w, https:\/\/www.prixdeshivernales.be\/wp-content\/uploads\/sites\/2\/2024\/10\/BBM-2025_without-1536x716.png 1536w, https:\/\/www.prixdeshivernales.be\/wp-content\/uploads\/sites\/2\/2024\/10\/BBM-2025_without-2048x955.png 2048w\" sizes=\"auto, (max-width: 4378px) 100vw, 4378px\" \/><\/a><\/figure>\n<\/div><\/div>\n\n\n\n<div class=\"wp-block-column is-layout-flow wp-block-column-is-layout-flow\" style=\"flex-basis:66.66%\">\n<p>Ji\u0159\u00ed Buben\u00ed\u010dek,&nbsp;artistic director&nbsp;of&nbsp;<strong><a href=\"https:\/\/bballetmasterclasses.com\/#:~:text=JULY%2022%20%2D%20AUGUST%203%2C%202024&amp;text=We%20focus%20intensely%20on%20the,come%20and%20discover%20what's%20beyond\" target=\"_blank\" rel=\"noreferrer noopener\">Buben\u00ed\u010dek&nbsp;Ballet Masterclasses<\/a><\/strong>, will be pleased to&nbsp;offer a full scholarship for the&nbsp;3rd edition in summer 2025.<\/p>\n<\/div>\n<\/div>\n\n\n\n<div class=\"wp-block-columns is-layout-flex wp-container-core-columns-is-layout-9d6595d7 wp-block-columns-is-layout-flex\">\n<div class=\"wp-block-column is-layout-flow wp-block-column-is-layout-flow\" style=\"flex-basis:33.33%\"><div class=\"wp-block-image\">\n<figure class=\"alignright size-full is-resized\"><a href=\"https:\/\/www.fondazionemonreart.com\/eventi\/international-summer-school-volta-mantovana\/\" target=\"_blank\" rel=\"noreferrer noopener\"><img loading=\"lazy\" decoding=\"async\" width=\"480\" height=\"480\" src=\"https:\/\/www.prixdeshivernales.be\/wp-content\/uploads\/sites\/2\/2024\/10\/International-summer-school-Italia.png\" alt=\"\" class=\"wp-image-2164\" style=\"width:150px;height:undefinedpx\" srcset=\"https:\/\/www.prixdeshivernales.be\/wp-content\/uploads\/sites\/2\/2024\/10\/International-summer-school-Italia.png 480w, https:\/\/www.prixdeshivernales.be\/wp-content\/uploads\/sites\/2\/2024\/10\/International-summer-school-Italia-200x200.png 200w\" sizes=\"auto, (max-width: 480px) 100vw, 480px\" \/><\/a><\/figure>\n<\/div>\n\n<div class=\"wp-block-image\">\n<figure class=\"alignright size-full is-resized\"><a href=\"https:\/\/www.fondazionemonreart.com\/\" target=\"_blank\" rel=\"noreferrer noopener\"><img loading=\"lazy\" decoding=\"async\" width=\"481\" height=\"481\" src=\"https:\/\/www.prixdeshivernales.be\/wp-content\/uploads\/sites\/2\/2024\/10\/Monreart-fondazione.png\" alt=\"\" class=\"wp-image-2166\" style=\"width:150px;height:undefinedpx\" srcset=\"https:\/\/www.prixdeshivernales.be\/wp-content\/uploads\/sites\/2\/2024\/10\/Monreart-fondazione.png 481w, https:\/\/www.prixdeshivernales.be\/wp-content\/uploads\/sites\/2\/2024\/10\/Monreart-fondazione-200x200.png 200w\" sizes=\"auto, (max-width: 481px) 100vw, 481px\" \/><\/a><\/figure>\n<\/div><\/div>\n\n\n\n<div class=\"wp-block-column is-layout-flow wp-block-column-is-layout-flow\" style=\"flex-basis:66.66%\">\n<p>The <strong><a href=\"https:\/\/www.fondazionemonreart.com\/\" target=\"_blank\" rel=\"noreferrer noopener\">Fondazione Monreart<\/a><\/strong> will be pleased to offer the an access to each of the following events : <strong><a href=\"https:\/\/www.fondazionemonreart.com\/eventi\/international-summer-school-volta-mantovana\/\" target=\"_blank\" rel=\"noreferrer noopener\">International Summer School Italia 2025<\/a><\/strong> and&nbsp;<strong><a href=\"https:\/\/www.fondazionemonreart.com\/eventi\/international-winter-school-italia\/\" target=\"_blank\" rel=\"noreferrer noopener\">International Winter School Italia 2025<\/a><\/strong>. As well as a short-term scholarships for the International Ballet Program Academy in Verona. Tommaso Renda, artistic Director, will attend the final to select the winners.<\/p>\n<\/div>\n<\/div>\n\n\n\n<div class=\"wp-block-columns is-layout-flex wp-container-core-columns-is-layout-9d6595d7 wp-block-columns-is-layout-flex\">\n<div class=\"wp-block-column is-layout-flow wp-block-column-is-layout-flow\" style=\"flex-basis:33.33%\"><div class=\"wp-block-image\">\n<figure class=\"alignright size-full is-resized\"><a href=\"https:\/\/www.facebook.com\/theavraams\/\" target=\"_blank\" rel=\"noreferrer noopener\"><img loading=\"lazy\" decoding=\"async\" width=\"1273\" height=\"1165\" src=\"https:\/\/www.prixdeshivernales.be\/wp-content\/uploads\/sites\/2\/2025\/01\/SWTA-LOGO-black-.png\" alt=\"\" class=\"wp-image-2354\" style=\"width:150px;height:undefinedpx\" srcset=\"https:\/\/www.prixdeshivernales.be\/wp-content\/uploads\/sites\/2\/2025\/01\/SWTA-LOGO-black-.png 1273w, https:\/\/www.prixdeshivernales.be\/wp-content\/uploads\/sites\/2\/2025\/01\/SWTA-LOGO-black--500x458.png 500w, https:\/\/www.prixdeshivernales.be\/wp-content\/uploads\/sites\/2\/2025\/01\/SWTA-LOGO-black--1200x1098.png 1200w, https:\/\/www.prixdeshivernales.be\/wp-content\/uploads\/sites\/2\/2025\/01\/SWTA-LOGO-black--768x703.png 768w\" sizes=\"auto, (max-width: 1273px) 100vw, 1273px\" \/><\/a><\/figure>\n<\/div><\/div>\n\n\n\n<div class=\"wp-block-column is-layout-flow wp-block-column-is-layout-flow\" style=\"flex-basis:66.66%\">\n<p>Louiza and Ioanna Avraam, Founders of <strong><a href=\"https:\/\/www.facebook.com\/theavraams\/\" target=\"_blank\" rel=\"noreferrer noopener\">The Avraams Summer Intensive<\/a><\/strong>,&nbsp;will be pleased to offer two scholarships to attend the 2025 summer edition.&nbsp;<br>The&nbsp;Avraams Summer Intensive offers top level classes in both classical and contemporary field. Participants will train with renowned principal dancers, rising choreographers, and world-class teachers, to refine their skills and explore the beauty of dance in a global context. An opportunity to build meaningful connections, while experiencing the inspiring setting of Cyprus.\u2029<\/p>\n<\/div>\n<\/div>\n\n\n\n<div class=\"wp-block-columns is-layout-flex wp-container-core-columns-is-layout-9d6595d7 wp-block-columns-is-layout-flex\">\n<div class=\"wp-block-column is-layout-flow wp-block-column-is-layout-flow\" style=\"flex-basis:33.33%\"><div class=\"wp-block-image\">\n<figure class=\"alignright size-full is-resized\"><a href=\"https:\/\/www.sada.dance\/\" target=\"_blank\" rel=\"noreferrer noopener\"><img loading=\"lazy\" decoding=\"async\" width=\"1200\" height=\"871\" src=\"https:\/\/www.prixdeshivernales.be\/wp-content\/uploads\/sites\/2\/2025\/01\/Logo_Dance-Vision_-Salzburg-Academy-for-Dance-Arts.jpg\" alt=\"\" class=\"wp-image-2369\" style=\"width:150px;height:undefinedpx\" srcset=\"https:\/\/www.prixdeshivernales.be\/wp-content\/uploads\/sites\/2\/2025\/01\/Logo_Dance-Vision_-Salzburg-Academy-for-Dance-Arts.jpg 1200w, https:\/\/www.prixdeshivernales.be\/wp-content\/uploads\/sites\/2\/2025\/01\/Logo_Dance-Vision_-Salzburg-Academy-for-Dance-Arts-500x363.jpg 500w, https:\/\/www.prixdeshivernales.be\/wp-content\/uploads\/sites\/2\/2025\/01\/Logo_Dance-Vision_-Salzburg-Academy-for-Dance-Arts-768x557.jpg 768w\" sizes=\"auto, (max-width: 1200px) 100vw, 1200px\" \/><\/a><\/figure>\n<\/div><\/div>\n\n\n\n<div class=\"wp-block-column is-layout-flow wp-block-column-is-layout-flow\" style=\"flex-basis:66.66%\">\n<p><strong><a href=\"https:\/\/www.sada.dance\/\">Dance Vision<\/a><\/strong>&nbsp;&#8211; Salzburg Academy for Dance Arts &#8211; will be pleased to offer a full access to its <strong><a href=\"https:\/\/www.sada.dance\/phoenix\" target=\"_blank\" rel=\"noreferrer noopener\">Summer Dance Intensive&nbsp;<br>Program &#8220;Phoenix 2025&#8221;<\/a><\/strong> in August 2025 (excluding travel, meals and accommodation).&nbsp;<\/p>\n<\/div>\n<\/div>\n\n\n\n<div class=\"wp-block-columns is-layout-flex wp-container-core-columns-is-layout-9d6595d7 wp-block-columns-is-layout-flex\">\n<div class=\"wp-block-column is-layout-flow wp-block-column-is-layout-flow\" style=\"flex-basis:33.33%\"><div class=\"wp-block-image\">\n<figure class=\"alignright size-large is-resized\"><a href=\"https:\/\/ecoleduballetstanlowa.paris\/\" target=\"_blank\" rel=\"noreferrer noopener\"><img loading=\"lazy\" decoding=\"async\" width=\"1200\" height=\"800\" src=\"https:\/\/www.prixdeshivernales.be\/wp-content\/uploads\/sites\/2\/2023\/03\/EBPS-1200x800.jpg\" alt=\"\" class=\"wp-image-1342\" style=\"width:150px;height:100px\" srcset=\"https:\/\/www.prixdeshivernales.be\/wp-content\/uploads\/sites\/2\/2023\/03\/EBPS-1200x800.jpg 1200w, https:\/\/www.prixdeshivernales.be\/wp-content\/uploads\/sites\/2\/2023\/03\/EBPS-500x333.jpg 500w, https:\/\/www.prixdeshivernales.be\/wp-content\/uploads\/sites\/2\/2023\/03\/EBPS-768x512.jpg 768w, https:\/\/www.prixdeshivernales.be\/wp-content\/uploads\/sites\/2\/2023\/03\/EBPS-1536x1024.jpg 1536w, https:\/\/www.prixdeshivernales.be\/wp-content\/uploads\/sites\/2\/2023\/03\/EBPS.jpg 1701w\" sizes=\"auto, (max-width: 1200px) 100vw, 1200px\" \/><\/a><\/figure>\n<\/div><\/div>\n\n\n\n<div class=\"wp-block-column is-layout-flow wp-block-column-is-layout-flow\" style=\"flex-basis:66.66%\">\n<p><a href=\"https:\/\/ecoleduballetstanlowa.paris\/\" target=\"_blank\" rel=\"noreferrer noopener\"><strong>Paris Stanlowa Ballet School<\/strong><\/a>&nbsp;will offer a pre-professional training course in its institute in July 2025&nbsp;to one the winners. A great opportunity to progress in classical, pointe, barre au sol, \u2026 with the teachers of the Paris Opera Ballet School and Stanlowa.<\/p>\n<\/div>\n<\/div>\n\n\n\n<div class=\"wp-block-columns is-layout-flex wp-container-core-columns-is-layout-9d6595d7 wp-block-columns-is-layout-flex\">\n<div class=\"wp-block-column is-layout-flow wp-block-column-is-layout-flow\" style=\"flex-basis:33.33%\"><div class=\"wp-block-image\">\n<figure class=\"alignright size-large is-resized\"><img loading=\"lazy\" decoding=\"async\" width=\"1200\" height=\"375\" src=\"https:\/\/www.prixdeshivernales.be\/wp-content\/uploads\/sites\/2\/2023\/09\/PBS-Logo_Mesa-de-trabajo-2-1200x375.png\" alt=\"\" class=\"wp-image-1415\" style=\"width:150px;height:undefinedpx\" srcset=\"https:\/\/www.prixdeshivernales.be\/wp-content\/uploads\/sites\/2\/2023\/09\/PBS-Logo_Mesa-de-trabajo-2-1200x375.png 1200w, https:\/\/www.prixdeshivernales.be\/wp-content\/uploads\/sites\/2\/2023\/09\/PBS-Logo_Mesa-de-trabajo-2-500x156.png 500w, https:\/\/www.prixdeshivernales.be\/wp-content\/uploads\/sites\/2\/2023\/09\/PBS-Logo_Mesa-de-trabajo-2-768x240.png 768w, https:\/\/www.prixdeshivernales.be\/wp-content\/uploads\/sites\/2\/2023\/09\/PBS-Logo_Mesa-de-trabajo-2.png 1280w\" sizes=\"auto, (max-width: 1200px) 100vw, 1200px\" \/><\/figure>\n<\/div><\/div>\n\n\n\n<div class=\"wp-block-column is-layout-flow wp-block-column-is-layout-flow\" style=\"flex-basis:66.66%\">\n<p>Mrs Cinthia Labaronne, founder and artistic director of <strong><a href=\"https:\/\/www.proballetschool.ch\" target=\"_blank\" rel=\"noreferrer noopener\">Pro Ballet School<\/a><\/strong> in Switzerland, will be pleased to offer an access to its&nbsp;next&nbsp;Summer Ballet Workshop (dates to be determined).<\/p>\n<\/div>\n<\/div>\n\n\n\n<div class=\"wp-block-columns is-layout-flex wp-container-core-columns-is-layout-9d6595d7 wp-block-columns-is-layout-flex\">\n<div class=\"wp-block-column is-layout-flow wp-block-column-is-layout-flow\" style=\"flex-basis:33.33%\"><div class=\"wp-block-image\">\n<figure class=\"alignright size-full\"><a href=\"https:\/\/www.mosaballetschool.eu\/\" target=\"_blank\" rel=\"noopener\"><img loading=\"lazy\" decoding=\"async\" width=\"151\" height=\"197\" src=\"https:\/\/www.prixdeshivernales.be\/wp-content\/uploads\/sites\/2\/2021\/10\/mosa-ballet-school.png\" alt=\"\" class=\"wp-image-222\"\/><\/a><\/figure>\n<\/div><\/div>\n\n\n\n<div class=\"wp-block-column is-layout-flow wp-block-column-is-layout-flow\" style=\"flex-basis:66.66%\">\n<p>The&nbsp;<strong><a href=\"https:\/\/www.mosaballetschool.eu\/\" target=\"_blank\" rel=\"noreferrer noopener\">Mosa Ballet School<\/a><\/strong>&nbsp;will have the pleasure of offering 2&nbsp;scholarships to the 2025 \u201cSummer Intensive Courses\u201d. These scholarships give unlimited access to all the Intensive&nbsp;classes. Olivier Patey, the school&#8217;s Artistic Director, will attend the final to select the 2 winners.&nbsp;<\/p>\n<\/div>\n<\/div>\n\n\n\n<div class=\"wp-block-columns is-layout-flex wp-container-core-columns-is-layout-9d6595d7 wp-block-columns-is-layout-flex\">\n<div class=\"wp-block-column is-layout-flow wp-block-column-is-layout-flow\" style=\"flex-basis:33.33%\"><div class=\"wp-block-image\">\n<figure class=\"alignright size-full is-resized\"><a href=\"https:\/\/www.castlesummerintensive.com\" target=\"_blank\" rel=\"noreferrer noopener\"><img loading=\"lazy\" decoding=\"async\" width=\"1043\" height=\"618\" src=\"https:\/\/www.prixdeshivernales.be\/wp-content\/uploads\/sites\/2\/2023\/09\/Logo-CSI.png\" alt=\"\" class=\"wp-image-1425\" style=\"width:150px;height:100px\" srcset=\"https:\/\/www.prixdeshivernales.be\/wp-content\/uploads\/sites\/2\/2023\/09\/Logo-CSI.png 1043w, https:\/\/www.prixdeshivernales.be\/wp-content\/uploads\/sites\/2\/2023\/09\/Logo-CSI-500x296.png 500w, https:\/\/www.prixdeshivernales.be\/wp-content\/uploads\/sites\/2\/2023\/09\/Logo-CSI-768x455.png 768w\" sizes=\"auto, (max-width: 1043px) 100vw, 1043px\" \/><\/a><\/figure>\n<\/div><\/div>\n\n\n\n<div class=\"wp-block-column is-layout-flow wp-block-column-is-layout-flow\" style=\"flex-basis:66.66%\">\n<p>Damiano Artale, founder and artistic director of the <strong>Castle Summer Intensive<\/strong> in Italy, will be delighted to offer two full accesses to the 6<sup>th<\/sup> edition in Summer 2025.&nbsp;<\/p>\n<\/div>\n<\/div>\n\n\n\n<div class=\"wp-block-columns is-layout-flex wp-container-core-columns-is-layout-9d6595d7 wp-block-columns-is-layout-flex\">\n<div class=\"wp-block-column is-layout-flow wp-block-column-is-layout-flow\" style=\"flex-basis:33.33%\"><div class=\"wp-block-image\">\n<figure class=\"alignright size-full is-resized\"><a href=\"https:\/\/cubanballetprogram.com\/\" target=\"_blank\" rel=\"noreferrer noopener\"><img loading=\"lazy\" decoding=\"async\" width=\"512\" height=\"546\" src=\"https:\/\/www.prixdeshivernales.be\/wp-content\/uploads\/sites\/2\/2024\/01\/logo_black.jpg\" alt=\"\" class=\"wp-image-1656\" style=\"width:150px\" srcset=\"https:\/\/www.prixdeshivernales.be\/wp-content\/uploads\/sites\/2\/2024\/01\/logo_black.jpg 512w, https:\/\/www.prixdeshivernales.be\/wp-content\/uploads\/sites\/2\/2024\/01\/logo_black-469x500.jpg 469w\" sizes=\"auto, (max-width: 512px) 100vw, 512px\" \/><\/a><\/figure>\n<\/div><\/div>\n\n\n\n<div class=\"wp-block-column is-layout-flow wp-block-column-is-layout-flow\" style=\"flex-basis:66.66%\">\n<p>Howard Quintero and Marlen Moreno, Directors and Founders of the <strong><a href=\"https:\/\/cubanballetprogram.com\/\" target=\"_blank\" rel=\"noreferrer noopener\">Cuban Ballet Program<\/a><\/strong>, will be pleased to&nbsp;offer a full access to the Cuban Ballet Program&#8217;s professional courses in August 2025.<\/p>\n<\/div>\n<\/div>\n\n\n\n<div class=\"wp-block-columns is-layout-flex wp-container-core-columns-is-layout-9d6595d7 wp-block-columns-is-layout-flex\">\n<div class=\"wp-block-column is-layout-flow wp-block-column-is-layout-flow\" style=\"flex-basis:33.33%\"><div class=\"wp-block-image\">\n<figure class=\"alignright size-full is-resized\"><a href=\"http:\/\/www.danses-darc.com\/\"><img loading=\"lazy\" decoding=\"async\" width=\"600\" height=\"600\" src=\"https:\/\/www.prixdeshivernales.be\/wp-content\/uploads\/sites\/2\/2023\/11\/LOGO-DARC.png\" alt=\"\" class=\"wp-image-1543\" style=\"width:150px\" srcset=\"https:\/\/www.prixdeshivernales.be\/wp-content\/uploads\/sites\/2\/2023\/11\/LOGO-DARC.png 600w, https:\/\/www.prixdeshivernales.be\/wp-content\/uploads\/sites\/2\/2023\/11\/LOGO-DARC-500x500.png 500w, https:\/\/www.prixdeshivernales.be\/wp-content\/uploads\/sites\/2\/2023\/11\/LOGO-DARC-200x200.png 200w\" sizes=\"auto, (max-width: 600px) 100vw, 600px\" \/><\/a><\/figure>\n<\/div><\/div>\n\n\n\n<div class=\"wp-block-column is-layout-flow wp-block-column-is-layout-flow\" style=\"flex-basis:66.66%\">\n<p>\u00c9ric Bellet, director of the&nbsp;<a href=\"http:\/\/www.danses-darc.com\/\" target=\"_blank\" rel=\"noreferrer noopener\"><strong>Stage-Festival Ch\u00e2teauroux \u2013 DARC<\/strong><\/a>, will be pleased to offer an unlimited access to the 50th Stage International de Ch\u00e2teauroux from 10 to 22 August 2025.<\/p>\n<\/div>\n<\/div>\n\n\n\n<div class=\"wp-block-columns is-layout-flex wp-container-core-columns-is-layout-9d6595d7 wp-block-columns-is-layout-flex\">\n<div class=\"wp-block-column is-layout-flow wp-block-column-is-layout-flow\" style=\"flex-basis:33.33%\"><div class=\"wp-block-image\">\n<figure class=\"alignright size-full is-resized\"><a href=\"https:\/\/vmballet.com\" target=\"_blank\" rel=\"noreferrer noopener\"><img loading=\"lazy\" decoding=\"async\" width=\"624\" height=\"696\" src=\"https:\/\/www.prixdeshivernales.be\/wp-content\/uploads\/sites\/2\/2023\/09\/LLOGO.jpg\" alt=\"\" class=\"wp-image-1436\" style=\"width:150px;height:undefinedpx\" srcset=\"https:\/\/www.prixdeshivernales.be\/wp-content\/uploads\/sites\/2\/2023\/09\/LLOGO.jpg 624w, https:\/\/www.prixdeshivernales.be\/wp-content\/uploads\/sites\/2\/2023\/09\/LLOGO-448x500.jpg 448w\" sizes=\"auto, (max-width: 624px) 100vw, 624px\" \/><\/a><\/figure>\n<\/div><\/div>\n\n\n\n<div class=\"wp-block-column is-layout-flow wp-block-column-is-layout-flow\" style=\"flex-basis:66.66%\">\n<p>The <a href=\"https:\/\/vmballet.com\/\" target=\"_blank\" rel=\"noreferrer noopener\"><strong>VM Ballet<\/strong><\/a>&nbsp;will be happy to offer a short-term scholarship to 6 of our&nbsp;winners to experience one or two&nbsp;week.s of Professional Training at the VMBALLET International Ballet School Toulouse France (dates to be determined with the winners).<\/p>\n<\/div>\n<\/div>\n\n\n\n<div class=\"wp-block-columns is-layout-flex wp-container-core-columns-is-layout-9d6595d7 wp-block-columns-is-layout-flex\">\n<div class=\"wp-block-column is-layout-flow wp-block-column-is-layout-flow\" style=\"flex-basis:33.33%\"><div class=\"wp-block-image\">\n<figure class=\"alignright size-large is-resized\"><a href=\"https:\/\/www.igokat.com\" target=\"_blank\" rel=\"noopener\"><img loading=\"lazy\" decoding=\"async\" width=\"1200\" height=\"482\" src=\"https:\/\/www.prixdeshivernales.be\/wp-content\/uploads\/sites\/2\/2023\/10\/IGOKAT-PNG-1200x482.png\" alt=\"\" class=\"wp-image-1477\" style=\"width:150px;height:58px\" srcset=\"https:\/\/www.prixdeshivernales.be\/wp-content\/uploads\/sites\/2\/2023\/10\/IGOKAT-PNG-1200x482.png 1200w, https:\/\/www.prixdeshivernales.be\/wp-content\/uploads\/sites\/2\/2023\/10\/IGOKAT-PNG-500x201.png 500w, https:\/\/www.prixdeshivernales.be\/wp-content\/uploads\/sites\/2\/2023\/10\/IGOKAT-PNG-768x308.png 768w, https:\/\/www.prixdeshivernales.be\/wp-content\/uploads\/sites\/2\/2023\/10\/IGOKAT-PNG-1536x617.png 1536w, https:\/\/www.prixdeshivernales.be\/wp-content\/uploads\/sites\/2\/2023\/10\/IGOKAT-PNG-2048x822.png 2048w\" sizes=\"auto, (max-width: 1200px) 100vw, 1200px\" \/><\/a><\/figure>\n<\/div><\/div>\n\n\n\n<div class=\"wp-block-column is-layout-flow wp-block-column-is-layout-flow\" style=\"flex-basis:66.66%\">\n<p>The <strong><a href=\"https:\/\/www.igokat.com\" target=\"_blank\" rel=\"noreferrer noopener\">Igokat Centre<\/a><\/strong> in Switzerland will be pleased to offer a one-week immersion in its academy in 2025. The winner will have the exclusive opportunity to take part in the school&#8217;s daily pre-professional classes (dates and courses to be determined according to the age and availability of the winner).<\/p>\n<\/div>\n<\/div>\n\n\n\n<div class=\"wp-block-columns is-layout-flex wp-container-core-columns-is-layout-9d6595d7 wp-block-columns-is-layout-flex\">\n<div class=\"wp-block-column is-layout-flow wp-block-column-is-layout-flow\" style=\"flex-basis:33.33%\"><div class=\"wp-block-image\">\n<figure class=\"alignright size-full is-resized\"><a href=\"https:\/\/terpsichore.paris\/\" target=\"_blank\" rel=\"noopener\"><img loading=\"lazy\" decoding=\"async\" width=\"750\" height=\"750\" src=\"https:\/\/www.prixdeshivernales.be\/wp-content\/uploads\/sites\/2\/2023\/11\/logo_terpsichore-paris_noir-01.png\" alt=\"\" class=\"wp-image-1565\" style=\"width:150px\" srcset=\"https:\/\/www.prixdeshivernales.be\/wp-content\/uploads\/sites\/2\/2023\/11\/logo_terpsichore-paris_noir-01.png 750w, https:\/\/www.prixdeshivernales.be\/wp-content\/uploads\/sites\/2\/2023\/11\/logo_terpsichore-paris_noir-01-500x500.png 500w, https:\/\/www.prixdeshivernales.be\/wp-content\/uploads\/sites\/2\/2023\/11\/logo_terpsichore-paris_noir-01-200x200.png 200w\" sizes=\"auto, (max-width: 750px) 100vw, 750px\" \/><\/a><\/figure>\n<\/div><\/div>\n\n\n\n<div class=\"wp-block-column is-layout-flow wp-block-column-is-layout-flow\" style=\"flex-basis:66.66%\">\n<p><strong><a href=\"https:\/\/terpsichore.paris\/\" target=\"_blank\" rel=\"noreferrer noopener\">Terpsichore Paris<\/a><\/strong> will&nbsp;be pleased to offer three three-day courses at the school (dates to be determined with the winners).<\/p>\n<\/div>\n<\/div>\n\n\n\n<div class=\"wp-block-columns is-layout-flex wp-container-core-columns-is-layout-9d6595d7 wp-block-columns-is-layout-flex\">\n<div class=\"wp-block-column is-layout-flow wp-block-column-is-layout-flow\" style=\"flex-basis:33.33%\"><div class=\"wp-block-image\">\n<figure class=\"alignright size-full is-resized\"><a href=\"https:\/\/www.stagededanse.be\/\" target=\"_blank\" rel=\"noopener\"><img loading=\"lazy\" decoding=\"async\" width=\"500\" height=\"500\" src=\"https:\/\/www.prixdeshivernales.be\/wp-content\/uploads\/sites\/2\/2022\/01\/stage-de-danse.png\" alt=\"\" class=\"wp-image-623\" style=\"width:150px;height:150px\" srcset=\"https:\/\/www.prixdeshivernales.be\/wp-content\/uploads\/sites\/2\/2022\/01\/stage-de-danse.png 500w, https:\/\/www.prixdeshivernales.be\/wp-content\/uploads\/sites\/2\/2022\/01\/stage-de-danse-200x200.png 200w\" sizes=\"auto, (max-width: 500px) 100vw, 500px\" \/><\/a><\/figure>\n<\/div><\/div>\n\n\n\n<div class=\"wp-block-column is-layout-flow wp-block-column-is-layout-flow\" style=\"flex-basis:66.66%\">\n<p><a href=\"https:\/\/www.stagededanse.be\/\" target=\"_blank\" rel=\"noreferrer noopener\"><strong>Stage de Danse asbl<\/strong><\/a>&nbsp;will offer unlimited access to the 21th&nbsp;<strong>Li\u00e8ge Summer Dance Intensive<\/strong>.&nbsp;<\/p>\n<\/div>\n<\/div>\n\n\n\n<div class=\"wp-block-columns is-layout-flex wp-container-core-columns-is-layout-9d6595d7 wp-block-columns-is-layout-flex\">\n<div class=\"wp-block-column is-layout-flow wp-block-column-is-layout-flow\" style=\"flex-basis:33.33%\"><div class=\"wp-block-image\">\n<figure class=\"alignright size-large is-resized\"><a href=\"http:\/\/www.conservatoiredeladanse.com\" target=\"_blank\" rel=\"noopener\"><img loading=\"lazy\" decoding=\"async\" width=\"1200\" height=\"223\" src=\"https:\/\/www.prixdeshivernales.be\/wp-content\/uploads\/sites\/2\/2023\/02\/logo-CDLD-DEF_Version-longue-noir-1200x223.png\" alt=\"\" class=\"wp-image-1309\" style=\"width:150px;height:28px\" srcset=\"https:\/\/www.prixdeshivernales.be\/wp-content\/uploads\/sites\/2\/2023\/02\/logo-CDLD-DEF_Version-longue-noir-1200x223.png 1200w, https:\/\/www.prixdeshivernales.be\/wp-content\/uploads\/sites\/2\/2023\/02\/logo-CDLD-DEF_Version-longue-noir-500x93.png 500w, https:\/\/www.prixdeshivernales.be\/wp-content\/uploads\/sites\/2\/2023\/02\/logo-CDLD-DEF_Version-longue-noir-768x143.png 768w, https:\/\/www.prixdeshivernales.be\/wp-content\/uploads\/sites\/2\/2023\/02\/logo-CDLD-DEF_Version-longue-noir.png 1393w\" sizes=\"auto, (max-width: 1200px) 100vw, 1200px\" \/><\/a><\/figure>\n<\/div><\/div>\n\n\n\n<div class=\"wp-block-column is-layout-flow wp-block-column-is-layout-flow\" style=\"flex-basis:66.66%\">\n<p><a href=\"http:\/\/www.conservatoiredeladanse.com\/\" target=\"_blank\" rel=\"noreferrer noopener\"><strong>The Brussels Dance Conservatory<\/strong><\/a>&nbsp;and its director Jean-Paul Dimmers will be pleased to offer unlimited access to one of their Summer workshops 2025 (dates and classes to be determined according to the age and availability of the winner).<\/p>\n<\/div>\n<\/div>\n\n\n\n<div class=\"wp-block-columns is-layout-flex wp-container-core-columns-is-layout-9d6595d7 wp-block-columns-is-layout-flex\">\n<div class=\"wp-block-column is-layout-flow wp-block-column-is-layout-flow\" style=\"flex-basis:33.33%\"><div class=\"wp-block-image\">\n<figure class=\"alignright size-full is-resized\"><a href=\"https:\/\/dancespassion.be\" target=\"_blank\" rel=\"noopener\"><img loading=\"lazy\" decoding=\"async\" width=\"800\" height=\"846\" src=\"https:\/\/www.prixdeshivernales.be\/wp-content\/uploads\/sites\/2\/2023\/02\/Dances-Passion-Logo.jpg\" alt=\"\" class=\"wp-image-1299\" style=\"width:150px;height:159px\" srcset=\"https:\/\/www.prixdeshivernales.be\/wp-content\/uploads\/sites\/2\/2023\/02\/Dances-Passion-Logo.jpg 800w, https:\/\/www.prixdeshivernales.be\/wp-content\/uploads\/sites\/2\/2023\/02\/Dances-Passion-Logo-473x500.jpg 473w, https:\/\/www.prixdeshivernales.be\/wp-content\/uploads\/sites\/2\/2023\/02\/Dances-Passion-Logo-768x812.jpg 768w\" sizes=\"auto, (max-width: 800px) 100vw, 800px\" \/><\/a><\/figure>\n<\/div><\/div>\n\n\n\n<div class=\"wp-block-column is-layout-flow wp-block-column-is-layout-flow\" style=\"flex-basis:66.66%\">\n<p>Mrs Sabine Bernimont, director of&nbsp;<a href=\"https:\/\/dancespassion.be\/\" target=\"_blank\" rel=\"noreferrer noopener\"><strong>Dance\u2019s Passion<\/strong><\/a>,&nbsp;will offer an internship (dates to be determined).<\/p>\n<\/div>\n<\/div>\n\n\n\n<h2 class=\"wp-block-heading\">2024<\/h2>\n\n\n\n<div class=\"wp-block-columns is-layout-flex wp-container-core-columns-is-layout-9d6595d7 wp-block-columns-is-layout-flex\">\n<div class=\"wp-block-column is-layout-flow wp-block-column-is-layout-flow\" style=\"flex-basis:33.33%\"><div class=\"wp-block-image\">\n<figure class=\"alignright size-full is-resized\"><a href=\"https:\/\/boutiquedansetavie.be\/\" target=\"_blank\" rel=\"noreferrer noopener\"><img loading=\"lazy\" decoding=\"async\" width=\"805\" height=\"294\" src=\"https:\/\/www.prixdeshivernales.be\/wp-content\/uploads\/sites\/2\/2023\/01\/logo-Danse-ta-vie.png\" alt=\"\" class=\"wp-image-1155\" style=\"width:150px\" srcset=\"https:\/\/www.prixdeshivernales.be\/wp-content\/uploads\/sites\/2\/2023\/01\/logo-Danse-ta-vie.png 805w, https:\/\/www.prixdeshivernales.be\/wp-content\/uploads\/sites\/2\/2023\/01\/logo-Danse-ta-vie-500x183.png 500w, https:\/\/www.prixdeshivernales.be\/wp-content\/uploads\/sites\/2\/2023\/01\/logo-Danse-ta-vie-768x280.png 768w\" sizes=\"auto, (max-width: 805px) 100vw, 805px\" \/><\/a><\/figure>\n<\/div><\/div>\n\n\n\n<div class=\"wp-block-column is-layout-flow wp-block-column-is-layout-flow\" style=\"flex-basis:66.66%\">\n<p><meta charset=\"utf-8\">The four First Prizes in the classical category, worth \u20ac250 each, will be donated by Boutique <strong><a href=\"https:\/\/boutiquedansetavie.be\/\" target=\"_blank\" rel=\"noreferrer noopener\">Danse ta vie<\/a><\/strong>.<\/p>\n<\/div>\n<\/div>\n\n\n\n<div class=\"wp-block-columns is-layout-flex wp-container-core-columns-is-layout-9d6595d7 wp-block-columns-is-layout-flex\">\n<div class=\"wp-block-column is-layout-flow wp-block-column-is-layout-flow\" style=\"flex-basis:33.33%\"><div class=\"wp-block-image\">\n<figure class=\"alignright size-full is-resized\"><a href=\"https:\/\/www.loterie-nationale.be\/bien-plus-que-jouer\/bonnes-causes\" target=\"_blank\" rel=\"noreferrer noopener\"><img loading=\"lazy\" decoding=\"async\" width=\"3354\" height=\"1396\" src=\"https:\/\/www.prixdeshivernales.be\/wp-content\/uploads\/sites\/2\/2023\/12\/Logo_Loterie_Horizontal_SAFEZONE_BASELINE_FR_BLACK.png\" alt=\"The National Lottery subsidizes the 12th edition of Les Hivernales de la Danse as part of the organization of its Ballet and Contemporary Dance Festival.\" class=\"wp-image-1602\" style=\"width:150px\" srcset=\"https:\/\/www.prixdeshivernales.be\/wp-content\/uploads\/sites\/2\/2023\/12\/Logo_Loterie_Horizontal_SAFEZONE_BASELINE_FR_BLACK.png 3354w, https:\/\/www.prixdeshivernales.be\/wp-content\/uploads\/sites\/2\/2023\/12\/Logo_Loterie_Horizontal_SAFEZONE_BASELINE_FR_BLACK-500x208.png 500w, https:\/\/www.prixdeshivernales.be\/wp-content\/uploads\/sites\/2\/2023\/12\/Logo_Loterie_Horizontal_SAFEZONE_BASELINE_FR_BLACK-1200x499.png 1200w, https:\/\/www.prixdeshivernales.be\/wp-content\/uploads\/sites\/2\/2023\/12\/Logo_Loterie_Horizontal_SAFEZONE_BASELINE_FR_BLACK-768x320.png 768w, https:\/\/www.prixdeshivernales.be\/wp-content\/uploads\/sites\/2\/2023\/12\/Logo_Loterie_Horizontal_SAFEZONE_BASELINE_FR_BLACK-1536x639.png 1536w, https:\/\/www.prixdeshivernales.be\/wp-content\/uploads\/sites\/2\/2023\/12\/Logo_Loterie_Horizontal_SAFEZONE_BASELINE_FR_BLACK-2048x852.png 2048w\" sizes=\"auto, (max-width: 3354px) 100vw, 3354px\" \/><\/a><\/figure>\n<\/div><\/div>\n\n\n\n<div class=\"wp-block-column is-layout-flow wp-block-column-is-layout-flow\" style=\"flex-basis:66.66%\">\n<p>With the support of the <strong><a href=\"https:\/\/www.loterie-nationale.be\/bien-plus-que-jouer\/bonnes-causes\" target=\"_blank\" rel=\"noreferrer noopener\">National Lottery<\/a><\/strong> and its players.<\/p>\n<\/div>\n<\/div>\n\n\n\n<div class=\"wp-block-columns is-layout-flex wp-container-core-columns-is-layout-9d6595d7 wp-block-columns-is-layout-flex\">\n<div class=\"wp-block-column is-layout-flow wp-block-column-is-layout-flow\" style=\"flex-basis:33.33%\"><div class=\"wp-block-image\">\n<figure class=\"alignright size-full is-resized\"><a href=\"https:\/\/www.balletsdemontecarlo.com\/fr\"><img loading=\"lazy\" decoding=\"async\" width=\"595\" height=\"842\" src=\"https:\/\/www.prixdeshivernales.be\/wp-content\/uploads\/sites\/2\/2023\/11\/logo-BMC-NOIR.png\" alt=\"\" class=\"wp-image-1523\" style=\"width:150px\" srcset=\"https:\/\/www.prixdeshivernales.be\/wp-content\/uploads\/sites\/2\/2023\/11\/logo-BMC-NOIR.png 595w, https:\/\/www.prixdeshivernales.be\/wp-content\/uploads\/sites\/2\/2023\/11\/logo-BMC-NOIR-353x500.png 353w\" sizes=\"auto, (max-width: 595px) 100vw, 595px\" \/><\/a><\/figure>\n<\/div><\/div>\n\n\n\n<div class=\"wp-block-column is-layout-flow wp-block-column-is-layout-flow\" style=\"flex-basis:66.66%\">\n<p><meta charset=\"utf-8\">Mr Jean-Christophe Maillot, Choreographer and Director of <strong><a href=\"https:\/\/www.balletsdemontecarlo.com\/fr\" target=\"_blank\" rel=\"noreferrer noopener\">Les Ballets de Monte-Carlo<\/a><\/strong>, will have the pleasure of welcoming a winner for a one-week immersion into the company. The winner will have the exclusive opportunity to participate in the daily class, and to observe and take part in various rehearsals with the company (dates to be determined with the winner &#8211; excluding travel and accommodation).<\/p>\n<\/div>\n<\/div>\n\n\n\n<div class=\"wp-block-columns is-layout-flex wp-container-core-columns-is-layout-9d6595d7 wp-block-columns-is-layout-flex\">\n<div class=\"wp-block-column is-layout-flow wp-block-column-is-layout-flow\" style=\"flex-basis:33.33%\"><div class=\"wp-block-image\">\n<figure class=\"alignright size-full is-resized\"><a href=\"https:\/\/malandainballet.com\/ballet\/ccn\" target=\"_blank\" rel=\"noopener\"><img loading=\"lazy\" decoding=\"async\" width=\"1200\" height=\"458\" src=\"https:\/\/www.prixdeshivernales.be\/wp-content\/uploads\/sites\/2\/2021\/11\/Malandain-ballet-Biarritz-1.png\" alt=\"\" class=\"wp-image-562\" style=\"width:150px;height:58px\" srcset=\"https:\/\/www.prixdeshivernales.be\/wp-content\/uploads\/sites\/2\/2021\/11\/Malandain-ballet-Biarritz-1.png 1200w, https:\/\/www.prixdeshivernales.be\/wp-content\/uploads\/sites\/2\/2021\/11\/Malandain-ballet-Biarritz-1-500x191.png 500w, https:\/\/www.prixdeshivernales.be\/wp-content\/uploads\/sites\/2\/2021\/11\/Malandain-ballet-Biarritz-1-768x293.png 768w\" sizes=\"auto, (max-width: 1200px) 100vw, 1200px\" \/><\/a><\/figure>\n<\/div><\/div>\n\n\n\n<div class=\"wp-block-column is-layout-flow wp-block-column-is-layout-flow\" style=\"flex-basis:66.66%\">\n<p>The <strong><a href=\"https:\/\/malandainballet.com\/ballet\/ccn\" target=\"_blank\" rel=\"noreferrer noopener\">CCN Malandain Ballet Biarritz<\/a><\/strong> will offer a one-week immersion in the company. The winner will have the exclusive opportunity to participate in the dancers\u2019 daily class and to observe or take part in various rehearsals with the company (including accommodation, excluding travel \u2013 dates to be confirmed according to the winner).<\/p>\n<\/div>\n<\/div>\n\n\n\n<div class=\"wp-block-columns is-layout-flex wp-container-core-columns-is-layout-9d6595d7 wp-block-columns-is-layout-flex\">\n<div class=\"wp-block-column is-layout-flow wp-block-column-is-layout-flow\" style=\"flex-basis:33.33%\"><div class=\"wp-block-image\">\n<figure class=\"alignright size-full is-resized\"><a href=\"https:\/\/www.biarritz-academie-danse.com\/\" target=\"_blank\" rel=\"noopener\"><img loading=\"lazy\" decoding=\"async\" width=\"2099\" height=\"591\" src=\"https:\/\/www.prixdeshivernales.be\/wp-content\/uploads\/sites\/2\/2023\/11\/MBB_LOGO_ACADEMIE.jpg\" alt=\"\" class=\"wp-image-1559\" style=\"width:150px\" srcset=\"https:\/\/www.prixdeshivernales.be\/wp-content\/uploads\/sites\/2\/2023\/11\/MBB_LOGO_ACADEMIE.jpg 2099w, https:\/\/www.prixdeshivernales.be\/wp-content\/uploads\/sites\/2\/2023\/11\/MBB_LOGO_ACADEMIE-500x141.jpg 500w, https:\/\/www.prixdeshivernales.be\/wp-content\/uploads\/sites\/2\/2023\/11\/MBB_LOGO_ACADEMIE-1200x338.jpg 1200w, https:\/\/www.prixdeshivernales.be\/wp-content\/uploads\/sites\/2\/2023\/11\/MBB_LOGO_ACADEMIE-768x216.jpg 768w, https:\/\/www.prixdeshivernales.be\/wp-content\/uploads\/sites\/2\/2023\/11\/MBB_LOGO_ACADEMIE-1536x432.jpg 1536w, https:\/\/www.prixdeshivernales.be\/wp-content\/uploads\/sites\/2\/2023\/11\/MBB_LOGO_ACADEMIE-2048x577.jpg 2048w\" sizes=\"auto, (max-width: 2099px) 100vw, 2099px\" \/><\/a><\/figure>\n<\/div><\/div>\n\n\n\n<div class=\"wp-block-column is-layout-flow wp-block-column-is-layout-flow\" style=\"flex-basis:66.66%\">\n<p>The <strong><a href=\"https:\/\/www.biarritz-academie-danse.com\/\" target=\"_blank\" rel=\"noreferrer noopener\">Biarritz International Dance Academy<\/a><\/strong> will offer a one-week access with unlimited classes, accompanied by access to the Malandain Ballet Biarritz performances company (including accommodation, excluding travel \u2013 dates to be confirmed according to the winner).<\/p>\n<\/div>\n<\/div>\n\n\n\n<div class=\"wp-block-columns is-layout-flex wp-container-core-columns-is-layout-9d6595d7 wp-block-columns-is-layout-flex\">\n<div class=\"wp-block-column is-layout-flow wp-block-column-is-layout-flow\" style=\"flex-basis:33.33%\"><div class=\"wp-block-image\">\n<figure class=\"alignright size-large is-resized\"><a href=\"https:\/\/www.opera-lyon.com\/l-opera-de-lyon\/les-artistes-l-equipe\/le-ballet\" target=\"_blank\" rel=\"noopener\"><img loading=\"lazy\" decoding=\"async\" width=\"1200\" height=\"920\" src=\"https:\/\/www.prixdeshivernales.be\/wp-content\/uploads\/sites\/2\/2023\/10\/opera_logotype_bold_noir-1200x920.png\" alt=\"\" class=\"wp-image-1484\" style=\"width:150px\" srcset=\"https:\/\/www.prixdeshivernales.be\/wp-content\/uploads\/sites\/2\/2023\/10\/opera_logotype_bold_noir-1200x920.png 1200w, https:\/\/www.prixdeshivernales.be\/wp-content\/uploads\/sites\/2\/2023\/10\/opera_logotype_bold_noir-500x383.png 500w, https:\/\/www.prixdeshivernales.be\/wp-content\/uploads\/sites\/2\/2023\/10\/opera_logotype_bold_noir-768x589.png 768w, https:\/\/www.prixdeshivernales.be\/wp-content\/uploads\/sites\/2\/2023\/10\/opera_logotype_bold_noir-1536x1177.png 1536w, https:\/\/www.prixdeshivernales.be\/wp-content\/uploads\/sites\/2\/2023\/10\/opera_logotype_bold_noir-2048x1570.png 2048w\" sizes=\"auto, (max-width: 1200px) 100vw, 1200px\" \/><\/a><\/figure>\n<\/div><\/div>\n\n\n\n<div class=\"wp-block-column is-layout-flow wp-block-column-is-layout-flow\" style=\"flex-basis:66.66%\">\n<p>The <strong><a href=\"https:\/\/www.opera-lyon.com\/l-opera-de-lyon\/les-artistes-l-equipe\/le-ballet\" target=\"_blank\" rel=\"noreferrer noopener\">Lyon Opera Ballet<\/a><\/strong> will have the pleasure of welcoming a winner for a one-week immersion in the company. The winner will have the exclusive opportunity to participate in the daily class and to observe various rehearsals with the company (dates to be defined with the winner &#8211; excluding travel and accommodation).<\/p>\n<\/div>\n<\/div>\n\n\n\n<div class=\"wp-block-columns is-layout-flex wp-container-core-columns-is-layout-9d6595d7 wp-block-columns-is-layout-flex\">\n<div class=\"wp-block-column is-layout-flow wp-block-column-is-layout-flow\" style=\"flex-basis:33.33%\"><div class=\"wp-block-image\">\n<figure class=\"alignright size-large is-resized\"><a href=\"https:\/\/opera.toulouse.fr\/\" target=\"_blank\" rel=\"noopener\"><img loading=\"lazy\" decoding=\"async\" width=\"1200\" height=\"756\" src=\"https:\/\/www.prixdeshivernales.be\/wp-content\/uploads\/sites\/2\/2023\/11\/LOGO-NOIR_OPERA-NATIONAL-CAPITOLE-TOULOUSE-1200x756.png\" alt=\"\" class=\"wp-image-1563\" style=\"width:150px\" srcset=\"https:\/\/www.prixdeshivernales.be\/wp-content\/uploads\/sites\/2\/2023\/11\/LOGO-NOIR_OPERA-NATIONAL-CAPITOLE-TOULOUSE-1200x756.png 1200w, https:\/\/www.prixdeshivernales.be\/wp-content\/uploads\/sites\/2\/2023\/11\/LOGO-NOIR_OPERA-NATIONAL-CAPITOLE-TOULOUSE-500x315.png 500w, https:\/\/www.prixdeshivernales.be\/wp-content\/uploads\/sites\/2\/2023\/11\/LOGO-NOIR_OPERA-NATIONAL-CAPITOLE-TOULOUSE-768x484.png 768w, https:\/\/www.prixdeshivernales.be\/wp-content\/uploads\/sites\/2\/2023\/11\/LOGO-NOIR_OPERA-NATIONAL-CAPITOLE-TOULOUSE-1536x968.png 1536w, https:\/\/www.prixdeshivernales.be\/wp-content\/uploads\/sites\/2\/2023\/11\/LOGO-NOIR_OPERA-NATIONAL-CAPITOLE-TOULOUSE.png 2029w\" sizes=\"auto, (max-width: 1200px) 100vw, 1200px\" \/><\/a><\/figure>\n<\/div><\/div>\n\n\n\n<div class=\"wp-block-column is-layout-flow wp-block-column-is-layout-flow\" style=\"flex-basis:66.66%\">\n<p>The <strong><a href=\"https:\/\/opera.toulouse.fr\/\" target=\"_blank\" rel=\"noreferrer noopener\">Ballet de l\u2019Op\u00e9ra national du Capitole de Toulouse<\/a><\/strong> will offer a practice time immersion in the company of a maximum of 4 weeks (to be determined with the winner). The winner will have the exclusive opportunity to participate in the daily class and to observe or take part in various rehearsals with the company (excluding travel, accommodation and insurance).<\/p>\n<\/div>\n<\/div>\n\n\n\n<div class=\"wp-block-columns is-layout-flex wp-container-core-columns-is-layout-9d6595d7 wp-block-columns-is-layout-flex\">\n<div class=\"wp-block-column is-layout-flow wp-block-column-is-layout-flow\" style=\"flex-basis:33.33%\"><div class=\"wp-block-image\">\n<figure class=\"alignright size-full is-resized\"><a href=\"https:\/\/www.atd.ahk.nl\/opleidingen-dans\/nationale-balletacademie\/\"><img loading=\"lazy\" decoding=\"async\" width=\"1138\" height=\"399\" src=\"https:\/\/www.prixdeshivernales.be\/wp-content\/uploads\/sites\/2\/2022\/01\/ENG_Logo_PNG-black.png\" alt=\"\" class=\"wp-image-620\" style=\"width:150px;height:53px\" srcset=\"https:\/\/www.prixdeshivernales.be\/wp-content\/uploads\/sites\/2\/2022\/01\/ENG_Logo_PNG-black.png 1138w, https:\/\/www.prixdeshivernales.be\/wp-content\/uploads\/sites\/2\/2022\/01\/ENG_Logo_PNG-black-500x175.png 500w, https:\/\/www.prixdeshivernales.be\/wp-content\/uploads\/sites\/2\/2022\/01\/ENG_Logo_PNG-black-768x269.png 768w\" sizes=\"auto, (max-width: 1138px) 100vw, 1138px\" \/><\/a><\/figure>\n<\/div><\/div>\n\n\n\n<div class=\"wp-block-column is-layout-flow wp-block-column-is-layout-flow\" style=\"flex-basis:66.66%\">\n<p><meta charset=\"utf-8\">The prestigious <a title=\"Dutch National Ballet Academy\" href=\"https:\/\/www.atd.ahk.nl\/opleidingen-dans\/nationale-balletacademie\/\" target=\"_blank\" rel=\"noopener\"><strong>Dutch National Ballet Academy<\/strong><\/a>&nbsp;in Amsterdam will be delighted to reward a talented student by offering an <a title=\"Stage International d'\u00e9t\u00e9\" href=\"https:\/\/www.atd.ahk.nl\/opleidingen-dans\/nationale-balletacademie\/summer-school\/\" target=\"_blank\" rel=\"noopener\"><strong>International Summer Training Course<\/strong><\/a> (dates depending on the age of the winner &#8211; excluding travel and accommodation)<\/p>\n<\/div>\n<\/div>\n\n\n\n<div class=\"wp-block-columns is-layout-flex wp-container-core-columns-is-layout-9d6595d7 wp-block-columns-is-layout-flex\">\n<div class=\"wp-block-column is-layout-flow wp-block-column-is-layout-flow\" style=\"flex-basis:33.33%\"><div class=\"wp-block-image\">\n<figure class=\"alignright size-full is-resized\"><a href=\"https:\/\/www.operanationaldurhin.eu\/fr\/l-opera-national-du-rhin\/le-ccn-ballet-de-l-opera-national-du-rhin\"><img loading=\"lazy\" decoding=\"async\" width=\"1713\" height=\"736\" src=\"https:\/\/www.prixdeshivernales.be\/wp-content\/uploads\/sites\/2\/2023\/11\/logo-ballet-CCN-noir-vecto-transparent.png\" alt=\"\" class=\"wp-image-1518\" style=\"width:150px\" srcset=\"https:\/\/www.prixdeshivernales.be\/wp-content\/uploads\/sites\/2\/2023\/11\/logo-ballet-CCN-noir-vecto-transparent.png 1713w, https:\/\/www.prixdeshivernales.be\/wp-content\/uploads\/sites\/2\/2023\/11\/logo-ballet-CCN-noir-vecto-transparent-500x215.png 500w, https:\/\/www.prixdeshivernales.be\/wp-content\/uploads\/sites\/2\/2023\/11\/logo-ballet-CCN-noir-vecto-transparent-1200x516.png 1200w, https:\/\/www.prixdeshivernales.be\/wp-content\/uploads\/sites\/2\/2023\/11\/logo-ballet-CCN-noir-vecto-transparent-768x330.png 768w, https:\/\/www.prixdeshivernales.be\/wp-content\/uploads\/sites\/2\/2023\/11\/logo-ballet-CCN-noir-vecto-transparent-1536x660.png 1536w\" sizes=\"auto, (max-width: 1713px) 100vw, 1713px\" \/><\/a><\/figure>\n<\/div><\/div>\n\n\n\n<div class=\"wp-block-column is-layout-flow wp-block-column-is-layout-flow\" style=\"flex-basis:66.66%\">\n<p><meta charset=\"utf-8\"><strong><a href=\"https:\/\/www.operanationaldurhin.eu\/fr\/l-opera-national-du-rhin\/le-ccn-ballet-de-l-opera-national-du-rhin\" target=\"_blank\" rel=\"noreferrer noopener\">CCN&nbsp;Ballet de l\u2019Op\u00e9ra national du Rhin<\/a><\/strong>&nbsp;and its Artistic Director, Bruno Bouch\u00e9, will offer a one-week immersion into the company. The winner will have the exclusive opportunity to participate in the daily class, and to observe and take part in various rehearsals with the company (dates to be determined with the winner \u2013 excluding travel and accommodation).<\/p>\n<\/div>\n<\/div>\n\n\n\n<div class=\"wp-block-columns is-layout-flex wp-container-core-columns-is-layout-9d6595d7 wp-block-columns-is-layout-flex\">\n<div class=\"wp-block-column is-layout-flow wp-block-column-is-layout-flow\" style=\"flex-basis:33.33%\"><div class=\"wp-block-image\">\n<figure class=\"alignright size-full is-resized\"><a href=\"https:\/\/yagp.org\/\"><img loading=\"lazy\" decoding=\"async\" width=\"512\" height=\"511\" src=\"https:\/\/www.prixdeshivernales.be\/wp-content\/uploads\/sites\/2\/2024\/01\/YAGP_25-anniversary-logo_black.jpg\" alt=\"\" class=\"wp-image-1650\" style=\"width:150px\" srcset=\"https:\/\/www.prixdeshivernales.be\/wp-content\/uploads\/sites\/2\/2024\/01\/YAGP_25-anniversary-logo_black.jpg 512w, https:\/\/www.prixdeshivernales.be\/wp-content\/uploads\/sites\/2\/2024\/01\/YAGP_25-anniversary-logo_black-500x500.jpg 500w, https:\/\/www.prixdeshivernales.be\/wp-content\/uploads\/sites\/2\/2024\/01\/YAGP_25-anniversary-logo_black-200x200.jpg 200w\" sizes=\"auto, (max-width: 512px) 100vw, 512px\" \/><\/a><\/figure>\n<\/div><\/div>\n\n\n\n<div class=\"wp-block-column is-layout-flow wp-block-column-is-layout-flow\" style=\"flex-basis:66.66%\">\n<p><meta charset=\"utf-8\">The <strong><a href=\"https:\/\/yagp.org\/\" target=\"_blank\" rel=\"noreferrer noopener\">Youth America Grand Prix<\/a><\/strong>, the famous international dance competition, will be pleased to offer a full scholarship to its <strong><a href=\"https:\/\/nervimusicballetfestival.it\" target=\"_blank\" rel=\"noreferrer noopener\">Nervi Festival<\/a><\/strong> 2024, and a full scholarship to its International Contemporary Ensemble Festival 2024.<\/p>\n<\/div>\n<\/div>\n\n\n\n<div class=\"wp-block-columns is-layout-flex wp-container-core-columns-is-layout-9d6595d7 wp-block-columns-is-layout-flex\">\n<div class=\"wp-block-column is-layout-flow wp-block-column-is-layout-flow\" style=\"flex-basis:33.33%\"><div class=\"wp-block-image\">\n<figure class=\"alignright size-full is-resized\"><a href=\"https:\/\/revolvedance.ro\/en\/\"><img loading=\"lazy\" decoding=\"async\" width=\"2104\" height=\"692\" src=\"https:\/\/www.prixdeshivernales.be\/wp-content\/uploads\/sites\/2\/2023\/11\/logo-Revolve.png\" alt=\"\" class=\"wp-image-1528\" style=\"width:150px\" srcset=\"https:\/\/www.prixdeshivernales.be\/wp-content\/uploads\/sites\/2\/2023\/11\/logo-Revolve.png 2104w, https:\/\/www.prixdeshivernales.be\/wp-content\/uploads\/sites\/2\/2023\/11\/logo-Revolve-500x164.png 500w, https:\/\/www.prixdeshivernales.be\/wp-content\/uploads\/sites\/2\/2023\/11\/logo-Revolve-1200x395.png 1200w, https:\/\/www.prixdeshivernales.be\/wp-content\/uploads\/sites\/2\/2023\/11\/logo-Revolve-768x253.png 768w, https:\/\/www.prixdeshivernales.be\/wp-content\/uploads\/sites\/2\/2023\/11\/logo-Revolve-1536x505.png 1536w, https:\/\/www.prixdeshivernales.be\/wp-content\/uploads\/sites\/2\/2023\/11\/logo-Revolve-2048x674.png 2048w\" sizes=\"auto, (max-width: 2104px) 100vw, 2104px\" \/><\/a><\/figure>\n<\/div><\/div>\n\n\n\n<div class=\"wp-block-column is-layout-flow wp-block-column-is-layout-flow\" style=\"flex-basis:66.66%\">\n<p><meta charset=\"utf-8\"><strong><a href=\"https:\/\/revolvedance.ro\/en\/\" target=\"_blank\" rel=\"noreferrer noopener\">Revolve Dance Festival<\/a><\/strong> will be pleased to offer two full scholarships to its 2024 Summer Workshop Bucharest in Romania (dates to be determined \u2013 excluding travel and accommodation).<\/p>\n<\/div>\n<\/div>\n\n\n\n<div class=\"wp-block-columns is-layout-flex wp-container-core-columns-is-layout-9d6595d7 wp-block-columns-is-layout-flex\">\n<div class=\"wp-block-column is-layout-flow wp-block-column-is-layout-flow\" style=\"flex-basis:33.33%\"><div class=\"wp-block-image\">\n<figure class=\"alignright size-large is-resized\"><a href=\"https:\/\/worlddancemovement.com\/\" target=\"_blank\" rel=\"noreferrer noopener\"><img loading=\"lazy\" decoding=\"async\" width=\"1200\" height=\"1200\" src=\"https:\/\/www.prixdeshivernales.be\/wp-content\/uploads\/sites\/2\/2023\/09\/BLACK-DANCE-COMP_SQUARE-copie-1200x1200.png\" alt=\"\" class=\"wp-image-1464\" style=\"width:150px;height:undefinedpx\" srcset=\"https:\/\/www.prixdeshivernales.be\/wp-content\/uploads\/sites\/2\/2023\/09\/BLACK-DANCE-COMP_SQUARE-copie-1200x1200.png 1200w, https:\/\/www.prixdeshivernales.be\/wp-content\/uploads\/sites\/2\/2023\/09\/BLACK-DANCE-COMP_SQUARE-copie-500x500.png 500w, https:\/\/www.prixdeshivernales.be\/wp-content\/uploads\/sites\/2\/2023\/09\/BLACK-DANCE-COMP_SQUARE-copie-200x200.png 200w, https:\/\/www.prixdeshivernales.be\/wp-content\/uploads\/sites\/2\/2023\/09\/BLACK-DANCE-COMP_SQUARE-copie-768x768.png 768w, https:\/\/www.prixdeshivernales.be\/wp-content\/uploads\/sites\/2\/2023\/09\/BLACK-DANCE-COMP_SQUARE-copie-1536x1536.png 1536w, https:\/\/www.prixdeshivernales.be\/wp-content\/uploads\/sites\/2\/2023\/09\/BLACK-DANCE-COMP_SQUARE-copie-2048x2048.png 2048w\" sizes=\"auto, (max-width: 1200px) 100vw, 1200px\" \/><\/a><\/figure>\n<\/div>\n\n<div class=\"wp-block-image\">\n<figure class=\"alignright size-large is-resized\"><a href=\"https:\/\/worlddancemovement.com\/\" target=\"_blank\" rel=\"noreferrer noopener\"><img loading=\"lazy\" decoding=\"async\" width=\"1200\" height=\"1200\" src=\"https:\/\/www.prixdeshivernales.be\/wp-content\/uploads\/sites\/2\/2023\/09\/BLACK-FESTIVAL_SQUARE-copie-1200x1200.png\" alt=\"\" class=\"wp-image-1461\" style=\"width:150px;height:undefinedpx\" srcset=\"https:\/\/www.prixdeshivernales.be\/wp-content\/uploads\/sites\/2\/2023\/09\/BLACK-FESTIVAL_SQUARE-copie-1200x1200.png 1200w, https:\/\/www.prixdeshivernales.be\/wp-content\/uploads\/sites\/2\/2023\/09\/BLACK-FESTIVAL_SQUARE-copie-500x500.png 500w, https:\/\/www.prixdeshivernales.be\/wp-content\/uploads\/sites\/2\/2023\/09\/BLACK-FESTIVAL_SQUARE-copie-200x200.png 200w, https:\/\/www.prixdeshivernales.be\/wp-content\/uploads\/sites\/2\/2023\/09\/BLACK-FESTIVAL_SQUARE-copie-768x768.png 768w, https:\/\/www.prixdeshivernales.be\/wp-content\/uploads\/sites\/2\/2023\/09\/BLACK-FESTIVAL_SQUARE-copie-1536x1536.png 1536w, https:\/\/www.prixdeshivernales.be\/wp-content\/uploads\/sites\/2\/2023\/09\/BLACK-FESTIVAL_SQUARE-copie-2048x2048.png 2048w\" sizes=\"auto, (max-width: 1200px) 100vw, 1200px\" \/><\/a><\/figure>\n<\/div><\/div>\n\n\n\n<div class=\"wp-block-column is-layout-flow wp-block-column-is-layout-flow\" style=\"flex-basis:66.66%\">\n<p><meta charset=\"utf-8\">The <strong><a href=\"https:\/\/worlddancemovement.com\" target=\"_blank\" rel=\"noreferrer noopener\">World Dance Movement-International Festival<\/a><\/strong> and its artistic director &amp; co-producer, Mich\u00e8le Assaf, will be pleased to offer a one-week scholarship for the WDM Dance Festival, July 6-21, 2024 in Castellana Grotte Italy. In addition, nominations for the <strong><a href=\"https:\/\/worlddancemovement.com\/wdm-international-dance-competition-2024\/\" target=\"_blank\" rel=\"noreferrer noopener\">WDM International Competition<\/a><\/strong> and&nbsp;<strong><a href=\"https:\/\/worlddancemovement.com\/wdm-events\/world-dancer-of-the-year\/\" target=\"_blank\" rel=\"noreferrer noopener\">World Dancer of the Year 2024<\/a><\/strong>, will be awarded.<\/p>\n<\/div>\n<\/div>\n\n\n\n<div class=\"wp-block-columns is-layout-flex wp-container-core-columns-is-layout-9d6595d7 wp-block-columns-is-layout-flex\">\n<div class=\"wp-block-column is-layout-flow wp-block-column-is-layout-flow\" style=\"flex-basis:33.33%\"><div class=\"wp-block-image\">\n<figure class=\"alignright size-full is-resized\"><a href=\"https:\/\/www.operaballet.be\" target=\"_blank\" rel=\"noreferrer noopener\"><img loading=\"lazy\" decoding=\"async\" width=\"800\" height=\"766\" src=\"https:\/\/www.prixdeshivernales.be\/wp-content\/uploads\/sites\/2\/2022\/03\/opera-ballet-vlanderen.jpg\" alt=\"\" class=\"wp-image-805\" style=\"width:150px;height:144px\" srcset=\"https:\/\/www.prixdeshivernales.be\/wp-content\/uploads\/sites\/2\/2022\/03\/opera-ballet-vlanderen.jpg 800w, https:\/\/www.prixdeshivernales.be\/wp-content\/uploads\/sites\/2\/2022\/03\/opera-ballet-vlanderen-500x479.jpg 500w, https:\/\/www.prixdeshivernales.be\/wp-content\/uploads\/sites\/2\/2022\/03\/opera-ballet-vlanderen-768x735.jpg 768w\" sizes=\"auto, (max-width: 800px) 100vw, 800px\" \/><\/a><\/figure>\n<\/div><\/div>\n\n\n\n<div class=\"wp-block-column is-layout-flow wp-block-column-is-layout-flow\" style=\"flex-basis:66.66%\">\n<p><strong><a href=\"https:\/\/www.operaballet.be\" target=\"_blank\" rel=\"noreferrer noopener\">Opera Ballet Vlaanderen<\/a><\/strong> and its Artistic Director, Jan Vandenhouwe, will offer a one-week introduction into the company. The winner will have the exclusive opportunity to participate in the daily class and to observe and take part in various rehearsals with the company.<\/p>\n<\/div>\n<\/div>\n\n\n\n<div class=\"wp-block-columns is-layout-flex wp-container-core-columns-is-layout-9d6595d7 wp-block-columns-is-layout-flex\">\n<div class=\"wp-block-column is-layout-flow wp-block-column-is-layout-flow\" style=\"flex-basis:33.33%\"><div class=\"wp-block-image\">\n<figure class=\"alignright size-full is-resized\"><a href=\"https:\/\/www.koninklijkeballetschool.be\/fr\" target=\"_blank\" rel=\"noreferrer noopener\"><img loading=\"lazy\" decoding=\"async\" width=\"512\" height=\"366\" src=\"https:\/\/www.prixdeshivernales.be\/wp-content\/uploads\/sites\/2\/2024\/01\/KBA-logo-EN-wide.png\" alt=\"\" class=\"wp-image-1646\" style=\"width:150px\" srcset=\"https:\/\/www.prixdeshivernales.be\/wp-content\/uploads\/sites\/2\/2024\/01\/KBA-logo-EN-wide.png 512w, https:\/\/www.prixdeshivernales.be\/wp-content\/uploads\/sites\/2\/2024\/01\/KBA-logo-EN-wide-500x357.png 500w\" sizes=\"auto, (max-width: 512px) 100vw, 512px\" \/><\/a><\/figure>\n<\/div><\/div>\n\n\n\n<div class=\"wp-block-column is-layout-flow wp-block-column-is-layout-flow\" style=\"flex-basis:66.66%\">\n<p>Kevin Durwael, Artistic Director of the <a href=\"https:\/\/www.koninklijkeballetschool.be\/\" target=\"_blank\" rel=\"noreferrer noopener\"><strong>Royal Ballet School of Antwerp<\/strong><\/a>, will have the pleasure of offering 2 one-week short-term scholarships in the school, as well as 2 scholarships for the next KBA Summer Intensive (dates to be determined \u2013 excluding accommodation).<\/p>\n<\/div>\n<\/div>\n\n\n\n<div class=\"wp-block-columns is-layout-flex wp-container-core-columns-is-layout-9d6595d7 wp-block-columns-is-layout-flex\">\n<div class=\"wp-block-column is-layout-flow wp-block-column-is-layout-flow\" style=\"flex-basis:33.33%\"><div class=\"wp-block-image\">\n<figure class=\"alignright size-full is-resized\"><a href=\"https:\/\/sites.google.com\/view\/brussels-city-ballet\/home\"><img loading=\"lazy\" decoding=\"async\" width=\"600\" height=\"249\" src=\"https:\/\/www.prixdeshivernales.be\/wp-content\/uploads\/sites\/2\/2023\/11\/logo_brusselscityballet-02-3.png\" alt=\"\" class=\"wp-image-1539\" style=\"width:150px\" srcset=\"https:\/\/www.prixdeshivernales.be\/wp-content\/uploads\/sites\/2\/2023\/11\/logo_brusselscityballet-02-3.png 600w, https:\/\/www.prixdeshivernales.be\/wp-content\/uploads\/sites\/2\/2023\/11\/logo_brusselscityballet-02-3-500x208.png 500w\" sizes=\"auto, (max-width: 600px) 100vw, 600px\" \/><\/a><\/figure>\n<\/div><\/div>\n\n\n\n<div class=\"wp-block-column is-layout-flow wp-block-column-is-layout-flow\" style=\"flex-basis:66.66%\">\n<p><meta charset=\"utf-8\">The <strong><a href=\"https:\/\/sites.google.com\/view\/brussels-city-ballet\/home\" target=\"_blank\" rel=\"noreferrer noopener\">Brussels City Ballet<\/a><\/strong> and its founder Aki Nishio will offer a one-week immersion into the company. The winner will have the exclusive opportunity to participate in the daily class and to observe and take part in various rehearsals with the company (dates to be determined with the winners between March and July 2024)<\/p>\n<\/div>\n<\/div>\n\n\n\n<div class=\"wp-block-columns is-layout-flex wp-container-core-columns-is-layout-9d6595d7 wp-block-columns-is-layout-flex\">\n<div class=\"wp-block-column is-layout-flow wp-block-column-is-layout-flow\" style=\"flex-basis:33.33%\"><div class=\"wp-block-image\">\n<figure class=\"alignright size-full is-resized\"><a href=\"https:\/\/juniorballetantwerp.be\/\" target=\"_blank\" rel=\"noreferrer noopener\"><img loading=\"lazy\" decoding=\"async\" width=\"4296\" height=\"1896\" src=\"https:\/\/www.prixdeshivernales.be\/wp-content\/uploads\/sites\/2\/2023\/12\/LOGO_JBA_zwart.png\" alt=\"\" class=\"wp-image-1596\" style=\"width:150px\" srcset=\"https:\/\/www.prixdeshivernales.be\/wp-content\/uploads\/sites\/2\/2023\/12\/LOGO_JBA_zwart.png 4296w, https:\/\/www.prixdeshivernales.be\/wp-content\/uploads\/sites\/2\/2023\/12\/LOGO_JBA_zwart-500x221.png 500w, https:\/\/www.prixdeshivernales.be\/wp-content\/uploads\/sites\/2\/2023\/12\/LOGO_JBA_zwart-1200x530.png 1200w, https:\/\/www.prixdeshivernales.be\/wp-content\/uploads\/sites\/2\/2023\/12\/LOGO_JBA_zwart-768x339.png 768w, https:\/\/www.prixdeshivernales.be\/wp-content\/uploads\/sites\/2\/2023\/12\/LOGO_JBA_zwart-1536x678.png 1536w, https:\/\/www.prixdeshivernales.be\/wp-content\/uploads\/sites\/2\/2023\/12\/LOGO_JBA_zwart-2048x904.png 2048w\" sizes=\"auto, (max-width: 4296px) 100vw, 4296px\" \/><\/a><\/figure>\n<\/div><\/div>\n\n\n\n<div class=\"wp-block-column is-layout-flow wp-block-column-is-layout-flow\" style=\"flex-basis:66.66%\">\n<p><meta charset=\"utf-8\">Alain Honorez, Artistic Director of the <strong><a href=\"https:\/\/juniorballetantwerp.be\/\" target=\"_blank\" rel=\"noreferrer noopener\">Junior Ballet Antwerp<\/a><\/strong>, will have the pleasure of offering 2 one-week intensive internships with the company (dates to be determined with the winners).<\/p>\n<\/div>\n<\/div>\n\n\n\n<div class=\"wp-block-columns is-layout-flex wp-container-core-columns-is-layout-9d6595d7 wp-block-columns-is-layout-flex\">\n<div class=\"wp-block-column is-layout-flow wp-block-column-is-layout-flow\" style=\"flex-basis:33.33%\"><div class=\"wp-block-image\">\n<figure class=\"alignright size-full is-resized\"><a href=\"https:\/\/europadansecompany.be\/\" target=\"_blank\" rel=\"noreferrer noopener\"><img loading=\"lazy\" decoding=\"async\" width=\"585\" height=\"330\" src=\"https:\/\/www.prixdeshivernales.be\/wp-content\/uploads\/sites\/2\/2023\/12\/B77926A8-F68D-415B-9D1F-754F12F636E1.jpg\" alt=\"\" class=\"wp-image-1593\" style=\"width:150px\" srcset=\"https:\/\/www.prixdeshivernales.be\/wp-content\/uploads\/sites\/2\/2023\/12\/B77926A8-F68D-415B-9D1F-754F12F636E1.jpg 585w, https:\/\/www.prixdeshivernales.be\/wp-content\/uploads\/sites\/2\/2023\/12\/B77926A8-F68D-415B-9D1F-754F12F636E1-500x282.jpg 500w\" sizes=\"auto, (max-width: 585px) 100vw, 585px\" \/><\/a><\/figure>\n<\/div><\/div>\n\n\n\n<div class=\"wp-block-column is-layout-flow wp-block-column-is-layout-flow\" style=\"flex-basis:66.66%\">\n<p><meta charset=\"utf-8\">Laurent Drousie, Artistic Director of <strong><a href=\"https:\/\/europadansecompany.be\/\" target=\"_blank\" rel=\"noreferrer noopener\">Europa Danse Company<\/a><\/strong>, will be pleased to offer a one-week professional immersion with the company. The winner will have the exclusive opportunity to participate in the daily class, and to observe and take part in various rehearsals with the company (dates to be determined with the winner).<\/p>\n<\/div>\n<\/div>\n\n\n\n<div class=\"wp-block-columns is-layout-flex wp-container-core-columns-is-layout-9d6595d7 wp-block-columns-is-layout-flex\">\n<div class=\"wp-block-column is-layout-flow wp-block-column-is-layout-flow\" style=\"flex-basis:33.33%\"><div class=\"wp-block-image\">\n<figure class=\"alignright size-full is-resized\"><a href=\"http:\/\/www.danses-darc.com\/\"><img loading=\"lazy\" decoding=\"async\" width=\"600\" height=\"600\" src=\"https:\/\/www.prixdeshivernales.be\/wp-content\/uploads\/sites\/2\/2023\/11\/LOGO-DARC.png\" alt=\"\" class=\"wp-image-1543\" style=\"width:150px\" srcset=\"https:\/\/www.prixdeshivernales.be\/wp-content\/uploads\/sites\/2\/2023\/11\/LOGO-DARC.png 600w, https:\/\/www.prixdeshivernales.be\/wp-content\/uploads\/sites\/2\/2023\/11\/LOGO-DARC-500x500.png 500w, https:\/\/www.prixdeshivernales.be\/wp-content\/uploads\/sites\/2\/2023\/11\/LOGO-DARC-200x200.png 200w\" sizes=\"auto, (max-width: 600px) 100vw, 600px\" \/><\/a><\/figure>\n<\/div><\/div>\n\n\n\n<div class=\"wp-block-column is-layout-flow wp-block-column-is-layout-flow\" style=\"flex-basis:66.66%\">\n<p><meta charset=\"utf-8\">\u00c9ric Bellet, director of the <strong><a href=\"http:\/\/www.danses-darc.com\/\" target=\"_blank\" rel=\"noreferrer noopener\">Stage-Festival Ch\u00e2teauroux &#8211; DARC<\/a><\/strong>, will be pleased to offer an unlimited access to the 49th Stage International de Ch\u00e2teauroux from 11 to 23 August 2024.<\/p>\n<\/div>\n<\/div>\n\n\n\n<div class=\"wp-block-columns is-layout-flex wp-container-core-columns-is-layout-9d6595d7 wp-block-columns-is-layout-flex\">\n<div class=\"wp-block-column is-layout-flow wp-block-column-is-layout-flow\" style=\"flex-basis:33.33%\"><div class=\"wp-block-image\">\n<figure class=\"alignright size-large is-resized\"><a href=\"https:\/\/balletsummerestonia.com\/\" target=\"_blank\" rel=\"noopener\"><img loading=\"lazy\" decoding=\"async\" width=\"1200\" height=\"964\" src=\"https:\/\/www.prixdeshivernales.be\/wp-content\/uploads\/sites\/2\/2023\/10\/workshop2024_logo-1200x964.png\" alt=\"\" class=\"wp-image-1500\" style=\"width:150px\" srcset=\"https:\/\/www.prixdeshivernales.be\/wp-content\/uploads\/sites\/2\/2023\/10\/workshop2024_logo-1200x964.png 1200w, https:\/\/www.prixdeshivernales.be\/wp-content\/uploads\/sites\/2\/2023\/10\/workshop2024_logo-500x402.png 500w, https:\/\/www.prixdeshivernales.be\/wp-content\/uploads\/sites\/2\/2023\/10\/workshop2024_logo-768x617.png 768w, https:\/\/www.prixdeshivernales.be\/wp-content\/uploads\/sites\/2\/2023\/10\/workshop2024_logo-1536x1234.png 1536w, https:\/\/www.prixdeshivernales.be\/wp-content\/uploads\/sites\/2\/2023\/10\/workshop2024_logo-2048x1645.png 2048w\" sizes=\"auto, (max-width: 1200px) 100vw, 1200px\" \/><\/a><\/figure>\n<\/div><\/div>\n\n\n\n<div class=\"wp-block-column is-layout-flow wp-block-column-is-layout-flow\" style=\"flex-basis:66.66%\">\n<p><strong><a href=\"https:\/\/balletsummerestonia.com\/\" target=\"_blank\" rel=\"noreferrer noopener\">Ballet Summer Workshop Estonia<\/a><\/strong> will offer a full scholarship to the Young Dancer Intensive Programme 2024 and a masterclass, as well as a full scholarship to the International Ballet Summer Workshop 2024 accompanied by a masterclass and participation in the end-of-course Gala on the stage of the Estonian National Opera (dates to be confirmed &#8211; excluding travel and accommodation). Sergei Upkin, Artistic Director, will attend the final as a member of the external jury and will award the two scholarships.<\/p>\n<\/div>\n<\/div>\n\n\n\n<div class=\"wp-block-columns is-layout-flex wp-container-core-columns-is-layout-9d6595d7 wp-block-columns-is-layout-flex\">\n<div class=\"wp-block-column is-layout-flow wp-block-column-is-layout-flow\" style=\"flex-basis:33.33%\"><div class=\"wp-block-image\">\n<figure class=\"alignright size-full is-resized\"><a href=\"https:\/\/www.academie-ballet.fr\" target=\"_blank\" rel=\"noreferrer noopener\"><img loading=\"lazy\" decoding=\"async\" width=\"800\" height=\"343\" src=\"https:\/\/www.prixdeshivernales.be\/wp-content\/uploads\/sites\/2\/2023\/03\/LOGO_ACADEMIE_DE_BALLET_CMJN.jpg\" alt=\"\" class=\"wp-image-1364\" style=\"width:150px;height:65px\" srcset=\"https:\/\/www.prixdeshivernales.be\/wp-content\/uploads\/sites\/2\/2023\/03\/LOGO_ACADEMIE_DE_BALLET_CMJN.jpg 800w, https:\/\/www.prixdeshivernales.be\/wp-content\/uploads\/sites\/2\/2023\/03\/LOGO_ACADEMIE_DE_BALLET_CMJN-500x214.jpg 500w, https:\/\/www.prixdeshivernales.be\/wp-content\/uploads\/sites\/2\/2023\/03\/LOGO_ACADEMIE_DE_BALLET_CMJN-768x329.jpg 768w\" sizes=\"auto, (max-width: 800px) 100vw, 800px\" \/><\/a><\/figure>\n<\/div><\/div>\n\n\n\n<div class=\"wp-block-column is-layout-flow wp-block-column-is-layout-flow\" style=\"flex-basis:66.66%\">\n<p><strong><a href=\"https:\/\/www.academie-ballet.fr\" target=\"_blank\" rel=\"noreferrer noopener\">The Nini Theilade Ballet Academy<\/a><\/strong> will offer an access to the 22<sup>nd<\/sup>&nbsp;Stage Theila\u00efa in Lyon (dates to be determined).<\/p>\n<\/div>\n<\/div>\n\n\n\n<div class=\"wp-block-columns is-layout-flex wp-container-core-columns-is-layout-9d6595d7 wp-block-columns-is-layout-flex\">\n<div class=\"wp-block-column is-layout-flow wp-block-column-is-layout-flow\" style=\"flex-basis:33.33%\"><div class=\"wp-block-image\">\n<figure class=\"alignright size-large is-resized\"><a href=\"https:\/\/www.siba.dance\" target=\"_blank\" rel=\"noreferrer noopener\"><img loading=\"lazy\" decoding=\"async\" width=\"1200\" height=\"1077\" src=\"https:\/\/www.prixdeshivernales.be\/wp-content\/uploads\/sites\/2\/2023\/09\/SIBA-Logo-without-Frame-1200x1077.png\" alt=\"\" class=\"wp-image-1432\" style=\"width:150px;height:undefinedpx\" srcset=\"https:\/\/www.prixdeshivernales.be\/wp-content\/uploads\/sites\/2\/2023\/09\/SIBA-Logo-without-Frame-1200x1077.png 1200w, https:\/\/www.prixdeshivernales.be\/wp-content\/uploads\/sites\/2\/2023\/09\/SIBA-Logo-without-Frame-500x449.png 500w, https:\/\/www.prixdeshivernales.be\/wp-content\/uploads\/sites\/2\/2023\/09\/SIBA-Logo-without-Frame-768x689.png 768w, https:\/\/www.prixdeshivernales.be\/wp-content\/uploads\/sites\/2\/2023\/09\/SIBA-Logo-without-Frame-1536x1378.png 1536w, https:\/\/www.prixdeshivernales.be\/wp-content\/uploads\/sites\/2\/2023\/09\/SIBA-Logo-without-Frame.png 1928w\" sizes=\"auto, (max-width: 1200px) 100vw, 1200px\" \/><\/a><\/figure>\n<\/div><\/div>\n\n\n\n<div class=\"wp-block-column is-layout-flow wp-block-column-is-layout-flow\" style=\"flex-basis:66.66%\">\n<p><meta charset=\"utf-8\"><strong><a href=\"https:\/\/www.siba.dance\" target=\"_blank\" rel=\"noreferrer noopener\">Salzburg International Ballet Academy<\/a><\/strong> will be pleased to offer a complete access to the 17<sup>th<\/sup>&nbsp;edition of its Summer Dance Intensive Program \u201cPhoenix 2024\u201d in August 2024 (dates to be determined \u2013 excluding travel, meals and accommodation).<\/p>\n<\/div>\n<\/div>\n\n\n\n<div class=\"wp-block-columns is-layout-flex wp-container-core-columns-is-layout-9d6595d7 wp-block-columns-is-layout-flex\">\n<div class=\"wp-block-column is-layout-flow wp-block-column-is-layout-flow\" style=\"flex-basis:33.33%\"><div class=\"wp-block-image\">\n<figure class=\"alignright size-full\"><a href=\"https:\/\/www.mosaballetschool.eu\/\" target=\"_blank\" rel=\"noopener\"><img loading=\"lazy\" decoding=\"async\" width=\"151\" height=\"197\" src=\"https:\/\/www.prixdeshivernales.be\/wp-content\/uploads\/sites\/2\/2021\/10\/mosa-ballet-school.png\" alt=\"\" class=\"wp-image-222\"\/><\/a><\/figure>\n<\/div><\/div>\n\n\n\n<div class=\"wp-block-column is-layout-flow wp-block-column-is-layout-flow\" style=\"flex-basis:66.66%\">\n<p>The&nbsp;<strong><a href=\"https:\/\/www.mosaballetschool.eu\/\" target=\"_blank\" rel=\"noreferrer noopener\">Mosa Ballet School<\/a><\/strong>&nbsp;will have the pleasure of offering 2 full scholarships to the 2024 \u201cSummer Intensive Courses\u201d. Olivier Patey, the school&#8217;s Artistic Director, will attend the final to select the 2 winners.&nbsp;<\/p>\n<\/div>\n<\/div>\n\n\n\n<div class=\"wp-block-columns is-layout-flex wp-container-core-columns-is-layout-9d6595d7 wp-block-columns-is-layout-flex\">\n<div class=\"wp-block-column is-layout-flow wp-block-column-is-layout-flow\" style=\"flex-basis:33.33%\"><div class=\"wp-block-image\">\n<figure class=\"alignright size-large is-resized\"><a href=\"https:\/\/ecoleduballetstanlowa.paris\/\" target=\"_blank\" rel=\"noreferrer noopener\"><img loading=\"lazy\" decoding=\"async\" width=\"1200\" height=\"800\" src=\"https:\/\/www.prixdeshivernales.be\/wp-content\/uploads\/sites\/2\/2023\/03\/EBPS-1200x800.jpg\" alt=\"\" class=\"wp-image-1342\" style=\"width:150px;height:100px\" srcset=\"https:\/\/www.prixdeshivernales.be\/wp-content\/uploads\/sites\/2\/2023\/03\/EBPS-1200x800.jpg 1200w, https:\/\/www.prixdeshivernales.be\/wp-content\/uploads\/sites\/2\/2023\/03\/EBPS-500x333.jpg 500w, https:\/\/www.prixdeshivernales.be\/wp-content\/uploads\/sites\/2\/2023\/03\/EBPS-768x512.jpg 768w, https:\/\/www.prixdeshivernales.be\/wp-content\/uploads\/sites\/2\/2023\/03\/EBPS-1536x1024.jpg 1536w, https:\/\/www.prixdeshivernales.be\/wp-content\/uploads\/sites\/2\/2023\/03\/EBPS.jpg 1701w\" sizes=\"auto, (max-width: 1200px) 100vw, 1200px\" \/><\/a><\/figure>\n<\/div><\/div>\n\n\n\n<div class=\"wp-block-column is-layout-flow wp-block-column-is-layout-flow\" style=\"flex-basis:66.66%\">\n<p><meta charset=\"utf-8\"><strong><a href=\"https:\/\/ecoleduballetstanlowa.paris\/\" target=\"_blank\" rel=\"noreferrer noopener\">Paris Stanlowa Ballet School<\/a><\/strong> will offer a pre-professional training course in its institute in July 2024 to one the winners. A great opportunity to progress in classical, pointe, barre au sol, \u2026 with the teachers of the Paris Opera Ballet School and Stanlowa.<\/p>\n<\/div>\n<\/div>\n\n\n\n<div class=\"wp-block-columns is-layout-flex wp-container-core-columns-is-layout-9d6595d7 wp-block-columns-is-layout-flex\">\n<div class=\"wp-block-column is-layout-flow wp-block-column-is-layout-flow\" style=\"flex-basis:33.33%\"><div class=\"wp-block-image\">\n<figure class=\"alignright size-large is-resized\"><img loading=\"lazy\" decoding=\"async\" width=\"1200\" height=\"375\" src=\"https:\/\/www.prixdeshivernales.be\/wp-content\/uploads\/sites\/2\/2023\/09\/PBS-Logo_Mesa-de-trabajo-2-1200x375.png\" alt=\"\" class=\"wp-image-1415\" style=\"width:150px;height:undefinedpx\" srcset=\"https:\/\/www.prixdeshivernales.be\/wp-content\/uploads\/sites\/2\/2023\/09\/PBS-Logo_Mesa-de-trabajo-2-1200x375.png 1200w, https:\/\/www.prixdeshivernales.be\/wp-content\/uploads\/sites\/2\/2023\/09\/PBS-Logo_Mesa-de-trabajo-2-500x156.png 500w, https:\/\/www.prixdeshivernales.be\/wp-content\/uploads\/sites\/2\/2023\/09\/PBS-Logo_Mesa-de-trabajo-2-768x240.png 768w, https:\/\/www.prixdeshivernales.be\/wp-content\/uploads\/sites\/2\/2023\/09\/PBS-Logo_Mesa-de-trabajo-2.png 1280w\" sizes=\"auto, (max-width: 1200px) 100vw, 1200px\" \/><\/figure>\n<\/div><\/div>\n\n\n\n<div class=\"wp-block-column is-layout-flow wp-block-column-is-layout-flow\" style=\"flex-basis:66.66%\">\n<p>Mrs Cinthia Labaronne, founder and artistic director of <strong><a href=\"https:\/\/www.proballetschool.ch\" target=\"_blank\" rel=\"noreferrer noopener\">Pro Ballet School<\/a><\/strong> in Switzerland, will be pleased to offer an access to its Summer Ballet Workshop in July 2024 (dates to be determined)<\/p>\n<\/div>\n<\/div>\n\n\n\n<div class=\"wp-block-columns is-layout-flex wp-container-core-columns-is-layout-9d6595d7 wp-block-columns-is-layout-flex\">\n<div class=\"wp-block-column is-layout-flow wp-block-column-is-layout-flow\" style=\"flex-basis:33.33%\"><div class=\"wp-block-image\">\n<figure class=\"alignright size-full is-resized\"><a href=\"https:\/\/www.castlesummerintensive.com\" target=\"_blank\" rel=\"noreferrer noopener\"><img loading=\"lazy\" decoding=\"async\" width=\"1043\" height=\"618\" src=\"https:\/\/www.prixdeshivernales.be\/wp-content\/uploads\/sites\/2\/2023\/09\/Logo-CSI.png\" alt=\"\" class=\"wp-image-1425\" style=\"width:150px;height:100px\" srcset=\"https:\/\/www.prixdeshivernales.be\/wp-content\/uploads\/sites\/2\/2023\/09\/Logo-CSI.png 1043w, https:\/\/www.prixdeshivernales.be\/wp-content\/uploads\/sites\/2\/2023\/09\/Logo-CSI-500x296.png 500w, https:\/\/www.prixdeshivernales.be\/wp-content\/uploads\/sites\/2\/2023\/09\/Logo-CSI-768x455.png 768w\" sizes=\"auto, (max-width: 1043px) 100vw, 1043px\" \/><\/a><\/figure>\n<\/div><\/div>\n\n\n\n<div class=\"wp-block-column is-layout-flow wp-block-column-is-layout-flow\" style=\"flex-basis:66.66%\">\n<p><meta charset=\"utf-8\">Damiano Artale, founder and artistic director of the <strong><a href=\"https:\/\/www.castlesummerintensive.com\" target=\"_blank\" rel=\"noreferrer noopener\">Castle Summer Intensive<\/a><\/strong> in Italy, will have the pleasure of offering two unlimited accesses to the 5th edition from 16 to 21 July 2024 (excluding travel and accommodation).<\/p>\n<\/div>\n<\/div>\n\n\n\n<div class=\"wp-block-columns is-layout-flex wp-container-core-columns-is-layout-9d6595d7 wp-block-columns-is-layout-flex\">\n<div class=\"wp-block-column is-layout-flow wp-block-column-is-layout-flow\" style=\"flex-basis:33.33%\"><div class=\"wp-block-image\">\n<figure class=\"alignright size-full is-resized\"><img loading=\"lazy\" decoding=\"async\" width=\"512\" height=\"546\" src=\"https:\/\/www.prixdeshivernales.be\/wp-content\/uploads\/sites\/2\/2024\/01\/logo_black.jpg\" alt=\"\" class=\"wp-image-1656\" style=\"width:150px\" srcset=\"https:\/\/www.prixdeshivernales.be\/wp-content\/uploads\/sites\/2\/2024\/01\/logo_black.jpg 512w, https:\/\/www.prixdeshivernales.be\/wp-content\/uploads\/sites\/2\/2024\/01\/logo_black-469x500.jpg 469w\" sizes=\"auto, (max-width: 512px) 100vw, 512px\" \/><\/figure>\n<\/div><\/div>\n\n\n\n<div class=\"wp-block-column is-layout-flow wp-block-column-is-layout-flow\" style=\"flex-basis:66.66%\"><\/div>\n<\/div>\n\n\n\n<div class=\"wp-block-columns is-layout-flex wp-container-core-columns-is-layout-9d6595d7 wp-block-columns-is-layout-flex\">\n<div class=\"wp-block-column is-layout-flow wp-block-column-is-layout-flow\" style=\"flex-basis:33.33%\"><div class=\"wp-block-image\">\n<figure class=\"alignright size-full is-resized\"><a href=\"https:\/\/vmballet.com\" target=\"_blank\" rel=\"noreferrer noopener\"><img loading=\"lazy\" decoding=\"async\" width=\"624\" height=\"696\" src=\"https:\/\/www.prixdeshivernales.be\/wp-content\/uploads\/sites\/2\/2023\/09\/LLOGO.jpg\" alt=\"\" class=\"wp-image-1436\" style=\"width:150px;height:undefinedpx\" srcset=\"https:\/\/www.prixdeshivernales.be\/wp-content\/uploads\/sites\/2\/2023\/09\/LLOGO.jpg 624w, https:\/\/www.prixdeshivernales.be\/wp-content\/uploads\/sites\/2\/2023\/09\/LLOGO-448x500.jpg 448w\" sizes=\"auto, (max-width: 624px) 100vw, 624px\" \/><\/a><\/figure>\n<\/div><\/div>\n\n\n\n<div class=\"wp-block-column is-layout-flow wp-block-column-is-layout-flow\" style=\"flex-basis:66.66%\">\n<p><meta charset=\"utf-8\">The <strong><a href=\"https:\/\/vmballet.com\" target=\"_blank\" rel=\"noreferrer noopener\">VM Ballet<\/a><\/strong> will be happy to offer a short-term scholarship to 12 of our 2024 winners to experience one week of Professional Training at the VMBALLET International Ballet School Toulouse France (dates to be determined with the winners).<\/p>\n<\/div>\n<\/div>\n\n\n\n<div class=\"wp-block-columns is-layout-flex wp-container-core-columns-is-layout-9d6595d7 wp-block-columns-is-layout-flex\">\n<div class=\"wp-block-column is-layout-flow wp-block-column-is-layout-flow\" style=\"flex-basis:33.33%\"><div class=\"wp-block-image\">\n<figure class=\"alignright size-full is-resized\"><a href=\"https:\/\/www.nemausadanse.fr\" target=\"_blank\" rel=\"noreferrer noopener\"><img loading=\"lazy\" decoding=\"async\" width=\"1024\" height=\"433\" src=\"https:\/\/www.prixdeshivernales.be\/wp-content\/uploads\/sites\/2\/2023\/09\/nemausa-danse-logo-1-1024x433-1.png\" alt=\"\" class=\"wp-image-1447\" style=\"width:150px;height:undefinedpx\" srcset=\"https:\/\/www.prixdeshivernales.be\/wp-content\/uploads\/sites\/2\/2023\/09\/nemausa-danse-logo-1-1024x433-1.png 1024w, https:\/\/www.prixdeshivernales.be\/wp-content\/uploads\/sites\/2\/2023\/09\/nemausa-danse-logo-1-1024x433-1-500x211.png 500w, https:\/\/www.prixdeshivernales.be\/wp-content\/uploads\/sites\/2\/2023\/09\/nemausa-danse-logo-1-1024x433-1-768x325.png 768w\" sizes=\"auto, (max-width: 1024px) 100vw, 1024px\" \/><\/a><\/figure>\n<\/div><\/div>\n\n\n\n<div class=\"wp-block-column is-layout-flow wp-block-column-is-layout-flow\" style=\"flex-basis:66.66%\">\n<p><meta charset=\"utf-8\"><strong><a href=\"https:\/\/www.nemausadanse.fr\" target=\"_blank\" rel=\"noreferrer noopener\">Nemausa Dance School<\/a><\/strong> will be delighted to offer two accesses to the \u201cGrand Stage de Danse classique et contemporaine de N\u00eemes&nbsp;\u00bb in July 2024 (dates to be determined).<\/p>\n<\/div>\n<\/div>\n\n\n\n<div class=\"wp-block-columns is-layout-flex wp-container-core-columns-is-layout-9d6595d7 wp-block-columns-is-layout-flex\">\n<div class=\"wp-block-column is-layout-flow wp-block-column-is-layout-flow\" style=\"flex-basis:33.33%\"><div class=\"wp-block-image\">\n<figure class=\"alignright size-large is-resized\"><a href=\"https:\/\/www.igokat.com\" target=\"_blank\" rel=\"noopener\"><img loading=\"lazy\" decoding=\"async\" width=\"1200\" height=\"482\" src=\"https:\/\/www.prixdeshivernales.be\/wp-content\/uploads\/sites\/2\/2023\/10\/IGOKAT-PNG-1200x482.png\" alt=\"\" class=\"wp-image-1477\" style=\"width:150px;height:58px\" srcset=\"https:\/\/www.prixdeshivernales.be\/wp-content\/uploads\/sites\/2\/2023\/10\/IGOKAT-PNG-1200x482.png 1200w, https:\/\/www.prixdeshivernales.be\/wp-content\/uploads\/sites\/2\/2023\/10\/IGOKAT-PNG-500x201.png 500w, https:\/\/www.prixdeshivernales.be\/wp-content\/uploads\/sites\/2\/2023\/10\/IGOKAT-PNG-768x308.png 768w, https:\/\/www.prixdeshivernales.be\/wp-content\/uploads\/sites\/2\/2023\/10\/IGOKAT-PNG-1536x617.png 1536w, https:\/\/www.prixdeshivernales.be\/wp-content\/uploads\/sites\/2\/2023\/10\/IGOKAT-PNG-2048x822.png 2048w\" sizes=\"auto, (max-width: 1200px) 100vw, 1200px\" \/><\/a><\/figure>\n<\/div><\/div>\n\n\n\n<div class=\"wp-block-column is-layout-flow wp-block-column-is-layout-flow\" style=\"flex-basis:66.66%\">\n<p>The <strong><a href=\"https:\/\/www.igokat.com\" target=\"_blank\" rel=\"noreferrer noopener\">Igokat Centre<\/a><\/strong> in Switzerland will be pleased to offer a one-week immersion in its academy in 2024. The winner will have the exclusive opportunity to take part in the school&#8217;s daily pre-professional classes (dates and courses to be determined according to the age and availability of the winner).<\/p>\n<\/div>\n<\/div>\n\n\n\n<div class=\"wp-block-columns is-layout-flex wp-container-core-columns-is-layout-9d6595d7 wp-block-columns-is-layout-flex\">\n<div class=\"wp-block-column is-layout-flow wp-block-column-is-layout-flow\" style=\"flex-basis:33.33%\"><div class=\"wp-block-image\">\n<figure class=\"alignright size-full is-resized\"><a href=\"https:\/\/terpsichore.paris\/\" target=\"_blank\" rel=\"noopener\"><img loading=\"lazy\" decoding=\"async\" width=\"750\" height=\"750\" src=\"https:\/\/www.prixdeshivernales.be\/wp-content\/uploads\/sites\/2\/2023\/11\/logo_terpsichore-paris_noir-01.png\" alt=\"\" class=\"wp-image-1565\" style=\"width:150px\" srcset=\"https:\/\/www.prixdeshivernales.be\/wp-content\/uploads\/sites\/2\/2023\/11\/logo_terpsichore-paris_noir-01.png 750w, https:\/\/www.prixdeshivernales.be\/wp-content\/uploads\/sites\/2\/2023\/11\/logo_terpsichore-paris_noir-01-500x500.png 500w, https:\/\/www.prixdeshivernales.be\/wp-content\/uploads\/sites\/2\/2023\/11\/logo_terpsichore-paris_noir-01-200x200.png 200w\" sizes=\"auto, (max-width: 750px) 100vw, 750px\" \/><\/a><\/figure>\n<\/div><\/div>\n\n\n\n<div class=\"wp-block-column is-layout-flow wp-block-column-is-layout-flow\" style=\"flex-basis:66.66%\">\n<p><strong><a href=\"https:\/\/terpsichore.paris\/\" target=\"_blank\" rel=\"noreferrer noopener\">Terpsichore Paris<\/a><\/strong> will&nbsp;be pleased to offer three three-day courses at the school (dates to be determined with the winners).<\/p>\n<\/div>\n<\/div>\n\n\n\n<div class=\"wp-block-columns is-layout-flex wp-container-core-columns-is-layout-9d6595d7 wp-block-columns-is-layout-flex\">\n<div class=\"wp-block-column is-layout-flow wp-block-column-is-layout-flow\" style=\"flex-basis:33.33%\"><div class=\"wp-block-image\">\n<figure class=\"alignright size-full is-resized\"><img loading=\"lazy\" decoding=\"async\" width=\"595\" height=\"421\" src=\"https:\/\/www.prixdeshivernales.be\/wp-content\/uploads\/sites\/2\/2023\/08\/le-patio-dance-more.png\" alt=\"\" class=\"wp-image-1395\" style=\"width:150px;height:106px\" srcset=\"https:\/\/www.prixdeshivernales.be\/wp-content\/uploads\/sites\/2\/2023\/08\/le-patio-dance-more.png 595w, https:\/\/www.prixdeshivernales.be\/wp-content\/uploads\/sites\/2\/2023\/08\/le-patio-dance-more-500x354.png 500w\" sizes=\"auto, (max-width: 595px) 100vw, 595px\" \/><\/figure>\n<\/div><\/div>\n\n\n\n<div class=\"wp-block-column is-layout-flow wp-block-column-is-layout-flow\" style=\"flex-basis:66.66%\">\n<p><meta charset=\"utf-8\"><strong><a href=\"https:\/\/le-patio.be\" target=\"_blank\" rel=\"noreferrer noopener\">Le Patio<\/a> <\/strong>will offer an unlimited pass for the whole of September 2024, worth \u20ac195.<\/p>\n<\/div>\n<\/div>\n\n\n\n<div class=\"wp-block-columns is-layout-flex wp-container-core-columns-is-layout-9d6595d7 wp-block-columns-is-layout-flex\">\n<div class=\"wp-block-column is-layout-flow wp-block-column-is-layout-flow\" style=\"flex-basis:33.33%\"><div class=\"wp-block-image\">\n<figure class=\"alignright size-full is-resized\"><img loading=\"lazy\" decoding=\"async\" width=\"800\" height=\"303\" src=\"https:\/\/www.prixdeshivernales.be\/wp-content\/uploads\/sites\/2\/2023\/02\/DSA_Logo_Zwart_handtekening.jpg\" alt=\"\" class=\"wp-image-1323\" style=\"width:150px;height:57px\" srcset=\"https:\/\/www.prixdeshivernales.be\/wp-content\/uploads\/sites\/2\/2023\/02\/DSA_Logo_Zwart_handtekening.jpg 800w, https:\/\/www.prixdeshivernales.be\/wp-content\/uploads\/sites\/2\/2023\/02\/DSA_Logo_Zwart_handtekening-500x189.jpg 500w, https:\/\/www.prixdeshivernales.be\/wp-content\/uploads\/sites\/2\/2023\/02\/DSA_Logo_Zwart_handtekening-768x291.jpg 768w\" sizes=\"auto, (max-width: 800px) 100vw, 800px\" \/><\/figure>\n<\/div><\/div>\n\n\n\n<div class=\"wp-block-column is-layout-flow wp-block-column-is-layout-flow\" style=\"flex-basis:66.66%\">\n<p><meta charset=\"utf-8\"><strong><a href=\"http:\/\/dansstudio-arabesque.be\" target=\"_blank\" rel=\"noreferrer noopener\">Dansstudio Arabesque<\/a><\/strong> will offer access to 2 classes per day at the <strong><a href=\"http:\/\/www.dansstage.be\" target=\"_blank\" rel=\"noreferrer noopener\">International Dance Course Antwerp 2024<\/a><\/strong>.<\/p>\n<\/div>\n<\/div>\n\n\n\n<div class=\"wp-block-columns is-layout-flex wp-container-core-columns-is-layout-9d6595d7 wp-block-columns-is-layout-flex\">\n<div class=\"wp-block-column is-layout-flow wp-block-column-is-layout-flow\" style=\"flex-basis:33.33%\"><div class=\"wp-block-image\">\n<figure class=\"alignright size-large is-resized\"><a href=\"http:\/\/www.conservatoiredeladanse.com\" target=\"_blank\" rel=\"noopener\"><img loading=\"lazy\" decoding=\"async\" width=\"1200\" height=\"223\" src=\"https:\/\/www.prixdeshivernales.be\/wp-content\/uploads\/sites\/2\/2023\/02\/logo-CDLD-DEF_Version-longue-noir-1200x223.png\" alt=\"\" class=\"wp-image-1309\" style=\"width:150px;height:28px\" srcset=\"https:\/\/www.prixdeshivernales.be\/wp-content\/uploads\/sites\/2\/2023\/02\/logo-CDLD-DEF_Version-longue-noir-1200x223.png 1200w, https:\/\/www.prixdeshivernales.be\/wp-content\/uploads\/sites\/2\/2023\/02\/logo-CDLD-DEF_Version-longue-noir-500x93.png 500w, https:\/\/www.prixdeshivernales.be\/wp-content\/uploads\/sites\/2\/2023\/02\/logo-CDLD-DEF_Version-longue-noir-768x143.png 768w, https:\/\/www.prixdeshivernales.be\/wp-content\/uploads\/sites\/2\/2023\/02\/logo-CDLD-DEF_Version-longue-noir.png 1393w\" sizes=\"auto, (max-width: 1200px) 100vw, 1200px\" \/><\/a><\/figure>\n<\/div><\/div>\n\n\n\n<div class=\"wp-block-column is-layout-flow wp-block-column-is-layout-flow\" style=\"flex-basis:66.66%\">\n<p><meta charset=\"utf-8\"><strong><a href=\"http:\/\/www.conservatoiredeladanse.com\" target=\"_blank\" rel=\"noreferrer noopener\">The Brussels Dance Conservatory<\/a><\/strong> and its director Jean-Paul Dimmers will be pleased to offer unlimited access to one of their Summer workshops 2024 (dates and classes to be determined according to the age and availability of the winner).<\/p>\n<\/div>\n<\/div>\n\n\n\n<div class=\"wp-block-columns is-layout-flex wp-container-core-columns-is-layout-9d6595d7 wp-block-columns-is-layout-flex\">\n<div class=\"wp-block-column is-layout-flow wp-block-column-is-layout-flow\" style=\"flex-basis:33.33%\"><div class=\"wp-block-image\">\n<figure class=\"alignright size-full is-resized\"><a href=\"https:\/\/www.stagededanse.be\/\" target=\"_blank\" rel=\"noopener\"><img loading=\"lazy\" decoding=\"async\" width=\"500\" height=\"500\" src=\"https:\/\/www.prixdeshivernales.be\/wp-content\/uploads\/sites\/2\/2022\/01\/stage-de-danse.png\" alt=\"\" class=\"wp-image-623\" style=\"width:150px;height:150px\" srcset=\"https:\/\/www.prixdeshivernales.be\/wp-content\/uploads\/sites\/2\/2022\/01\/stage-de-danse.png 500w, https:\/\/www.prixdeshivernales.be\/wp-content\/uploads\/sites\/2\/2022\/01\/stage-de-danse-200x200.png 200w\" sizes=\"auto, (max-width: 500px) 100vw, 500px\" \/><\/a><\/figure>\n<\/div><\/div>\n\n\n\n<div class=\"wp-block-column is-layout-flow wp-block-column-is-layout-flow\" style=\"flex-basis:66.66%\">\n<p><meta charset=\"utf-8\"><strong><a href=\"https:\/\/www.stagededanse.be\/\" target=\"_blank\" rel=\"noreferrer noopener\">Stage de Danse asbl<\/a><\/strong> will offer unlimited access to the 20<sup>th<\/sup>&nbsp;Stage International d\u2019\u00e9t\u00e9 de Danse in Li\u00e8ge.<\/p>\n<\/div>\n<\/div>\n\n\n\n<div class=\"wp-block-columns is-layout-flex wp-container-core-columns-is-layout-9d6595d7 wp-block-columns-is-layout-flex\">\n<div class=\"wp-block-column is-layout-flow wp-block-column-is-layout-flow\" style=\"flex-basis:33.33%\"><div class=\"wp-block-image\">\n<figure class=\"alignright size-full is-resized\"><a href=\"https:\/\/dancespassion.be\" target=\"_blank\" rel=\"noopener\"><img loading=\"lazy\" decoding=\"async\" width=\"800\" height=\"846\" src=\"https:\/\/www.prixdeshivernales.be\/wp-content\/uploads\/sites\/2\/2023\/02\/Dances-Passion-Logo.jpg\" alt=\"\" class=\"wp-image-1299\" style=\"width:150px;height:159px\" srcset=\"https:\/\/www.prixdeshivernales.be\/wp-content\/uploads\/sites\/2\/2023\/02\/Dances-Passion-Logo.jpg 800w, https:\/\/www.prixdeshivernales.be\/wp-content\/uploads\/sites\/2\/2023\/02\/Dances-Passion-Logo-473x500.jpg 473w, https:\/\/www.prixdeshivernales.be\/wp-content\/uploads\/sites\/2\/2023\/02\/Dances-Passion-Logo-768x812.jpg 768w\" sizes=\"auto, (max-width: 800px) 100vw, 800px\" \/><\/a><\/figure>\n<\/div><\/div>\n\n\n\n<div class=\"wp-block-column is-layout-flow wp-block-column-is-layout-flow\" style=\"flex-basis:66.66%\"><\/div>\n<\/div>\n\n\n\n<div class=\"wp-block-columns is-layout-flex wp-container-core-columns-is-layout-9d6595d7 wp-block-columns-is-layout-flex\">\n<div class=\"wp-block-column is-layout-flow wp-block-column-is-layout-flow\" style=\"flex-basis:33.33%\"><div class=\"wp-block-image\">\n<figure class=\"alignright size-full is-resized\"><a href=\"https:\/\/www.danzaedanza.com\/en\/home.html\" target=\"_blank\" rel=\"noopener\"><img loading=\"lazy\" decoding=\"async\" width=\"800\" height=\"119\" src=\"https:\/\/www.prixdeshivernales.be\/wp-content\/uploads\/sites\/2\/2023\/11\/logoDD_I_k.png\" alt=\"\" class=\"wp-image-1571\" style=\"width:150px\" srcset=\"https:\/\/www.prixdeshivernales.be\/wp-content\/uploads\/sites\/2\/2023\/11\/logoDD_I_k.png 800w, https:\/\/www.prixdeshivernales.be\/wp-content\/uploads\/sites\/2\/2023\/11\/logoDD_I_k-500x74.png 500w, https:\/\/www.prixdeshivernales.be\/wp-content\/uploads\/sites\/2\/2023\/11\/logoDD_I_k-768x114.png 768w\" sizes=\"auto, (max-width: 800px) 100vw, 800px\" \/><\/a><\/figure>\n<\/div><\/div>\n\n\n\n<div class=\"wp-block-column is-layout-flow wp-block-column-is-layout-flow\" style=\"flex-basis:66.66%\">\n<p><strong><a href=\"https:\/\/www.danzaedanza.com\/en\/home.html\" target=\"_blank\" rel=\"noreferrer noopener\">Danza &amp; Danza International<\/a><\/strong> will be delighted to offer all our 3<sup>rd<\/sup>&nbsp;edition winners a one-year digital subscription to the dance magazine. This will allow them to keep a close eye on the latest international dance news.<\/p>\n<\/div>\n<\/div>\n\n\n\n<div class=\"wp-block-columns is-layout-flex wp-container-core-columns-is-layout-9d6595d7 wp-block-columns-is-layout-flex\">\n<div class=\"wp-block-column is-layout-flow wp-block-column-is-layout-flow\" style=\"flex-basis:33.33%\"><div class=\"wp-block-image\">\n<figure class=\"alignright size-full is-resized\"><a href=\"https:\/\/www.linkedin.com\/company\/belfius-li\u00e8ge-cit\u00e9-ardente\" target=\"_blank\" rel=\"noreferrer noopener\"><img loading=\"lazy\" decoding=\"async\" width=\"512\" height=\"427\" src=\"https:\/\/www.prixdeshivernales.be\/wp-content\/uploads\/sites\/2\/2024\/01\/LOGO-BELFIUS-CITE-ARDENTE_CARRE-POSITIF-A.jpg\" alt=\"\" class=\"wp-image-1773\" style=\"width:150px\" srcset=\"https:\/\/www.prixdeshivernales.be\/wp-content\/uploads\/sites\/2\/2024\/01\/LOGO-BELFIUS-CITE-ARDENTE_CARRE-POSITIF-A.jpg 512w, https:\/\/www.prixdeshivernales.be\/wp-content\/uploads\/sites\/2\/2024\/01\/LOGO-BELFIUS-CITE-ARDENTE_CARRE-POSITIF-A-500x417.jpg 500w\" sizes=\"auto, (max-width: 512px) 100vw, 512px\" \/><\/a><\/figure>\n<\/div><\/div>\n\n\n\n<div class=\"wp-block-column is-layout-flow wp-block-column-is-layout-flow\" style=\"flex-basis:66.66%\"><\/div>\n<\/div>\n\n\n\n<div class=\"wp-block-columns is-layout-flex wp-container-core-columns-is-layout-9d6595d7 wp-block-columns-is-layout-flex\">\n<div class=\"wp-block-column is-layout-flow wp-block-column-is-layout-flow\" style=\"flex-basis:33.33%\"><div class=\"wp-block-image\">\n<figure class=\"alignright size-full is-resized\"><a href=\"https:\/\/www.provincedeliege.be\/fr\" target=\"_blank\" rel=\"noreferrer noopener\"><img loading=\"lazy\" decoding=\"async\" width=\"1043\" height=\"602\" src=\"https:\/\/www.prixdeshivernales.be\/wp-content\/uploads\/sites\/2\/2023\/03\/Province-de-Liege.png\" alt=\"\" class=\"wp-image-1349\" style=\"width:150px;height:86px\" srcset=\"https:\/\/www.prixdeshivernales.be\/wp-content\/uploads\/sites\/2\/2023\/03\/Province-de-Liege.png 1043w, https:\/\/www.prixdeshivernales.be\/wp-content\/uploads\/sites\/2\/2023\/03\/Province-de-Liege-500x289.png 500w, https:\/\/www.prixdeshivernales.be\/wp-content\/uploads\/sites\/2\/2023\/03\/Province-de-Liege-768x443.png 768w\" sizes=\"auto, (max-width: 1043px) 100vw, 1043px\" \/><\/a><\/figure>\n<\/div><\/div>\n\n\n\n<div class=\"wp-block-column is-layout-flow wp-block-column-is-layout-flow\" style=\"flex-basis:66.66%\">\n<p><meta charset=\"utf-8\"><strong><a href=\"https:\/\/www.provincedeliege.be\/fr\" target=\"_blank\" rel=\"noreferrer noopener\">Province de Li\u00e8ge<\/a><\/strong>&nbsp;will support this 3rd edition of Prix des Hivernales<\/p>\n<\/div>\n<\/div>\n\n\n\n<h2 class=\"wp-block-heading\">2023<\/h2>\n\n\n\n<div class=\"wp-block-columns is-layout-flex wp-container-core-columns-is-layout-9d6595d7 wp-block-columns-is-layout-flex\">\n<div class=\"wp-block-column is-layout-flow wp-block-column-is-layout-flow\" style=\"flex-basis:33.33%\"><div class=\"wp-block-image\">\n<figure class=\"alignright size-full is-resized\"><a href=\"https:\/\/www.dance-masterclass.com\" target=\"_blank\" rel=\"noopener\"><img loading=\"lazy\" decoding=\"async\" width=\"800\" height=\"263\" src=\"https:\/\/www.prixdeshivernales.be\/wp-content\/uploads\/sites\/2\/2023\/02\/dance-masterclass.jpg\" alt=\"\" class=\"wp-image-1328\" style=\"width:150px;height:50px\" srcset=\"https:\/\/www.prixdeshivernales.be\/wp-content\/uploads\/sites\/2\/2023\/02\/dance-masterclass.jpg 800w, https:\/\/www.prixdeshivernales.be\/wp-content\/uploads\/sites\/2\/2023\/02\/dance-masterclass-500x164.jpg 500w, https:\/\/www.prixdeshivernales.be\/wp-content\/uploads\/sites\/2\/2023\/02\/dance-masterclass-768x252.jpg 768w\" sizes=\"auto, (max-width: 800px) 100vw, 800px\" \/><\/a><\/figure>\n<\/div><\/div>\n\n\n\n<div class=\"wp-block-column is-layout-flow wp-block-column-is-layout-flow\" style=\"flex-basis:66.66%\">\n<p><strong><a href=\"https:\/\/www.dance-masterclass.com\" target=\"_blank\" rel=\"noreferrer noopener\">Dance Masterclass<\/a><\/strong>, Official Sponsor of the second edition of the Prix des Hivernales, is delighted to offer all our winners unlimited access to its world-renowned online course platform for one year. This will allow you to learn and progress thanks to the precious advice of the best, such as Iana Salenko, Osiel Gouneo, and Juliano Nunes.&nbsp;<\/p>\n<\/div>\n<\/div>\n\n\n\n<div class=\"wp-block-columns is-layout-flex wp-container-core-columns-is-layout-9d6595d7 wp-block-columns-is-layout-flex\">\n<div class=\"wp-block-column is-layout-flow wp-block-column-is-layout-flow\" style=\"flex-basis:33.33%\"><div class=\"wp-block-image\">\n<figure class=\"alignright size-full\"><a href=\"https:\/\/www.mosaballetschool.eu\/\" target=\"_blank\" rel=\"noopener\"><img loading=\"lazy\" decoding=\"async\" width=\"151\" height=\"197\" src=\"https:\/\/www.prixdeshivernales.be\/wp-content\/uploads\/sites\/2\/2021\/10\/mosa-ballet-school.png\" alt=\"\" class=\"wp-image-222\"\/><\/a><\/figure>\n<\/div><\/div>\n\n\n\n<div class=\"wp-block-column is-layout-flow wp-block-column-is-layout-flow\" style=\"flex-basis:66.66%\">\n<p>For this 2nd&nbsp;edition,&nbsp;<strong><a href=\"https:\/\/www.mosaballetschool.eu\/\" target=\"_blank\" rel=\"noreferrer noopener\">Mosa Ballet School<\/a><\/strong>&nbsp;will be offering a one-year scholarship for the 2023-2024 school year.&nbsp;<\/p>\n<\/div>\n<\/div>\n\n\n\n<div class=\"wp-block-columns is-layout-flex wp-container-core-columns-is-layout-9d6595d7 wp-block-columns-is-layout-flex\">\n<div class=\"wp-block-column is-layout-flow wp-block-column-is-layout-flow\" style=\"flex-basis:33.33%\"><div class=\"wp-block-image\">\n<figure class=\"alignright size-full is-resized\"><a href=\"https:\/\/boutiquedansetavie.be\/\" target=\"_blank\" rel=\"noreferrer noopener\"><img loading=\"lazy\" decoding=\"async\" width=\"805\" height=\"294\" src=\"https:\/\/www.prixdeshivernales.be\/wp-content\/uploads\/sites\/2\/2023\/01\/logo-Danse-ta-vie.png\" alt=\"\" class=\"wp-image-1155\" style=\"width:150px;height:55px\" srcset=\"https:\/\/www.prixdeshivernales.be\/wp-content\/uploads\/sites\/2\/2023\/01\/logo-Danse-ta-vie.png 805w, https:\/\/www.prixdeshivernales.be\/wp-content\/uploads\/sites\/2\/2023\/01\/logo-Danse-ta-vie-500x183.png 500w, https:\/\/www.prixdeshivernales.be\/wp-content\/uploads\/sites\/2\/2023\/01\/logo-Danse-ta-vie-768x280.png 768w\" sizes=\"auto, (max-width: 805px) 100vw, 805px\" \/><\/a><\/figure>\n<\/div><\/div>\n\n\n\n<div class=\"wp-block-column is-layout-flow wp-block-column-is-layout-flow\" style=\"flex-basis:66.66%\">\n<p><meta charset=\"utf-8\">The four First Prizes in the classical category will be donated by Boutique <strong><a href=\"https:\/\/boutiquedansetavie.be\/\" target=\"_blank\" rel=\"noreferrer noopener\">Danse ta vie<\/a><\/strong>.<\/p>\n<\/div>\n<\/div>\n\n\n\n<div class=\"wp-block-columns is-layout-flex wp-container-core-columns-is-layout-9d6595d7 wp-block-columns-is-layout-flex\">\n<div class=\"wp-block-column is-layout-flow wp-block-column-is-layout-flow\" style=\"flex-basis:33.33%\"><div class=\"wp-block-image\">\n<figure class=\"alignright size-full is-resized\"><a href=\"https:\/\/www.provincedeliege.be\/fr\" target=\"_blank\" rel=\"noreferrer noopener\"><img loading=\"lazy\" decoding=\"async\" width=\"1043\" height=\"602\" src=\"https:\/\/www.prixdeshivernales.be\/wp-content\/uploads\/sites\/2\/2023\/03\/Province-de-Liege.png\" alt=\"\" class=\"wp-image-1349\" style=\"width:150px;height:86px\" srcset=\"https:\/\/www.prixdeshivernales.be\/wp-content\/uploads\/sites\/2\/2023\/03\/Province-de-Liege.png 1043w, https:\/\/www.prixdeshivernales.be\/wp-content\/uploads\/sites\/2\/2023\/03\/Province-de-Liege-500x289.png 500w, https:\/\/www.prixdeshivernales.be\/wp-content\/uploads\/sites\/2\/2023\/03\/Province-de-Liege-768x443.png 768w\" sizes=\"auto, (max-width: 1043px) 100vw, 1043px\" \/><\/a><\/figure>\n<\/div><\/div>\n\n\n\n<div class=\"wp-block-column is-layout-flow wp-block-column-is-layout-flow\" style=\"flex-basis:66.66%\">\n<p><meta charset=\"utf-8\"><strong><a href=\"https:\/\/www.provincedeliege.be\/fr\" target=\"_blank\" rel=\"noreferrer noopener\">Province de Li\u00e8ge<\/a><\/strong> will offer the two Grand Prix, classical and contemporary, of this 2<sup>nd<\/sup>&nbsp;edition. Mr. Luc Gillard, provincial deputy, will be present at the final to award the prizes.<\/p>\n<\/div>\n<\/div>\n\n\n\n<div class=\"wp-block-columns is-layout-flex wp-container-core-columns-is-layout-9d6595d7 wp-block-columns-is-layout-flex\">\n<div class=\"wp-block-column is-layout-flow wp-block-column-is-layout-flow\" style=\"flex-basis:33.33%\"><div class=\"wp-block-image\">\n<figure class=\"alignright size-full is-resized\"><a href=\"https:\/\/malandainballet.com\/ballet\/ccn\" target=\"_blank\" rel=\"noopener\"><img loading=\"lazy\" decoding=\"async\" width=\"1200\" height=\"458\" src=\"https:\/\/www.prixdeshivernales.be\/wp-content\/uploads\/sites\/2\/2021\/11\/Malandain-ballet-Biarritz-1.png\" alt=\"\" class=\"wp-image-562\" style=\"width:150px;height:58px\" srcset=\"https:\/\/www.prixdeshivernales.be\/wp-content\/uploads\/sites\/2\/2021\/11\/Malandain-ballet-Biarritz-1.png 1200w, https:\/\/www.prixdeshivernales.be\/wp-content\/uploads\/sites\/2\/2021\/11\/Malandain-ballet-Biarritz-1-500x191.png 500w, https:\/\/www.prixdeshivernales.be\/wp-content\/uploads\/sites\/2\/2021\/11\/Malandain-ballet-Biarritz-1-768x293.png 768w\" sizes=\"auto, (max-width: 1200px) 100vw, 1200px\" \/><\/a><\/figure>\n<\/div><\/div>\n\n\n\n<div class=\"wp-block-column is-layout-flow wp-block-column-is-layout-flow\" style=\"flex-basis:66.66%\">\n<p>The <strong><a href=\"https:\/\/malandainballet.com\/ballet\/ccn\" target=\"_blank\" rel=\"noreferrer noopener\">CCN Malandain Ballet Biarritz<\/a><\/strong> will offer a one-week immersion in the company, including accommodation (dates to be confirmed according to the wishes of the winner).<\/p>\n\n\n\n<p>This week will be accompanied by access to the <strong><a href=\"https:\/\/www.biarritz-academie-danse.com\/\" target=\"_blank\" rel=\"noreferrer noopener\">Biarritz International Dance Academy<\/a><\/strong> with unlimited classes and to the Ballet&#8217;s summer performances. This prize does not include travel.<\/p>\n<\/div>\n<\/div>\n\n\n\n<div class=\"wp-block-columns is-layout-flex wp-container-core-columns-is-layout-9d6595d7 wp-block-columns-is-layout-flex\">\n<div class=\"wp-block-column is-layout-flow wp-block-column-is-layout-flow\" style=\"flex-basis:33.33%\"><div class=\"wp-block-image\">\n<figure class=\"alignright size-full is-resized\"><img loading=\"lazy\" decoding=\"async\" width=\"1138\" height=\"399\" src=\"https:\/\/www.prixdeshivernales.be\/wp-content\/uploads\/sites\/2\/2022\/01\/ENG_Logo_PNG-black.png\" alt=\"\" class=\"wp-image-620\" style=\"width:150px;height:53px\" srcset=\"https:\/\/www.prixdeshivernales.be\/wp-content\/uploads\/sites\/2\/2022\/01\/ENG_Logo_PNG-black.png 1138w, https:\/\/www.prixdeshivernales.be\/wp-content\/uploads\/sites\/2\/2022\/01\/ENG_Logo_PNG-black-500x175.png 500w, https:\/\/www.prixdeshivernales.be\/wp-content\/uploads\/sites\/2\/2022\/01\/ENG_Logo_PNG-black-768x269.png 768w\" sizes=\"auto, (max-width: 1138px) 100vw, 1138px\" \/><\/figure>\n<\/div><\/div>\n\n\n\n<div class=\"wp-block-column is-layout-flow wp-block-column-is-layout-flow\" style=\"flex-basis:66.66%\">\n<p><meta charset=\"utf-8\">The prestigious <a title=\"Dutch National Ballet Academy\" href=\"https:\/\/www.atd.ahk.nl\/opleidingen-dans\/nationale-balletacademie\/\" target=\"_blank\" rel=\"noopener\"><strong>Dutch National Ballet Academy<\/strong><\/a>&nbsp;in Amsterdam is delighted to reward a talented student by offering an <a title=\"Stage International d'\u00e9t\u00e9\" href=\"https:\/\/www.atd.ahk.nl\/opleidingen-dans\/nationale-balletacademie\/summer-school\/\" target=\"_blank\" rel=\"noopener\"><strong>International Summer Training Course<\/strong><\/a> (dates depending on the age of the winner &#8211; excluding travel and accommodation)<\/p>\n<\/div>\n<\/div>\n\n\n\n<div class=\"wp-block-columns is-layout-flex wp-container-core-columns-is-layout-9d6595d7 wp-block-columns-is-layout-flex\">\n<div class=\"wp-block-column is-layout-flow wp-block-column-is-layout-flow\" style=\"flex-basis:33.33%\"><div class=\"wp-block-image\">\n<figure class=\"alignright size-full is-resized\"><a href=\"https:\/\/www.stagededanse.be\/\" target=\"_blank\" rel=\"noopener\"><img loading=\"lazy\" decoding=\"async\" width=\"500\" height=\"500\" src=\"https:\/\/www.prixdeshivernales.be\/wp-content\/uploads\/sites\/2\/2022\/01\/stage-de-danse.png\" alt=\"\" class=\"wp-image-623\" style=\"width:150px;height:150px\" srcset=\"https:\/\/www.prixdeshivernales.be\/wp-content\/uploads\/sites\/2\/2022\/01\/stage-de-danse.png 500w, https:\/\/www.prixdeshivernales.be\/wp-content\/uploads\/sites\/2\/2022\/01\/stage-de-danse-200x200.png 200w\" sizes=\"auto, (max-width: 500px) 100vw, 500px\" \/><\/a><\/figure>\n<\/div><\/div>\n\n\n\n<div class=\"wp-block-column is-layout-flow wp-block-column-is-layout-flow\" style=\"flex-basis:66.66%\">\n<p><meta charset=\"utf-8\"><strong><a href=\"https:\/\/www.stagededanse.be\/\" target=\"_blank\" rel=\"noreferrer noopener\">Stage de Danse asbl<\/a><\/strong> will offer unlimited access to the 19<sup>th<\/sup>&nbsp;Stage International d\u2019\u00e9t\u00e9 de Danse in Li\u00e8ge from 30 July to 6 August 2023.<\/p>\n<\/div>\n<\/div>\n\n\n\n<div class=\"wp-block-columns is-layout-flex wp-container-core-columns-is-layout-9d6595d7 wp-block-columns-is-layout-flex\">\n<div class=\"wp-block-column is-layout-flow wp-block-column-is-layout-flow\" style=\"flex-basis:33.33%\"><div class=\"wp-block-image\">\n<figure class=\"alignright size-full is-resized\"><a href=\"https:\/\/www.operaballet.be\" target=\"_blank\" rel=\"noreferrer noopener\"><img loading=\"lazy\" decoding=\"async\" width=\"800\" height=\"766\" src=\"https:\/\/www.prixdeshivernales.be\/wp-content\/uploads\/sites\/2\/2022\/03\/opera-ballet-vlanderen.jpg\" alt=\"\" class=\"wp-image-805\" style=\"width:150px;height:144px\" srcset=\"https:\/\/www.prixdeshivernales.be\/wp-content\/uploads\/sites\/2\/2022\/03\/opera-ballet-vlanderen.jpg 800w, https:\/\/www.prixdeshivernales.be\/wp-content\/uploads\/sites\/2\/2022\/03\/opera-ballet-vlanderen-500x479.jpg 500w, https:\/\/www.prixdeshivernales.be\/wp-content\/uploads\/sites\/2\/2022\/03\/opera-ballet-vlanderen-768x735.jpg 768w\" sizes=\"auto, (max-width: 800px) 100vw, 800px\" \/><\/a><\/figure>\n<\/div><\/div>\n\n\n\n<div class=\"wp-block-column is-layout-flow wp-block-column-is-layout-flow\" style=\"flex-basis:66.66%\">\n<p><strong><a href=\"https:\/\/www.operaballet.be\" target=\"_blank\" rel=\"noreferrer noopener\">Opera Ballet Vlaanderen<\/a><\/strong>, Artistic Director: Jan Vandenhouwewill offer a one-week introduction into the company. The winner will have the exclusive opportunity to participate in the daily class and to observe and take part in various rehearsals with the company.<\/p>\n<\/div>\n<\/div>\n\n\n\n<div class=\"wp-block-columns is-layout-flex wp-container-core-columns-is-layout-9d6595d7 wp-block-columns-is-layout-flex\">\n<div class=\"wp-block-column is-layout-flow wp-block-column-is-layout-flow\" style=\"flex-basis:33.33%\"><div class=\"wp-block-image\">\n<figure class=\"alignright size-full is-resized\"><a href=\"https:\/\/www.danceschool-csilla.com\" target=\"_blank\" rel=\"noopener\"><img loading=\"lazy\" decoding=\"async\" width=\"499\" height=\"529\" src=\"https:\/\/www.prixdeshivernales.be\/wp-content\/uploads\/sites\/2\/2023\/01\/Logo-Dance-School-Csilla.png\" alt=\"\" class=\"wp-image-1153\" style=\"width:150px;height:159px\" srcset=\"https:\/\/www.prixdeshivernales.be\/wp-content\/uploads\/sites\/2\/2023\/01\/Logo-Dance-School-Csilla.png 499w, https:\/\/www.prixdeshivernales.be\/wp-content\/uploads\/sites\/2\/2023\/01\/Logo-Dance-School-Csilla-472x500.png 472w\" sizes=\"auto, (max-width: 499px) 100vw, 499px\" \/><\/a><\/figure>\n<\/div><\/div>\n\n\n\n<div class=\"wp-block-column is-layout-flow wp-block-column-is-layout-flow\" style=\"flex-basis:66.66%\">\n<p><meta charset=\"utf-8\"><strong><a href=\"https:\/\/www.danceschool-csilla.com\" target=\"_blank\" rel=\"noreferrer noopener\">Csilla Dance School<\/a><\/strong> will offer an access to Roberta Fontana Workshop in October 2023 (final dates to be confirmed).<\/p>\n<\/div>\n<\/div>\n\n\n\n<div class=\"wp-block-columns is-layout-flex wp-container-core-columns-is-layout-9d6595d7 wp-block-columns-is-layout-flex\">\n<div class=\"wp-block-column is-layout-flow wp-block-column-is-layout-flow\" style=\"flex-basis:33.33%\"><div class=\"wp-block-image\">\n<figure class=\"alignright size-large is-resized\"><a href=\"http:\/\/www.conservatoiredeladanse.com\" target=\"_blank\" rel=\"noopener\"><img loading=\"lazy\" decoding=\"async\" width=\"1200\" height=\"223\" src=\"https:\/\/www.prixdeshivernales.be\/wp-content\/uploads\/sites\/2\/2023\/02\/logo-CDLD-DEF_Version-longue-noir-1200x223.png\" alt=\"\" class=\"wp-image-1309\" style=\"width:150px;height:28px\" srcset=\"https:\/\/www.prixdeshivernales.be\/wp-content\/uploads\/sites\/2\/2023\/02\/logo-CDLD-DEF_Version-longue-noir-1200x223.png 1200w, https:\/\/www.prixdeshivernales.be\/wp-content\/uploads\/sites\/2\/2023\/02\/logo-CDLD-DEF_Version-longue-noir-500x93.png 500w, https:\/\/www.prixdeshivernales.be\/wp-content\/uploads\/sites\/2\/2023\/02\/logo-CDLD-DEF_Version-longue-noir-768x143.png 768w, https:\/\/www.prixdeshivernales.be\/wp-content\/uploads\/sites\/2\/2023\/02\/logo-CDLD-DEF_Version-longue-noir.png 1393w\" sizes=\"auto, (max-width: 1200px) 100vw, 1200px\" \/><\/a><\/figure>\n<\/div><\/div>\n\n\n\n<div class=\"wp-block-column is-layout-flow wp-block-column-is-layout-flow\" style=\"flex-basis:66.66%\">\n<p><meta charset=\"utf-8\"><strong><a href=\"http:\/\/www.conservatoiredeladanse.com\" target=\"_blank\" rel=\"noreferrer noopener\">The Brussels Dance Conservatory<\/a><\/strong> and its director Jean-Paul Dimmers will be pleased to offer unlimited access to one of their workshops (dates and classes to be determined according to the age and availability of the winner).<\/p>\n<\/div>\n<\/div>\n\n\n\n<div class=\"wp-block-columns is-layout-flex wp-container-core-columns-is-layout-9d6595d7 wp-block-columns-is-layout-flex\">\n<div class=\"wp-block-column is-layout-flow wp-block-column-is-layout-flow\" style=\"flex-basis:33.33%\"><div class=\"wp-block-image\">\n<figure class=\"alignright size-full is-resized\"><img loading=\"lazy\" decoding=\"async\" width=\"800\" height=\"303\" src=\"https:\/\/www.prixdeshivernales.be\/wp-content\/uploads\/sites\/2\/2023\/02\/DSA_Logo_Zwart_handtekening.jpg\" alt=\"\" class=\"wp-image-1323\" style=\"width:150px;height:57px\" srcset=\"https:\/\/www.prixdeshivernales.be\/wp-content\/uploads\/sites\/2\/2023\/02\/DSA_Logo_Zwart_handtekening.jpg 800w, https:\/\/www.prixdeshivernales.be\/wp-content\/uploads\/sites\/2\/2023\/02\/DSA_Logo_Zwart_handtekening-500x189.jpg 500w, https:\/\/www.prixdeshivernales.be\/wp-content\/uploads\/sites\/2\/2023\/02\/DSA_Logo_Zwart_handtekening-768x291.jpg 768w\" sizes=\"auto, (max-width: 800px) 100vw, 800px\" \/><\/figure>\n<\/div><\/div>\n\n\n\n<div class=\"wp-block-column is-layout-flow wp-block-column-is-layout-flow\" style=\"flex-basis:66.66%\">\n<p><meta charset=\"utf-8\"><strong><a href=\"http:\/\/dansstudio-arabesque.be\" target=\"_blank\" rel=\"noreferrer noopener\">Dansstudio Arabesque<\/a><\/strong> will offer access to 2 classes per day at the <strong><a href=\"http:\/\/www.dansstage.be\" target=\"_blank\" rel=\"noreferrer noopener\">International Dance Course Antwerp 2023<\/a><\/strong>, from 1 to 7 July 2023 at the Arts Centre deSingel in Antwerp.<\/p>\n<\/div>\n<\/div>\n\n\n\n<div class=\"wp-block-columns is-layout-flex wp-container-core-columns-is-layout-9d6595d7 wp-block-columns-is-layout-flex\">\n<div class=\"wp-block-column is-layout-flow wp-block-column-is-layout-flow\" style=\"flex-basis:33.33%\"><div class=\"wp-block-image\">\n<figure class=\"alignright size-large is-resized\"><a href=\"https:\/\/ecoleduballetstanlowa.paris\/\" target=\"_blank\" rel=\"noreferrer noopener\"><img loading=\"lazy\" decoding=\"async\" width=\"1200\" height=\"800\" src=\"https:\/\/www.prixdeshivernales.be\/wp-content\/uploads\/sites\/2\/2023\/03\/EBPS-1200x800.jpg\" alt=\"\" class=\"wp-image-1342\" style=\"width:150px;height:100px\" srcset=\"https:\/\/www.prixdeshivernales.be\/wp-content\/uploads\/sites\/2\/2023\/03\/EBPS-1200x800.jpg 1200w, https:\/\/www.prixdeshivernales.be\/wp-content\/uploads\/sites\/2\/2023\/03\/EBPS-500x333.jpg 500w, https:\/\/www.prixdeshivernales.be\/wp-content\/uploads\/sites\/2\/2023\/03\/EBPS-768x512.jpg 768w, https:\/\/www.prixdeshivernales.be\/wp-content\/uploads\/sites\/2\/2023\/03\/EBPS-1536x1024.jpg 1536w, https:\/\/www.prixdeshivernales.be\/wp-content\/uploads\/sites\/2\/2023\/03\/EBPS.jpg 1701w\" sizes=\"auto, (max-width: 1200px) 100vw, 1200px\" \/><\/a><\/figure>\n<\/div><\/div>\n\n\n\n<div class=\"wp-block-column is-layout-flow wp-block-column-is-layout-flow\" style=\"flex-basis:66.66%\">\n<p><meta charset=\"utf-8\"><strong><a href=\"https:\/\/ecoleduballetstanlowa.paris\/\" target=\"_blank\" rel=\"noreferrer noopener\">Paris Stanlowa Ballet School<\/a><\/strong> will offer a pre-professional training course in its institute in July 2023 to one the winners. A great opportunity to progress in classical, pointe, barre au sol, \u2026 with the teachers of the Paris Opera Ballet School and Stanlowa.<\/p>\n<\/div>\n<\/div>\n\n\n\n<div class=\"wp-block-columns is-layout-flex wp-container-core-columns-is-layout-9d6595d7 wp-block-columns-is-layout-flex\">\n<div class=\"wp-block-column is-layout-flow wp-block-column-is-layout-flow\" style=\"flex-basis:33.33%\"><div class=\"wp-block-image\">\n<figure class=\"alignright size-full is-resized\"><a href=\"https:\/\/www.academie-ballet.fr\" target=\"_blank\" rel=\"noreferrer noopener\"><img loading=\"lazy\" decoding=\"async\" width=\"800\" height=\"343\" src=\"https:\/\/www.prixdeshivernales.be\/wp-content\/uploads\/sites\/2\/2023\/03\/LOGO_ACADEMIE_DE_BALLET_CMJN.jpg\" alt=\"\" class=\"wp-image-1364\" style=\"width:150px;height:65px\" srcset=\"https:\/\/www.prixdeshivernales.be\/wp-content\/uploads\/sites\/2\/2023\/03\/LOGO_ACADEMIE_DE_BALLET_CMJN.jpg 800w, https:\/\/www.prixdeshivernales.be\/wp-content\/uploads\/sites\/2\/2023\/03\/LOGO_ACADEMIE_DE_BALLET_CMJN-500x214.jpg 500w, https:\/\/www.prixdeshivernales.be\/wp-content\/uploads\/sites\/2\/2023\/03\/LOGO_ACADEMIE_DE_BALLET_CMJN-768x329.jpg 768w\" sizes=\"auto, (max-width: 800px) 100vw, 800px\" \/><\/a><\/figure>\n<\/div><\/div>\n\n\n\n<div class=\"wp-block-column is-layout-flow wp-block-column-is-layout-flow\" style=\"flex-basis:66.66%\">\n<p><strong><a href=\"https:\/\/www.academie-ballet.fr\" target=\"_blank\" rel=\"noreferrer noopener\">The Nini Theilade Ballet Academy<\/a><\/strong> will offer an access to the 21<sup>st<\/sup>&nbsp;Stage Theila\u00efa, from 10 to 14 July 2023 in Lyon..<\/p>\n<\/div>\n<\/div>\n\n\n\n<div class=\"wp-block-columns is-layout-flex wp-container-core-columns-is-layout-9d6595d7 wp-block-columns-is-layout-flex\">\n<div class=\"wp-block-column is-layout-flow wp-block-column-is-layout-flow\" style=\"flex-basis:33.33%\"><div class=\"wp-block-image\">\n<figure class=\"alignright size-full is-resized\"><a href=\"https:\/\/www.balletmasterclass.com\/pages\/\" target=\"_blank\" rel=\"noreferrer noopener\"><img loading=\"lazy\" decoding=\"async\" width=\"366\" height=\"80\" src=\"https:\/\/www.prixdeshivernales.be\/wp-content\/uploads\/sites\/2\/2023\/03\/15th-international-ballet-masterclasses-in-prague-cezh.jpg\" alt=\"\" class=\"wp-image-1362\" style=\"width:150px;height:33px\"\/><\/a><\/figure>\n<\/div><\/div>\n\n\n\n<div class=\"wp-block-column is-layout-flow wp-block-column-is-layout-flow\" style=\"flex-basis:66.66%\">\n<p><strong><a href=\"https:\/\/www.balletmasterclass.com\/pages\/\" target=\"_blank\" rel=\"noreferrer noopener\">The International Ballet Masterclasses<\/a><\/strong> in Prague will offer 2 accesses for Summer 2023 to 2 of our winners.<\/p>\n<\/div>\n<\/div>\n\n\n\n<div class=\"wp-block-columns is-layout-flex wp-container-core-columns-is-layout-9d6595d7 wp-block-columns-is-layout-flex\">\n<div class=\"wp-block-column is-layout-flow wp-block-column-is-layout-flow\" style=\"flex-basis:33.33%\"><div class=\"wp-block-image\">\n<figure class=\"alignright size-large is-resized\"><img loading=\"lazy\" decoding=\"async\" width=\"1200\" height=\"800\" src=\"https:\/\/www.prixdeshivernales.be\/wp-content\/uploads\/sites\/2\/2022\/01\/1641544957109-1200x800.jpg\" alt=\"\" class=\"wp-image-633\" style=\"width:150px;height:100px\" srcset=\"https:\/\/www.prixdeshivernales.be\/wp-content\/uploads\/sites\/2\/2022\/01\/1641544957109-1200x800.jpg 1200w, https:\/\/www.prixdeshivernales.be\/wp-content\/uploads\/sites\/2\/2022\/01\/1641544957109-500x333.jpg 500w, https:\/\/www.prixdeshivernales.be\/wp-content\/uploads\/sites\/2\/2022\/01\/1641544957109-768x512.jpg 768w, https:\/\/www.prixdeshivernales.be\/wp-content\/uploads\/sites\/2\/2022\/01\/1641544957109-1536x1024.jpg 1536w, https:\/\/www.prixdeshivernales.be\/wp-content\/uploads\/sites\/2\/2022\/01\/1641544957109.jpg 1620w\" sizes=\"auto, (max-width: 1200px) 100vw, 1200px\" \/><\/figure>\n<\/div><\/div>\n\n\n\n<div class=\"wp-block-column is-layout-flow wp-block-column-is-layout-flow\" style=\"flex-basis:66.66%\">\n<p><meta charset=\"utf-8\"><strong><a href=\"https:\/\/www.stagededanse.be\/\" target=\"_blank\" rel=\"noreferrer noopener\"><meta charset=\"utf-8\"><\/a><\/strong>To immortalise your moments on the Hivernales stage, there is only one name: <strong><a href=\"https:\/\/www.stagededanse.be\/\" target=\"_blank\" rel=\"noreferrer noopener\"><strong><\/strong><\/a><strong><a href=\"http:\/\/www.xavdlp.com\/\" target=\"_blank\" rel=\"noreferrer noopener\">Xavier Pironet<\/a><\/strong>.<\/strong><\/p>\n<\/div>\n<\/div>\n\n\n\n<h2 class=\"wp-block-heading\">2022<\/h2>\n\n\n\n<div class=\"wp-block-columns is-layout-flex wp-container-core-columns-is-layout-9d6595d7 wp-block-columns-is-layout-flex\">\n<div class=\"wp-block-column is-layout-flow wp-block-column-is-layout-flow\" style=\"flex-basis:33.33%\"><div class=\"wp-block-image\">\n<figure class=\"alignright size-full\"><a href=\"https:\/\/www.mosaballetschool.eu\/\" target=\"_blank\" rel=\"noopener\"><img loading=\"lazy\" decoding=\"async\" width=\"151\" height=\"197\" src=\"https:\/\/www.prixdeshivernales.be\/wp-content\/uploads\/sites\/2\/2021\/10\/mosa-ballet-school.png\" alt=\"\" class=\"wp-image-222\"\/><\/a><\/figure>\n<\/div><\/div>\n\n\n\n<div class=\"wp-block-column is-layout-flow wp-block-column-is-layout-flow\" style=\"flex-basis:66.66%\">\n<p>For this 1<sup>st<\/sup>&nbsp;edition,&nbsp;<strong><a href=\"https:\/\/www.mosaballetschool.eu\/\" target=\"_blank\" rel=\"noreferrer noopener\">Mosa Ballet School<\/a><\/strong>&nbsp;will be offering a one-year scholarship for the 2022-2023 school year.&nbsp;<\/p>\n\n\n\n<p>The winner will be chosen by the school\u2019s Artistic Director, Mr Pedro Carneiro, who will attend the whole competition.<\/p>\n\n\n\n<p>Pedro Carneiro has sat on the jury at many international competitions and teaches master classes all over the world.<\/p>\n<\/div>\n<\/div>\n\n\n\n<div class=\"wp-block-columns is-layout-flex wp-container-core-columns-is-layout-9d6595d7 wp-block-columns-is-layout-flex\">\n<div class=\"wp-block-column is-layout-flow wp-block-column-is-layout-flow\" style=\"flex-basis:33.33%\"><div class=\"wp-block-image\">\n<figure class=\"alignright size-full is-resized\"><a href=\"https:\/\/malandainballet.com\/ballet\/ccn\" target=\"_blank\" rel=\"noopener\"><img loading=\"lazy\" decoding=\"async\" width=\"1200\" height=\"458\" src=\"https:\/\/www.prixdeshivernales.be\/wp-content\/uploads\/sites\/2\/2021\/11\/Malandain-ballet-Biarritz-1.png\" alt=\"\" class=\"wp-image-562\" style=\"width:150px;height:58px\" srcset=\"https:\/\/www.prixdeshivernales.be\/wp-content\/uploads\/sites\/2\/2021\/11\/Malandain-ballet-Biarritz-1.png 1200w, https:\/\/www.prixdeshivernales.be\/wp-content\/uploads\/sites\/2\/2021\/11\/Malandain-ballet-Biarritz-1-500x191.png 500w, https:\/\/www.prixdeshivernales.be\/wp-content\/uploads\/sites\/2\/2021\/11\/Malandain-ballet-Biarritz-1-768x293.png 768w\" sizes=\"auto, (max-width: 1200px) 100vw, 1200px\" \/><\/a><\/figure>\n<\/div><\/div>\n\n\n\n<div class=\"wp-block-column is-layout-flow wp-block-column-is-layout-flow\" style=\"flex-basis:66.66%\">\n<p>The <strong><a href=\"https:\/\/malandainballet.com\/ballet\/ccn\" target=\"_blank\" rel=\"noreferrer noopener\">CCN Malandain Ballet Biarritz<\/a><\/strong> will offer a one-week immersion in the company during the first week of August 2022 (dates may vary according to the wishes of the winner).<\/p>\n\n\n\n<p>This week will be accompanied by access to the <strong><a href=\"https:\/\/www.biarritz-academie-danse.com\/\" target=\"_blank\" rel=\"noreferrer noopener\">Biarritz International Dance Academy<\/a><\/strong> with unlimited classes and to the Ballet&#8217;s summer performances. This prize does not include travel or accommodation.<\/p>\n<\/div>\n<\/div>\n\n\n\n<div class=\"wp-block-columns is-layout-flex wp-container-core-columns-is-layout-9d6595d7 wp-block-columns-is-layout-flex\">\n<div class=\"wp-block-column is-layout-flow wp-block-column-is-layout-flow\" style=\"flex-basis:33.33%\"><div class=\"wp-block-image\">\n<figure class=\"alignright size-full is-resized\"><img loading=\"lazy\" decoding=\"async\" width=\"1138\" height=\"399\" src=\"https:\/\/www.prixdeshivernales.be\/wp-content\/uploads\/sites\/2\/2022\/01\/ENG_Logo_PNG-black.png\" alt=\"\" class=\"wp-image-620\" style=\"width:150px;height:53px\" srcset=\"https:\/\/www.prixdeshivernales.be\/wp-content\/uploads\/sites\/2\/2022\/01\/ENG_Logo_PNG-black.png 1138w, https:\/\/www.prixdeshivernales.be\/wp-content\/uploads\/sites\/2\/2022\/01\/ENG_Logo_PNG-black-500x175.png 500w, https:\/\/www.prixdeshivernales.be\/wp-content\/uploads\/sites\/2\/2022\/01\/ENG_Logo_PNG-black-768x269.png 768w\" sizes=\"auto, (max-width: 1138px) 100vw, 1138px\" \/><\/figure>\n<\/div><\/div>\n\n\n\n<div class=\"wp-block-column is-layout-flow wp-block-column-is-layout-flow\" style=\"flex-basis:66.66%\">\n<p><meta charset=\"utf-8\">The prestigious <a title=\"Dutch National Ballet Academy\" href=\"https:\/\/www.atd.ahk.nl\/opleidingen-dans\/nationale-balletacademie\/\" target=\"_blank\" rel=\"noopener\"><strong>Dutch National Ballet Academy<\/strong><\/a>&nbsp;in Amsterdam is delighted to reward a talented student by offering an <a title=\"Stage International d'\u00e9t\u00e9\" href=\"https:\/\/www.atd.ahk.nl\/opleidingen-dans\/nationale-balletacademie\/summer-school\/\" target=\"_blank\" rel=\"noopener\"><strong>International Summer Training Course<\/strong><\/a> (dates depending on the age of the winner &#8211; excluding travel and accommodation)<\/p>\n<\/div>\n<\/div>\n\n\n\n<div class=\"wp-block-columns is-layout-flex wp-container-core-columns-is-layout-9d6595d7 wp-block-columns-is-layout-flex\">\n<div class=\"wp-block-column is-layout-flow wp-block-column-is-layout-flow\" style=\"flex-basis:33.33%\"><div class=\"wp-block-image\">\n<figure class=\"alignright size-full is-resized\"><a href=\"https:\/\/www.stagededanse.be\/\" target=\"_blank\" rel=\"noopener\"><img loading=\"lazy\" decoding=\"async\" width=\"500\" height=\"500\" src=\"https:\/\/www.prixdeshivernales.be\/wp-content\/uploads\/sites\/2\/2022\/01\/stage-de-danse.png\" alt=\"\" class=\"wp-image-623\" style=\"width:150px;height:150px\" srcset=\"https:\/\/www.prixdeshivernales.be\/wp-content\/uploads\/sites\/2\/2022\/01\/stage-de-danse.png 500w, https:\/\/www.prixdeshivernales.be\/wp-content\/uploads\/sites\/2\/2022\/01\/stage-de-danse-200x200.png 200w\" sizes=\"auto, (max-width: 500px) 100vw, 500px\" \/><\/a><\/figure>\n<\/div><\/div>\n\n\n\n<div class=\"wp-block-column is-layout-flow wp-block-column-is-layout-flow\" style=\"flex-basis:66.66%\">\n<p><meta charset=\"utf-8\"><strong><a href=\"https:\/\/www.stagededanse.be\/\" target=\"_blank\" rel=\"noreferrer noopener\">Stage de Danse asbl<\/a><\/strong> will offer unlimited access to the <strong><a href=\"https:\/\/www.facebook.com\/events\/642892076765783\" target=\"_blank\" rel=\"noreferrer noopener\">18th Stage International d&#8217;\u00e9t\u00e9 de Danse in Li\u00e8ge<\/a><\/strong>&nbsp;from 24 to 31 July 2022.<\/p>\n<\/div>\n<\/div>\n\n\n\n<div class=\"wp-block-columns is-layout-flex wp-container-core-columns-is-layout-9d6595d7 wp-block-columns-is-layout-flex\">\n<div class=\"wp-block-column is-layout-flow wp-block-column-is-layout-flow\" style=\"flex-basis:33.33%\"><div class=\"wp-block-image\">\n<figure class=\"alignright size-full is-resized\"><a href=\"https:\/\/grandstagededansedeparis.danse75.fr\/\" target=\"_blank\" rel=\"noopener\"><img loading=\"lazy\" decoding=\"async\" width=\"1200\" height=\"1201\" src=\"https:\/\/www.prixdeshivernales.be\/wp-content\/uploads\/sites\/2\/2022\/02\/le-grand-stage-de-paris.jpg\" alt=\"\" class=\"wp-image-791\" style=\"width:150px;height:150px\" srcset=\"https:\/\/www.prixdeshivernales.be\/wp-content\/uploads\/sites\/2\/2022\/02\/le-grand-stage-de-paris.jpg 1200w, https:\/\/www.prixdeshivernales.be\/wp-content\/uploads\/sites\/2\/2022\/02\/le-grand-stage-de-paris-500x500.jpg 500w, https:\/\/www.prixdeshivernales.be\/wp-content\/uploads\/sites\/2\/2022\/02\/le-grand-stage-de-paris-200x200.jpg 200w, https:\/\/www.prixdeshivernales.be\/wp-content\/uploads\/sites\/2\/2022\/02\/le-grand-stage-de-paris-768x769.jpg 768w\" sizes=\"auto, (max-width: 1200px) 100vw, 1200px\" \/><\/a><\/figure>\n<\/div><\/div>\n\n\n\n<div class=\"wp-block-column is-layout-flow wp-block-column-is-layout-flow\" style=\"flex-basis:66.66%\">\n<p>One of the finalists will have the chance to win access to the very prestigious <strong><a href=\"https:\/\/grandstagededansedeparis.danse75.fr\/\" target=\"_blank\" rel=\"noreferrer noopener\">Grand Stage de Paris<\/a><\/strong> organised by Andrey Klemm<\/p>\n<\/div>\n<\/div>\n\n\n\n<div class=\"wp-block-columns is-layout-flex wp-container-core-columns-is-layout-9d6595d7 wp-block-columns-is-layout-flex\">\n<div class=\"wp-block-column is-layout-flow wp-block-column-is-layout-flow\" style=\"flex-basis:33.33%\"><div class=\"wp-block-image\">\n<figure class=\"alignright size-full is-resized\"><a href=\"https:\/\/www.provincedeliege.be\/fr\/culture\" target=\"_blank\" rel=\"noopener\"><img loading=\"lazy\" decoding=\"async\" width=\"546\" height=\"333\" src=\"https:\/\/www.prixdeshivernales.be\/wp-content\/uploads\/sites\/2\/2022\/08\/Province-de-Liege.png\" alt=\"\" class=\"wp-image-925\" style=\"width:150px;height:92px\" srcset=\"https:\/\/www.prixdeshivernales.be\/wp-content\/uploads\/sites\/2\/2022\/08\/Province-de-Liege.png 546w, https:\/\/www.prixdeshivernales.be\/wp-content\/uploads\/sites\/2\/2022\/08\/Province-de-Liege-500x305.png 500w\" sizes=\"auto, (max-width: 546px) 100vw, 546px\" \/><\/a><\/figure>\n<\/div><\/div>\n\n\n\n<div class=\"wp-block-column is-layout-flow wp-block-column-is-layout-flow\" style=\"flex-basis:66.66%\">\n<p>The <strong><a href=\"https:\/\/www.provincedeliege.be\/fr\/culture\" target=\"_blank\" rel=\"noreferrer noopener\">Province of Li\u00e8ge Culture<\/a><\/strong>, represented by Mrs Anna Ozanne on the day of the final, will offert a cheque for \u20ac1000 to one of the winners.<\/p>\n<\/div>\n<\/div>\n\n\n\n<div class=\"wp-block-columns is-layout-flex wp-container-core-columns-is-layout-9d6595d7 wp-block-columns-is-layout-flex\">\n<div class=\"wp-block-column is-layout-flow wp-block-column-is-layout-flow\" style=\"flex-basis:33.33%\"><div class=\"wp-block-image\">\n<figure class=\"alignright size-full is-resized\"><a href=\"https:\/\/be.puressentiel.com\/\" target=\"_blank\" rel=\"noopener\"><img loading=\"lazy\" decoding=\"async\" width=\"800\" height=\"341\" src=\"https:\/\/www.prixdeshivernales.be\/wp-content\/uploads\/sites\/2\/2022\/08\/Puressentiel.png\" alt=\"\" class=\"wp-image-928\" style=\"width:150px;height:64px\" srcset=\"https:\/\/www.prixdeshivernales.be\/wp-content\/uploads\/sites\/2\/2022\/08\/Puressentiel.png 800w, https:\/\/www.prixdeshivernales.be\/wp-content\/uploads\/sites\/2\/2022\/08\/Puressentiel-500x213.png 500w, https:\/\/www.prixdeshivernales.be\/wp-content\/uploads\/sites\/2\/2022\/08\/Puressentiel-768x327.png 768w\" sizes=\"auto, (max-width: 800px) 100vw, 800px\" \/><\/a><\/figure>\n<\/div><\/div>\n\n\n\n<div class=\"wp-block-column is-layout-flow wp-block-column-is-layout-flow\" style=\"flex-basis:66.66%\">\n<p><strong><a href=\"https:\/\/be.puressentiel.com\/\" target=\"_blank\" rel=\"noreferrer noopener\">Puressentiel Benelux<\/a><\/strong>&nbsp;Li\u00e8ge will offer a large gift bag of Puressentiel products to the 2 Grand Prix of this first edition.<\/p>\n<\/div>\n<\/div>\n\n\n\n<div class=\"wp-block-columns is-layout-flex wp-container-core-columns-is-layout-9d6595d7 wp-block-columns-is-layout-flex\">\n<div class=\"wp-block-column is-layout-flow wp-block-column-is-layout-flow\" style=\"flex-basis:33.33%\"><div class=\"wp-block-image\">\n<figure class=\"alignright size-full is-resized\"><img loading=\"lazy\" decoding=\"async\" width=\"800\" height=\"766\" src=\"https:\/\/www.prixdeshivernales.be\/wp-content\/uploads\/sites\/2\/2022\/03\/opera-ballet-vlanderen.jpg\" alt=\"\" class=\"wp-image-805\" style=\"width:150px;height:144px\" srcset=\"https:\/\/www.prixdeshivernales.be\/wp-content\/uploads\/sites\/2\/2022\/03\/opera-ballet-vlanderen.jpg 800w, https:\/\/www.prixdeshivernales.be\/wp-content\/uploads\/sites\/2\/2022\/03\/opera-ballet-vlanderen-500x479.jpg 500w, https:\/\/www.prixdeshivernales.be\/wp-content\/uploads\/sites\/2\/2022\/03\/opera-ballet-vlanderen-768x735.jpg 768w\" sizes=\"auto, (max-width: 800px) 100vw, 800px\" \/><\/figure>\n<\/div><\/div>\n\n\n\n<div class=\"wp-block-column is-layout-flow wp-block-column-is-layout-flow\" style=\"flex-basis:66.66%\">\n<p>Opera Ballet Vlaanderen, Artistic Director: Jan Vandenhouwe, Ballet Artistic Director: Sidi Larbi Cherkaoui, Ballet Manager : Stephan Laks will offer a one-week introduction into the company. The winner will have the exclusive opportunity to participate in the daily class and to observe and take part in various rehearsals with the company.<\/p>\n<\/div>\n<\/div>\n\n\n\n<div class=\"wp-block-columns is-layout-flex wp-container-core-columns-is-layout-9d6595d7 wp-block-columns-is-layout-flex\">\n<div class=\"wp-block-column is-layout-flow wp-block-column-is-layout-flow\" style=\"flex-basis:33.33%\"><div class=\"wp-block-image\">\n<figure class=\"alignright size-large is-resized\"><img loading=\"lazy\" decoding=\"async\" width=\"1200\" height=\"800\" src=\"https:\/\/www.prixdeshivernales.be\/wp-content\/uploads\/sites\/2\/2022\/01\/1641544957109-1200x800.jpg\" alt=\"\" class=\"wp-image-633\" style=\"width:150px;height:100px\" srcset=\"https:\/\/www.prixdeshivernales.be\/wp-content\/uploads\/sites\/2\/2022\/01\/1641544957109-1200x800.jpg 1200w, https:\/\/www.prixdeshivernales.be\/wp-content\/uploads\/sites\/2\/2022\/01\/1641544957109-500x333.jpg 500w, https:\/\/www.prixdeshivernales.be\/wp-content\/uploads\/sites\/2\/2022\/01\/1641544957109-768x512.jpg 768w, https:\/\/www.prixdeshivernales.be\/wp-content\/uploads\/sites\/2\/2022\/01\/1641544957109-1536x1024.jpg 1536w, https:\/\/www.prixdeshivernales.be\/wp-content\/uploads\/sites\/2\/2022\/01\/1641544957109.jpg 1620w\" sizes=\"auto, (max-width: 1200px) 100vw, 1200px\" \/><\/figure>\n<\/div><\/div>\n\n\n\n<div class=\"wp-block-column is-layout-flow wp-block-column-is-layout-flow\" style=\"flex-basis:66.66%\">\n<p><meta charset=\"utf-8\"><strong><a href=\"https:\/\/www.stagededanse.be\/\" target=\"_blank\" rel=\"noreferrer noopener\"><meta charset=\"utf-8\"><\/a><\/strong>To immortalise your moments on the Hivernales stage, there is only one name: <strong><a href=\"https:\/\/www.stagededanse.be\/\" target=\"_blank\" rel=\"noreferrer noopener\"><strong><\/strong><\/a><strong><a href=\"http:\/\/www.xavdlp.com\/\" target=\"_blank\" rel=\"noreferrer noopener\">Xavier Pironet<\/a><\/strong>.<\/strong><\/p>\n<\/div>\n<\/div>\n\n\n\n<div class=\"wp-block-columns is-layout-flex wp-container-core-columns-is-layout-9d6595d7 wp-block-columns-is-layout-flex\">\n<div class=\"wp-block-column is-layout-flow wp-block-column-is-layout-flow\" style=\"flex-basis:33.33%\"><div class=\"wp-block-image\">\n<figure class=\"alignright size-full is-resized\"><a href=\"http:\/\/www.start-invest.be\/Appel-a-projets-Rayonnement-Wallonie-2eme-edition\" target=\"_blank\" rel=\"noopener\"><img loading=\"lazy\" decoding=\"async\" width=\"1080\" height=\"1080\" src=\"https:\/\/www.prixdeshivernales.be\/wp-content\/uploads\/sites\/2\/2021\/10\/RayonnementWallonie_Logo_OK1.jpg\" alt=\"\" class=\"wp-image-262\" style=\"width:150px;height:150px\" srcset=\"https:\/\/www.prixdeshivernales.be\/wp-content\/uploads\/sites\/2\/2021\/10\/RayonnementWallonie_Logo_OK1.jpg 1080w, https:\/\/www.prixdeshivernales.be\/wp-content\/uploads\/sites\/2\/2021\/10\/RayonnementWallonie_Logo_OK1-500x500.jpg 500w, https:\/\/www.prixdeshivernales.be\/wp-content\/uploads\/sites\/2\/2021\/10\/RayonnementWallonie_Logo_OK1-200x200.jpg 200w, https:\/\/www.prixdeshivernales.be\/wp-content\/uploads\/sites\/2\/2021\/10\/RayonnementWallonie_Logo_OK1-768x768.jpg 768w\" sizes=\"auto, (max-width: 1080px) 100vw, 1080px\" \/><\/a><\/figure>\n<\/div><\/div>\n\n\n\n<div class=\"wp-block-column is-layout-flow wp-block-column-is-layout-flow\" style=\"flex-basis:66.66%\">\n<p>The scholarship is financially supported by <strong><a href=\"http:\/\/www.start-invest.be\/Appel-a-projets-Rayonnement-Wallonie-2eme-edition\" target=\"_blank\" rel=\"noreferrer noopener\">Rayonnement Wallonie<\/a><\/strong>, a <strong><a href=\"https:\/\/gouvernement.wallonie.be\/home.html\" target=\"_blank\" rel=\"noreferrer noopener\">Walloon Government<\/a><\/strong> initiative, operated by <strong><a href=\"http:\/\/www.start-invest.be\/\" target=\"_blank\" rel=\"noreferrer noopener\">St\u2019art sa<\/a><\/strong>.<\/p>\n\n\n<div class=\"wp-block-image\">\n<figure class=\"alignleft size-large is-resized\"><a href=\"https:\/\/gouvernement.wallonie.be\/home.html\" target=\"_blank\" rel=\"noopener\"><img loading=\"lazy\" decoding=\"async\" width=\"929\" height=\"1200\" src=\"https:\/\/www.prixdeshivernales.be\/wp-content\/uploads\/sites\/2\/2021\/10\/Region-Wallonne_Logo_OK1-929x1200.jpg\" alt=\"\" class=\"wp-image-411\" style=\"width:155px;height:200px\" srcset=\"https:\/\/www.prixdeshivernales.be\/wp-content\/uploads\/sites\/2\/2021\/10\/Region-Wallonne_Logo_OK1-929x1200.jpg 929w, https:\/\/www.prixdeshivernales.be\/wp-content\/uploads\/sites\/2\/2021\/10\/Region-Wallonne_Logo_OK1-387x500.jpg 387w, https:\/\/www.prixdeshivernales.be\/wp-content\/uploads\/sites\/2\/2021\/10\/Region-Wallonne_Logo_OK1-768x992.jpg 768w, https:\/\/www.prixdeshivernales.be\/wp-content\/uploads\/sites\/2\/2021\/10\/Region-Wallonne_Logo_OK1-1189x1536.jpg 1189w, https:\/\/www.prixdeshivernales.be\/wp-content\/uploads\/sites\/2\/2021\/10\/Region-Wallonne_Logo_OK1.jpg 1417w\" sizes=\"auto, (max-width: 929px) 100vw, 929px\" \/><\/a><\/figure>\n<\/div>\n\n\n<figure class=\"wp-block-image size-large is-resized\"><a href=\"http:\/\/www.start-invest.be\/\" target=\"_blank\" rel=\"noopener\"><img loading=\"lazy\" decoding=\"async\" width=\"1200\" height=\"848\" src=\"https:\/\/www.prixdeshivernales.be\/wp-content\/uploads\/sites\/2\/2021\/10\/START-Logo-OK1-1-1200x848.jpg\" alt=\"\" class=\"wp-image-412\" style=\"width:283px;height:200px\" srcset=\"https:\/\/www.prixdeshivernales.be\/wp-content\/uploads\/sites\/2\/2021\/10\/START-Logo-OK1-1-1200x848.jpg 1200w, https:\/\/www.prixdeshivernales.be\/wp-content\/uploads\/sites\/2\/2021\/10\/START-Logo-OK1-1-500x353.jpg 500w, https:\/\/www.prixdeshivernales.be\/wp-content\/uploads\/sites\/2\/2021\/10\/START-Logo-OK1-1-768x543.jpg 768w, https:\/\/www.prixdeshivernales.be\/wp-content\/uploads\/sites\/2\/2021\/10\/START-Logo-OK1-1-1536x1086.jpg 1536w, https:\/\/www.prixdeshivernales.be\/wp-content\/uploads\/sites\/2\/2021\/10\/START-Logo-OK1-1-2048x1448.jpg 2048w\" sizes=\"auto, (max-width: 1200px) 100vw, 1200px\" \/><\/a><\/figure>\n<\/div>\n<\/div>\n","protected":false},"excerpt":{"rendered":"<p>Guidance, sharing, caring, education, excellence\u2026&nbsp;Prix des Hivernales&nbsp;primary mission is to support young talents in their training and enable (&#8230;)<\/p>\n<p><a class=\"btn btn-kovimo-news\" href=\"https:\/\/www.prixdeshivernales.be\/en\/partners\/\">En savoir plus<\/a><\/p>\n","protected":false},"author":1,"featured_media":407,"parent":0,"menu_order":6,"comment_status":"closed","ping_status":"closed","template":"","meta":{"_acf_changed":false,"footnotes":""},"class_list":["post-461","page","type-page","status-publish","has-post-thumbnail","hentry"],"acf":[],"yoast_head":"<!-- This site is optimized with the Yoast SEO plugin v27.4 - https:\/\/yoast.com\/product\/yoast-seo-wordpress\/ -->\n<title>Partners &#8212; Prix des Hivernales<\/title>\n<meta name=\"robots\" content=\"index, follow, max-snippet:-1, max-image-preview:large, max-video-preview:-1\" \/>\n<link rel=\"canonical\" href=\"https:\/\/www.prixdeshivernales.be\/en\/partners\/\" \/>\n<meta property=\"og:locale\" content=\"en_US\" \/>\n<meta property=\"og:type\" content=\"article\" \/>\n<meta property=\"og:title\" content=\"Partners &#8212; Prix des Hivernales\" \/>\n<meta property=\"og:description\" content=\"Guidance, sharing, caring, education, excellence\u2026&nbsp;Prix des Hivernales&nbsp;primary mission is to support young talents in their training and enable (...)En savoir plus\" \/>\n<meta property=\"og:url\" content=\"https:\/\/www.prixdeshivernales.be\/en\/partners\/\" \/>\n<meta property=\"og:site_name\" content=\"Prix des Hivernales\" \/>\n<meta property=\"article:modified_time\" content=\"2026-03-11T09:31:04+00:00\" \/>\n<meta property=\"og:image\" content=\"https:\/\/www.prixdeshivernales.be\/wp-content\/uploads\/sites\/2\/2021\/10\/PRIX-HIVERNALES_HEADER_1240x500_ok_V4.jpg\" \/>\n\t<meta property=\"og:image:width\" content=\"1240\" \/>\n\t<meta property=\"og:image:height\" content=\"500\" \/>\n\t<meta property=\"og:image:type\" content=\"image\/jpeg\" \/>\n<meta name=\"twitter:card\" content=\"summary_large_image\" \/>\n<meta name=\"twitter:label1\" content=\"Est. reading time\" \/>\n\t<meta name=\"twitter:data1\" content=\"4 minutes\" \/>\n<script type=\"application\/ld+json\" class=\"yoast-schema-graph\">{\"@context\":\"https:\\\/\\\/schema.org\",\"@graph\":[{\"@type\":\"WebPage\",\"@id\":\"https:\\\/\\\/www.prixdeshivernales.be\\\/en\\\/partners\\\/\",\"url\":\"https:\\\/\\\/www.prixdeshivernales.be\\\/en\\\/partners\\\/\",\"name\":\"Partners &#8212; Prix des Hivernales\",\"isPartOf\":{\"@id\":\"https:\\\/\\\/www.prixdeshivernales.be\\\/en\\\/#website\"},\"primaryImageOfPage\":{\"@id\":\"https:\\\/\\\/www.prixdeshivernales.be\\\/en\\\/partners\\\/#primaryimage\"},\"image\":{\"@id\":\"https:\\\/\\\/www.prixdeshivernales.be\\\/en\\\/partners\\\/#primaryimage\"},\"thumbnailUrl\":\"https:\\\/\\\/www.prixdeshivernales.be\\\/wp-content\\\/uploads\\\/sites\\\/2\\\/2021\\\/10\\\/PRIX-HIVERNALES_HEADER_1240x500_ok_V4.jpg\",\"datePublished\":\"2021-11-05T10:58:24+00:00\",\"dateModified\":\"2026-03-11T09:31:04+00:00\",\"breadcrumb\":{\"@id\":\"https:\\\/\\\/www.prixdeshivernales.be\\\/en\\\/partners\\\/#breadcrumb\"},\"inLanguage\":\"en-US\",\"potentialAction\":[{\"@type\":\"ReadAction\",\"target\":[\"https:\\\/\\\/www.prixdeshivernales.be\\\/en\\\/partners\\\/\"]}]},{\"@type\":\"ImageObject\",\"inLanguage\":\"en-US\",\"@id\":\"https:\\\/\\\/www.prixdeshivernales.be\\\/en\\\/partners\\\/#primaryimage\",\"url\":\"https:\\\/\\\/www.prixdeshivernales.be\\\/wp-content\\\/uploads\\\/sites\\\/2\\\/2021\\\/10\\\/PRIX-HIVERNALES_HEADER_1240x500_ok_V4.jpg\",\"contentUrl\":\"https:\\\/\\\/www.prixdeshivernales.be\\\/wp-content\\\/uploads\\\/sites\\\/2\\\/2021\\\/10\\\/PRIX-HIVERNALES_HEADER_1240x500_ok_V4.jpg\",\"width\":1240,\"height\":500},{\"@type\":\"BreadcrumbList\",\"@id\":\"https:\\\/\\\/www.prixdeshivernales.be\\\/en\\\/partners\\\/#breadcrumb\",\"itemListElement\":[{\"@type\":\"ListItem\",\"position\":1,\"name\":\"Home\",\"item\":\"https:\\\/\\\/www.prixdeshivernales.be\\\/en\\\/\"},{\"@type\":\"ListItem\",\"position\":2,\"name\":\"Partners\"}]},{\"@type\":\"WebSite\",\"@id\":\"https:\\\/\\\/www.prixdeshivernales.be\\\/en\\\/#website\",\"url\":\"https:\\\/\\\/www.prixdeshivernales.be\\\/en\\\/\",\"name\":\"Prix des Hivernales\",\"description\":\"International Ballet Competition\",\"potentialAction\":[{\"@type\":\"SearchAction\",\"target\":{\"@type\":\"EntryPoint\",\"urlTemplate\":\"https:\\\/\\\/www.prixdeshivernales.be\\\/en\\\/?s={search_term_string}\"},\"query-input\":{\"@type\":\"PropertyValueSpecification\",\"valueRequired\":true,\"valueName\":\"search_term_string\"}}],\"inLanguage\":\"en-US\"}]}<\/script>\n<!-- \/ Yoast SEO plugin. -->","yoast_head_json":{"title":"Partners &#8212; Prix des Hivernales","robots":{"index":"index","follow":"follow","max-snippet":"max-snippet:-1","max-image-preview":"max-image-preview:large","max-video-preview":"max-video-preview:-1"},"canonical":"https:\/\/www.prixdeshivernales.be\/en\/partners\/","og_locale":"en_US","og_type":"article","og_title":"Partners &#8212; Prix des Hivernales","og_description":"Guidance, sharing, caring, education, excellence\u2026&nbsp;Prix des Hivernales&nbsp;primary mission is to support young talents in their training and enable (...)En savoir plus","og_url":"https:\/\/www.prixdeshivernales.be\/en\/partners\/","og_site_name":"Prix des Hivernales","article_modified_time":"2026-03-11T09:31:04+00:00","og_image":[{"width":1240,"height":500,"url":"https:\/\/www.prixdeshivernales.be\/wp-content\/uploads\/sites\/2\/2021\/10\/PRIX-HIVERNALES_HEADER_1240x500_ok_V4.jpg","type":"image\/jpeg"}],"twitter_card":"summary_large_image","twitter_misc":{"Est. reading time":"4 minutes"},"schema":{"@context":"https:\/\/schema.org","@graph":[{"@type":"WebPage","@id":"https:\/\/www.prixdeshivernales.be\/en\/partners\/","url":"https:\/\/www.prixdeshivernales.be\/en\/partners\/","name":"Partners &#8212; Prix des Hivernales","isPartOf":{"@id":"https:\/\/www.prixdeshivernales.be\/en\/#website"},"primaryImageOfPage":{"@id":"https:\/\/www.prixdeshivernales.be\/en\/partners\/#primaryimage"},"image":{"@id":"https:\/\/www.prixdeshivernales.be\/en\/partners\/#primaryimage"},"thumbnailUrl":"https:\/\/www.prixdeshivernales.be\/wp-content\/uploads\/sites\/2\/2021\/10\/PRIX-HIVERNALES_HEADER_1240x500_ok_V4.jpg","datePublished":"2021-11-05T10:58:24+00:00","dateModified":"2026-03-11T09:31:04+00:00","breadcrumb":{"@id":"https:\/\/www.prixdeshivernales.be\/en\/partners\/#breadcrumb"},"inLanguage":"en-US","potentialAction":[{"@type":"ReadAction","target":["https:\/\/www.prixdeshivernales.be\/en\/partners\/"]}]},{"@type":"ImageObject","inLanguage":"en-US","@id":"https:\/\/www.prixdeshivernales.be\/en\/partners\/#primaryimage","url":"https:\/\/www.prixdeshivernales.be\/wp-content\/uploads\/sites\/2\/2021\/10\/PRIX-HIVERNALES_HEADER_1240x500_ok_V4.jpg","contentUrl":"https:\/\/www.prixdeshivernales.be\/wp-content\/uploads\/sites\/2\/2021\/10\/PRIX-HIVERNALES_HEADER_1240x500_ok_V4.jpg","width":1240,"height":500},{"@type":"BreadcrumbList","@id":"https:\/\/www.prixdeshivernales.be\/en\/partners\/#breadcrumb","itemListElement":[{"@type":"ListItem","position":1,"name":"Home","item":"https:\/\/www.prixdeshivernales.be\/en\/"},{"@type":"ListItem","position":2,"name":"Partners"}]},{"@type":"WebSite","@id":"https:\/\/www.prixdeshivernales.be\/en\/#website","url":"https:\/\/www.prixdeshivernales.be\/en\/","name":"Prix des Hivernales","description":"International Ballet Competition","potentialAction":[{"@type":"SearchAction","target":{"@type":"EntryPoint","urlTemplate":"https:\/\/www.prixdeshivernales.be\/en\/?s={search_term_string}"},"query-input":{"@type":"PropertyValueSpecification","valueRequired":true,"valueName":"search_term_string"}}],"inLanguage":"en-US"}]}},"_links":{"self":[{"href":"https:\/\/www.prixdeshivernales.be\/en\/wp-json\/wp\/v2\/pages\/461","targetHints":{"allow":["GET"]}}],"collection":[{"href":"https:\/\/www.prixdeshivernales.be\/en\/wp-json\/wp\/v2\/pages"}],"about":[{"href":"https:\/\/www.prixdeshivernales.be\/en\/wp-json\/wp\/v2\/types\/page"}],"author":[{"embeddable":true,"href":"https:\/\/www.prixdeshivernales.be\/en\/wp-json\/wp\/v2\/users\/1"}],"replies":[{"embeddable":true,"href":"https:\/\/www.prixdeshivernales.be\/en\/wp-json\/wp\/v2\/comments?post=461"}],"version-history":[{"count":3,"href":"https:\/\/www.prixdeshivernales.be\/en\/wp-json\/wp\/v2\/pages\/461\/revisions"}],"predecessor-version":[{"id":3077,"href":"https:\/\/www.prixdeshivernales.be\/en\/wp-json\/wp\/v2\/pages\/461\/revisions\/3077"}],"wp:featuredmedia":[{"embeddable":true,"href":"https:\/\/www.prixdeshivernales.be\/en\/wp-json\/wp\/v2\/media\/407"}],"wp:attachment":[{"href":"https:\/\/www.prixdeshivernales.be\/en\/wp-json\/wp\/v2\/media?parent=461"}],"curies":[{"name":"wp","href":"https:\/\/api.w.org\/{rel}","templated":true}]}}